{"id":542,"date":"2016-04-01T12:31:50","date_gmt":"2016-04-01T12:31:50","guid":{"rendered":"http:\/\/yoursite.com\/demo\/?page_id=542"},"modified":"2026-04-27T12:05:37","modified_gmt":"2026-04-27T15:05:37","slug":"homepage-medical","status":"publish","type":"page","link":"https:\/\/maratondemendoza.com\/2026\/","title":{"rendered":"Homepage Medical"},"content":{"rendered":"<div class=\"wpb-content-wrapper\"><p>[vc_row full_height=\u00bbyes\u00bb row_type=\u00bbfull_width\u00bb type=\u00bbcontainer\u00bb bg_select=\u00bbbg_video\u00bb video_mute=\u00bb1&#8243; video_lazy_load=\u00bb1&#8243; video_play_mobile=\u00bb1&#8243; mp4_url=\u00bbhttps:\/\/maratondemendoza.com\/2026\/wp-content\/uploads\/2025\/12\/landing.mp4&#8243; anchor=\u00bbinicio\u00bb video_overlay=\u00bb#153244CC\u00bb video_lazy_offset=\u00bb500&#8243;][vc_column][vc_empty_space height=\u00bb240px\u00bb][\/vc_column][vc_column]<div class=\"wbc-heading clearfix\"><h2 class=\"special-heading-2 xs-responsive-text-35 sm-responsive-text-45\" style=\"font-size:65px;line-height:65px;color:#FFFFFF;\">MARAT\u00d3N INTERNACIONAL DE MENDOZA<\/h2><\/div>[\/vc_column][vc_column][vc_column_text css=\u00bb.vc_custom_1764172300983{margin-bottom: 15px !important;}\u00bb]<\/p>\n<div class=\"wbc-heading clearfix\">\n<div class=\"default-heading\" style=\"text-align: justify;\"><span style=\"color: #ffffff;\">\u00a1Bienvenidos a la experiencia de vivir la Marat\u00f3n Internacional de Mendoza!<\/span><\/div>\n<\/div>\n<p>[\/vc_column_text][vc_column_text css=\u00bb.vc_custom_1764172309683{margin-bottom: 15px !important;}\u00bb]<\/p>\n<div class=\"wbc-heading clearfix\">\n<div class=\"default-heading\" style=\"text-align: justify;\"><span style=\"color: #ffffff;\">La Marat\u00f3n Internacional de Mendoza 2026 te invita a vivir una experiencia \u00fanica el pr\u00f3ximo 3 de mayo.<\/span><\/div>\n<\/div>\n<p>[\/vc_column_text][vc_column_text css=\u00bb.vc_custom_1764172316447{margin-bottom: 15px !important;}\u00bb]<\/p>\n<div class=\"wbc-heading clearfix\">\n<div class=\"default-heading\">\n<div class=\"wbc-heading clearfix\">\n<div class=\"default-heading\" style=\"text-align: justify;\"><span style=\"color: #ffffff;\">Al igual que los grandes maratones del mundo, recorre importantes puntos de atracci\u00f3n tur\u00edstica. La competencia se desarrollar\u00e1 en un marco espectacular: paisajes entre monta\u00f1as, recorrido junto al r\u00edo Mendoza, a la vera de los vi\u00f1edos de Luj\u00e1n de Cuyo y bajo una magn\u00edfica arboleda, teniendo como tel\u00f3n de fondo la cordillera de los Andes.<\/span><\/div>\n<\/div>\n<\/div>\n<\/div>\n<p>[\/vc_column_text][vc_column_text css=\u00bb.vc_custom_1764172321817{margin-bottom: 15px !important;}\u00bb]<\/p>\n<div class=\"wbc-heading clearfix\">\n<div class=\"default-heading\">\n<div class=\"wbc-heading clearfix\">\n<div class=\"default-heading\">\n<div class=\"wbc-heading clearfix\" style=\"text-align: justify;\"><span style=\"color: #ffffff;\">Con distancias para todos los niveles, la MIM se ha convertido en un cl\u00e1sico del calendario sudamericano, ofreciendo a cada corredor la oportunidad de disfrutar tanto del desaf\u00edo deportivo como de la riqueza natural y cultural de la regi\u00f3n.<\/span><\/div>\n<\/div>\n<\/div>\n<\/div>\n<\/div>\n<p>[\/vc_column_text][vc_column_text css=\u00bb.vc_custom_1764172328545{margin-bottom: 20px !important;}\u00bb]<\/p>\n<div class=\"wbc-heading clearfix\">\n<div class=\"default-heading\">\n<div class=\"wbc-heading clearfix\">\n<div class=\"default-heading\">\n<div class=\"wbc-heading clearfix\">\n<div class=\"wbc-heading clearfix\" style=\"text-align: justify;\"><\/div>\n<div class=\"wbc-heading clearfix\" style=\"text-align: justify;\">\n<div><span style=\"color: #ffffff;\">\u00a1Viv\u00ed la experiencia, Corr\u00e9 Mendoza!<\/span><\/div>\n<\/div>\n<div class=\"wbc-heading clearfix\">\n<div style=\"text-align: left;\"><\/div>\n<\/div>\n<\/div>\n<\/div>\n<\/div>\n<\/div>\n<\/div>\n<p>[\/vc_column_text]<div style=\"text-align:left\"><a style=\"font-size:15px;width:250px;margin-bottom:10px;margin-right:7.5px;padding-bottom:15px;padding-top:15px;\" class=\"wbc-button button btn-primary scrollable no-hover\" href=\"#informacion\" target=\"_self\"  >DESCUBR\u00cd LA EXPERIENCIA<\/a><\/div>[\/vc_column][\/vc_row][vc_row row_type=\u00bbfull_width\u00bb type=\u00bbfull_screen\u00bb anchor=\u00bbinformacion\u00bb][vc_column width=\u00bb1\/3&#8243; parallax_repeat=\u00bbcover\u00bb bg_color=\u00bb#153244&#8243; parallax_img=\u00bb2762&#8243; p_top=\u00bb75&#8243; p_bottom=\u00bb75&#8243; font_color=\u00bb#ffffff\u00bb p_left=\u00bb12%\u00bb p_right=\u00bb12%\u00bb color_overlay=\u00bbrgba(21,50,68,0.79)\u00bb]<div class=\"wbc-heading clearfix\"><h3 class=\"special-heading-1\" style=\"font-size:25px;color:#ffffff;text-align:center;margin-bottom:0px;\">MIM 2026<\/h3><\/div><div class=\"wbc-heading clearfix\"><h2 class=\"special-heading-2 xs-responsive-text-45\" style=\"font-size:35px;line-height:35px;color:#ffffff;text-align:center;margin-bottom:25px;\">3 MAYO 2026<\/h2><\/div>[vc_row_inner][vc_column_inner width=\u00bb1\/2&#8243;][vc_column_text]42K[\/vc_column_text][\/vc_column_inner][vc_column_inner width=\u00bb1\/2&#8243;][vc_column_text css=\u00bb\u00bb]<\/p>\n<p style=\"text-align: right;\">Largada <strong>8:00am<\/strong><\/p>\n<p>[\/vc_column_text][\/vc_column_inner][vc_column_inner]<hr class=\"wbc-hr\" style=\"background-color:rgba(255,255,255,0.25);height:1px;margin-top:-18px;\" \/>[\/vc_column_inner][vc_column_inner width=\u00bb1\/2&#8243;][vc_column_text]21K[\/vc_column_text][\/vc_column_inner][vc_column_inner width=\u00bb1\/2&#8243;][vc_column_text css=\u00bb\u00bb]<\/p>\n<p style=\"text-align: right;\">Largada <strong>8:00am<\/strong><\/p>\n<p>[\/vc_column_text][\/vc_column_inner][vc_column_inner]<hr class=\"wbc-hr\" style=\"background-color:rgba(255,255,255,0.25);height:1px;margin-top:-18px;\" \/>[\/vc_column_inner][vc_column_inner width=\u00bb1\/2&#8243;][vc_column_text]10K[\/vc_column_text][\/vc_column_inner][vc_column_inner width=\u00bb1\/2&#8243;][vc_column_text css=\u00bb\u00bb]<\/p>\n<p style=\"text-align: right;\">Largada <strong>8:00am<\/strong><\/p>\n<p>[\/vc_column_text][\/vc_column_inner][vc_column_inner]<hr class=\"wbc-hr\" style=\"background-color:rgba(255,255,255,0.25);height:1px;margin-top:-18px;\" \/>[\/vc_column_inner][vc_column_inner width=\u00bb1\/2&#8243;][vc_column_text]4K[\/vc_column_text][\/vc_column_inner][vc_column_inner width=\u00bb1\/2&#8243;][vc_column_text css=\u00bb\u00bb]<\/p>\n<p style=\"text-align: right;\">Largada <strong>11:30 am<\/strong><\/p>\n<p>[\/vc_column_text][\/vc_column_inner][vc_column_inner]<hr class=\"wbc-hr\" style=\"background-color:rgba(255,255,255,0.25);height:1px;margin-top:-18px;\" \/>[vc_empty_space height=\u00bb200px\u00bb][\/vc_column_inner][\/vc_row_inner][\/vc_column][vc_column width=\u00bb1\/3&#8243; parallax_repeat=\u00bbcover\u00bb bg_image_postions=\u00bbcenter center\u00bb content_align=\u00bbtext-center\u00bb bg_color=\u00bb#1267e6&#8243; p_top=\u00bb75&#8243; p_bottom=\u00bb75&#8243; p_left=\u00bb12%\u00bb p_right=\u00bb12%\u00bb font_color=\u00bb#ffffff\u00bb parallax_img=\u00bb2706&#8243; color_overlay=\u00bbrgba(18,103,230,0.81)\u00bb]<div class=\"wbc-heading clearfix\"><h3 class=\"special-heading-1\" style=\"font-size:25px;color:#ffffff;text-align:center;margin-bottom:0px;\">MIM 2026<\/h3><\/div><div class=\"wbc-heading clearfix\"><h2 class=\"special-heading-2 xs-responsive-text-45\" style=\"font-size:35px;line-height:35px;color:#ffffff;text-align:center;margin-bottom:25px;\">LARGADAS<\/h2><\/div>[vc_column_text]<strong>42K<\/strong>\u00a0Puente Cacheuta[\/vc_column_text]<hr class=\"wbc-hr\" style=\"background-color:rgba(255,255,255,0.25);height:1px;margin-top:-10px;\" \/>[vc_column_text]<strong>21K<\/strong>\u00a0Barrio Portal Vistalba[\/vc_column_text]<hr class=\"wbc-hr\" style=\"background-color:rgba(255,255,255,0.25);height:1px;margin-top:-10px;\" \/>[vc_column_text css=\u00bb\u00bb]<strong>10K<\/strong> Rotonda Palmares Valley[\/vc_column_text]<hr class=\"wbc-hr\" style=\"background-color:rgba(255,255,255,0.25);height:1px;margin-top:-10px;\" \/>[vc_column_text]<strong>4K<\/strong> Parque General San Martin[\/vc_column_text]<hr class=\"wbc-hr\" style=\"background-color:rgba(255,255,255,0.25);height:1px;margin-top:-10px;\" \/>[vc_column_text]<b>Llegadas: <\/b>Parque General San Mart\u00edn[\/vc_column_text]<hr class=\"wbc-hr\" style=\"background-color:rgba(255,255,255,0.25);height:1px;margin-top:-10px;\" \/><a style=\"font-size:15px;width:180px;margin-bottom:10px;margin-right:7.5px;padding-bottom:15px;padding-top:15px;\" class=\"wbc-button button btn-primary scrollable no-hover\" href=\"#circuitos\" target=\"_self\"  >VER CIRCUITOS<\/a>[\/vc_column][vc_column width=\u00bb1\/3&#8243; parallax_repeat=\u00bbcover\u00bb bg_image_postions=\u00bbcenter center\u00bb content_align=\u00bbtext-center\u00bb bg_color=\u00bb#86bcfc\u00bb p_top=\u00bb75&#8243; p_bottom=\u00bb75&#8243; p_left=\u00bb12%\u00bb p_right=\u00bb12%\u00bb font_color=\u00bb#ffffff\u00bb parallax_img=\u00bb2705&#8243; color_overlay=\u00bb#4F97EDC7&#8243;]<div class=\"wbc-heading clearfix\"><h3 class=\"special-heading-1\" style=\"font-size:25px;color:#ffffff;text-align:center;margin-bottom:0px;\">EXPO MIM 2026<\/h3><\/div><div class=\"wbc-heading clearfix\"><h2 class=\"special-heading-2 xs-responsive-text-45\" style=\"font-size:35px;line-height:35px;color:#ffffff;text-align:center;margin-bottom:25px;\">RETIRO DE KITS<\/h2><\/div>[vc_column_text]Nave Cultural, Las Cubas 201, Ciudad de Mendoza[\/vc_column_text]<hr class=\"wbc-hr\" style=\"background-color:rgba(255,255,255,0.25);height:1px;margin-top:-10px;\" \/>[vc_column_text css=\u00bb\u00bb]Viernes 1 de Mayo<br \/>\n11:00hs a 19:00hs<\/p>\n<p>S\u00e1bado 2 de Mayo<br \/>\n9:00hs a 17:00hs[\/vc_column_text]<hr class=\"wbc-hr\" style=\"background-color:rgba(255,255,255,0.25);height:1px;margin-top:-18px;\" \/><a style=\"font-size:15px;width:180px;margin-bottom:10px;margin-right:7.5px;padding-bottom:15px;padding-top:15px;\" class=\"wbc-button button btn-primary scrollable no-hover\" href=\"#retirokit\" target=\"_self\"  >VER DOCUMENTACI\u00d3N<\/a><hr class=\"wbc-hr\" style=\"background-color:rgba(255,255,255,0.25);height:1px;margin-top:10px;\" \/>[\/vc_column][\/vc_row][vc_row row_type=\u00bbfull_width\u00bb type=\u00bbcontainer\u00bb bg_select=\u00bbbg_color_section\u00bb p_top=\u00bb30&#8243; bg_color=\u00bb#ffffff\u00bb][vc_column content_align=\u00bbtext-center\u00bb p_bottom=\u00bb50&#8243;][vc_single_image image=\u00bb2797&#8243; img_size=\u00bb\u00bb alignment=\u00bbcenter\u00bb css=\u00bb.vc_custom_1764172564072{margin-top: 15px !important;padding-bottom: 15px !important;}\u00bb]<div class=\"wbc-heading clearfix\"><h3 class=\"special-heading-2\" style=\"font-size:35px;line-height:35px;text-align:center;margin-bottom:15px;\">UNA EXPERIENCIA INOLVIDABLE<\/h3><\/div>[\/vc_column][vc_column width=\u00bb1\/3&#8243; content_align=\u00bbtext-center\u00bb p_bottom=\u00bb30&#8243;][vc_single_image image=\u00bb2721&#8243; alignment=\u00bbcenter\u00bb style=\u00bbvc_box_circle_2&#8243; css=\u00bb\u00bb]<div class=\"wbc-heading clearfix\"><h3 class=\"special-heading-2\" style=\"font-size:20px;margin-bottom:15px;margin-top:15px;\">Historia<\/h3><\/div>[vc_column_text css=\u00bb\u00bb]<\/p>\n<p style=\"text-align: justify;\">Desde su primera edici\u00f3n en 1999, la <strong>Marat\u00f3n Internacional de Mendoza<\/strong> se ha consolidado como una de las competencias m\u00e1s destacadas de Sudam\u00e9rica, atrayendo cada a\u00f1o a corredores de distintos lugares del mundo.<\/p>\n<p style=\"text-align: justify;\">El circuito es uno de los grandes atractivos del evento: inicia en el emblem\u00e1tico <strong>Puente Colgante de Cacheuta<\/strong> y culmina en los imponentes portones del <strong>Parque General San Mart\u00edn<\/strong>, en la ciudad de Mendoza.<\/p>\n<p style=\"text-align: justify;\">A lo largo de los <strong>42 kil\u00f3metros<\/strong>, los participantes atraviesan escenarios \u00fanicos que combinan monta\u00f1as, r\u00edos y vi\u00f1edos, ofreciendo una experiencia deportiva rodeada de la belleza natural de la regi\u00f3n.<\/p>\n<p>[\/vc_column_text][\/vc_column][vc_column width=\u00bb1\/3&#8243; content_align=\u00bbtext-center\u00bb p_bottom=\u00bb30&#8243;][vc_single_image image=\u00bb2722&#8243; alignment=\u00bbcenter\u00bb style=\u00bbvc_box_circle_2&#8243; css=\u00bb\u00bb]<div class=\"wbc-heading clearfix\"><h3 class=\"special-heading-2\" style=\"font-size:20px;margin-bottom:15px;margin-top:15px;\">Distancias<\/h3><\/div>[vc_column_text css=\u00bb\u00bb]<\/p>\n<p style=\"text-align: justify;\">La <strong>Marat\u00f3n Internacional de Mendoza 2026<\/strong> propone diferentes distancias pensadas para cada tipo de corredor: el desaf\u00edo completo de <strong>42K<\/strong>, la cl\u00e1sica <strong>media marat\u00f3n de 21K<\/strong>, adem\u00e1s de opciones m\u00e1s accesibles como los <strong>10K<\/strong> y los <strong>4K<\/strong>.<\/p>\n<p style=\"text-align: justify;\">Gracias a esta diversidad, tanto atletas con experiencia como quienes reci\u00e9n comienzan pueden ser parte de la competencia y disfrutar del recorrido.<\/p>\n<p style=\"text-align: justify;\">El evento tambi\u00e9n contempla <strong>categor\u00edas especiales<\/strong> que integran distintos grupos de edad y capacidades, reforzando su esp\u00edritu inclusivo y el objetivo de convocar a toda la comunidad mendocina y visitantes.<\/p>\n<p>[\/vc_column_text][\/vc_column][vc_column width=\u00bb1\/3&#8243; content_align=\u00bbtext-center\u00bb][vc_single_image image=\u00bb2724&#8243; alignment=\u00bbcenter\u00bb style=\u00bbvc_box_circle_2&#8243; css=\u00bb\u00bb]<div class=\"wbc-heading clearfix\"><h3 class=\"special-heading-2\" style=\"font-size:20px;margin-bottom:15px;margin-top:15px;\">Experiencia Tur\u00edstica<\/h3><\/div>[vc_column_text css=\u00bb\u00bb]<\/p>\n<p style=\"text-align: justify;\">Participar en la <strong>Marat\u00f3n Internacional de Mendoza<\/strong> es tambi\u00e9n una oportunidad para sumergirse en la rica cultura y gastronom\u00eda de la regi\u00f3n. Mendoza es famosa por sus vinos de clase mundial, y muchos corredores aprovechan la ocasi\u00f3n para visitar bodegas y degustar vinos locales.<\/p>\n<p style=\"text-align: justify;\">La ciudad tambi\u00e9n ofrece una amplia gama de actividades tur\u00edsticas, desde visitas a parques naturales hasta exploraciones urbanas en el centro hist\u00f3rico. Adem\u00e1s, los paisajes de la cordillera y la hospitalidad mendocina convierten cada visita en una experiencia inolvidable. Quienes llegan para correr descubren que Mendoza no solo es un destino deportivo, sino tambi\u00e9n un lugar para disfrutar, relajarse y conectar con su esencia \u00fanica.<\/p>\n<p>[\/vc_column_text][\/vc_column][vc_column content_align=\u00bbtext-center\u00bb][vc_row_inner css=\u00bb.vc_custom_1701116615992{padding-top: 30px !important;padding-bottom: 30px !important;}\u00bb][vc_column_inner width=\u00bb1\/3&#8243;]<div style=\"text-align:center\"><a style=\"font-size:15px;width:250px;margin-bottom:10px;margin-right:7.5px;padding-bottom:15px;padding-top:15px;\" class=\"wbc-button button btn-primary scrollable no-hover\" href=\"https:\/\/atresult.com\/evento\/1034\" target=\"_blank\"  >CLASIFICACI\u00d3N 2026<\/a><\/div>[\/vc_column_inner][vc_column_inner width=\u00bb1\/3&#8243;]<div style=\"text-align:center\"><a style=\"font-size:15px;width:250px;margin-bottom:10px;margin-right:7.5px;padding-bottom:15px;padding-top:15px;\" class=\"wbc-button button btn-primary scrollable no-hover\" href=\"https:\/\/docs.google.com\/document\/d\/e\/2PACX-1vS1-Gr4ota2sk6CgH0YGchiqnELe6EWKsj2vFOY92ifJQC62m2DbNH-8hdGTPloRQ\/pub\" target=\"_blank\"  >VER REGLAMENTO MIM 2026<\/a><\/div>[\/vc_column_inner][vc_column_inner width=\u00bb1\/3&#8243;]<div style=\"text-align:center\"><a style=\"font-size:15px;width:250px;margin-bottom:10px;margin-right:7.5px;padding-bottom:15px;padding-top:15px;\" class=\"wbc-button button btn-primary scrollable no-hover\" href=\"#retirokit\" target=\"_blank\"  >EXPO MIM 2026<\/a><\/div>[\/vc_column_inner][vc_column_inner]<div class=\"wbc-heading clearfix\"><div class=\"default-heading\" style=\"font-size:10px;text-align:center;margin-bottom:35px;margin-right:auto;margin-top:10px;margin-left:auto;padding-top:30px;\">Este sitio traduce autom\u00e1ticamente los textos al idioma detectado seg\u00fan el navegador del usuario, y podr\u00eda tener inexactitudes respecto al texto original en espa\u00f1ol.<\/div><\/div>[\/vc_column_inner][\/vc_row_inner][\/vc_column][\/vc_row][vc_row row_type=\u00bbfull_width\u00bb type=\u00bbfull_screen\u00bb bg_select=\u00bbbg_parallax\u00bb parallax_speed=\u00bb0&#8243; parallax_repeat=\u00bbno-repeat\u00bb bg_image_postions=\u00bbcenter top\u00bb bg_color=\u00bb#ffffff\u00bb anchor=\u00bbabout\u00bb][vc_column parallax_repeat=\u00bbrepeat\u00bb bg_image_postions=\u00bbcenter top\u00bb content_align=\u00bbtext-center\u00bb parallax_img=\u00bb2298&#8243; p_top=\u00bb200&#8243; p_bottom=\u00bb110&#8243;][\/vc_column][\/vc_row][vc_row row_type=\u00bbfull_width\u00bb type=\u00bbfull_screen\u00bb bg_select=\u00bbbg_parallax\u00bb parallax_speed=\u00bb0&#8243; parallax_repeat=\u00bbcover\u00bb bg_image_postions=\u00bbcenter center\u00bb parallax_img=\u00bb2708&#8243; font_color=\u00bb#ffffff\u00bb p_top=\u00bb100&#8243; p_bottom=\u00bb100&#8243; parallax_overlay=\u00bbrgba(21,50,68,0.81)\u00bb][vc_column content_align=\u00bbtext-center\u00bb]<div class=\"wbc-heading clearfix\"><h3 class=\"special-heading-2\" style=\"font-size:40px;line-height:40px;color:#ffffff;margin-bottom:50px;\">LA ANTERIOR EDICI\u00d3N EN N\u00daMEROS<\/h3><\/div>[\/vc_column][vc_column width=\u00bb1\/4&#8243; content_align=\u00bbtext-center\u00bb]<div class=\"wbc-icon-wrapper\" style=\"margin-top:30px;\"><span class=\"wbc-icon\" style=\"font-size:40px;\"><i class=\"wbc-font-icon fas fa-running\"><\/i><\/span><\/div><div class=\"wbc-countup-wrapper special-heading-2\" style=\"font-size:60px;color:#1267e6;margin-bottom:5px;\"><span class=\"wbc-countup count-start\"  data-to=\"10156\" data-speed=\"2000\" data-refresh-interval=\"10\" >0<\/span><\/div><div class=\"wbc-heading clearfix\"><div class=\"special-heading-1\" style=\"font-size:20px;color:#ffffff;text-align:center;\">CORREDORES<\/div><\/div>[\/vc_column][vc_column width=\u00bb1\/4&#8243; content_align=\u00bbtext-center\u00bb]<div class=\"wbc-icon-wrapper\" style=\"margin-top:30px;\"><span class=\"wbc-icon\" style=\"font-size:40px;\"><i class=\"wbc-font-icon fas fa-flag\"><\/i><\/span><\/div><div class=\"wbc-countup-wrapper special-heading-2\" style=\"font-size:60px;color:#1267e6;margin-bottom:5px;\"><span class=\"wbc-countup count-start\"  data-to=\"4631\" data-speed=\"2000\" data-refresh-interval=\"10\" >0<\/span><\/div><div class=\"wbc-heading clearfix\"><div class=\"special-heading-1\" style=\"font-size:20px;color:#ffffff;text-align:center;\">EXTRANJEROS<\/div><\/div>[\/vc_column][vc_column width=\u00bb1\/4&#8243; content_align=\u00bbtext-center\u00bb]<div class=\"wbc-icon-wrapper\" style=\"margin-top:30px;\"><span class=\"wbc-icon\" style=\"font-size:40px;\"><i class=\"wbc-font-icon fas fa-globe-americas\"><\/i><\/span><\/div><div class=\"wbc-countup-wrapper special-heading-2\" style=\"font-size:60px;color:#1267e6;margin-bottom:5px;\"><span class=\"wbc-countup count-start\"  data-to=\"23\" data-speed=\"2000\" data-refresh-interval=\"10\" >0<\/span><\/div><div class=\"wbc-heading clearfix\"><div class=\"special-heading-1\" style=\"font-size:20px;color:#ffffff;text-align:center;\">PAISES<\/div><\/div>[\/vc_column][vc_column width=\u00bb1\/4&#8243; content_align=\u00bbtext-center\u00bb]<div class=\"wbc-icon-wrapper\" style=\"margin-top:30px;\"><span class=\"wbc-icon\" style=\"font-size:40px;\"><i class=\"wbc-font-icon fas fa-road\"><\/i><\/span><\/div><div class=\"wbc-countup-wrapper special-heading-2\" style=\"font-size:60px;color:#1267e6;margin-bottom:5px;\"><span class=\"wbc-countup count-start\"  data-to=\"172\" data-speed=\"2000\" data-refresh-interval=\"10\" >0<\/span>mil<\/div><div class=\"wbc-heading clearfix\"><div class=\"special-heading-1\" style=\"font-size:20px;color:#ffffff;text-align:center;\">KILOMETROS CORRIDOS<\/div><\/div>[\/vc_column][\/vc_row][vc_row row_type=\u00bbfull_width\u00bb type=\u00bbcontainer\u00bb bg_select=\u00bbbg_color_section\u00bb p_top=\u00bb80&#8243; bg_color=\u00bb#FBFBFB\u00bb anchor=\u00bbretirokit\u00bb p_bottom=\u00bb30&#8243;][vc_column][vc_row_inner][vc_column_inner width=\u00bb1\/6&#8243;][vc_single_image image=\u00bb2807&#8243; img_size=\u00bb\u00bb css=\u00bb.vc_custom_1764172480147{margin-top: 0px !important;margin-bottom: 0px !important;}\u00bb][\/vc_column_inner][vc_column_inner width=\u00bb5\/6&#8243;]<div class=\"wbc-heading clearfix\"><div class=\"special-heading-1\" style=\"font-size:25px;color:#1267e6;margin-bottom:0px;padding-bottom:-10px;\">ACREDITACIONES<\/div><\/div><div class=\"wbc-heading clearfix\"><h3 class=\"special-heading-2\" style=\"font-size:60px;margin-bottom:15px;margin-top:-10px;padding-top:0px;\">EXPO MIM 2026<\/h3><\/div>[\/vc_column_inner][\/vc_row_inner][\/vc_column][vc_column width=\u00bb1\/2&#8243; content_align=\u00bbtext-left\u00bb p_bottom=\u00bb0&#8243; m_bottom=\u00bb0&#8243;]<div class=\"wbc-heading clearfix\"><div class=\"special-heading-1\" style=\"font-size:25px;color:#1267e6;margin-bottom:0px;margin-top:30px;\">LUGAR Y FECHAS<\/div><\/div><div class=\"wbc-heading clearfix\"><div class=\"special-heading-2\" style=\"font-size:17px;margin-bottom:15px;margin-right:auto;margin-left:auto;max-width:740px;\">Nave Cultural, Las Cubas 201, Ciudad de Mendoza<\/div><\/div>[vc_row_inner][vc_column_inner width=\u00bb1\/2&#8243;][vc_column_text css=\u00bb.vc_custom_1764850795031{padding-bottom: -20px !important;}\u00bb]<span style=\"font-size: 17px;\">Viernes 1 de Mayo<\/span><br \/>\n<span style=\"font-size: 17px;\">11:00hs a 18:00hs<\/span>[\/vc_column_text][\/vc_column_inner][vc_column_inner width=\u00bb1\/2&#8243;][vc_column_text css=\u00bb.vc_custom_1764850805335{padding-bottom: -20px !important;}\u00bb]<span style=\"font-size: 17px;\">S\u00e1bado 2 de Mayo<\/span><br \/>\n<span style=\"font-size: 17px;\">9:00hs a 16:00hs<\/span>[\/vc_column_text][\/vc_column_inner][\/vc_row_inner]<div class=\"wbc-heading clearfix\"><div class=\"special-heading-1\" style=\"font-size:25px;color:#1267e6;\">DOCUMENTACI\u00d3N<\/div><\/div>[vc_row_inner css=\u00bb.vc_custom_1745848572165{margin-top: 0px !important;border-top-width: 0px !important;padding-top: 15px !important;}\u00bb][vc_column_inner width=\u00bb1\/2&#8243;]<div class=\"wbc-heading clearfix\"><h3 class=\"special-heading-2\" style=\"font-size:18px;line-height:40px;\">RETIRADO POR TITULAR<\/h3><\/div>[vc_column_text]\u2013\u00a0<a href=\"https:\/\/eventick.com.ar\/micuenta\/\" target=\"_blank\" rel=\"noopener\">Eventick Pass<\/a><br \/>\n\u2013\u00a0<a href=\"https:\/\/eventick.com.ar\/micuenta\/Eventick_aptomedico.pdf\" target=\"_blank\" rel=\"noopener\">Apto m\u00e9dico<\/a>\u00a0en tu\u00a0<a href=\"https:\/\/eventick.com.ar\/micuenta\/\" target=\"_blank\" rel=\"noopener\">Cuenta Eventick<\/a><br \/>\n\u2013 DNI \/ Pasaporte[\/vc_column_text][\/vc_column_inner][vc_column_inner width=\u00bb1\/2&#8243;]<div class=\"wbc-heading clearfix\"><h3 class=\"special-heading-2\" style=\"font-size:18px;line-height:40px;\">RETIRADO POR TERCERO<\/h3><\/div>[vc_column_text css=\u00bb\u00bb]\u2013\u00a0<a href=\"https:\/\/eventick.com.ar\/micuenta\/\" target=\"_blank\" rel=\"noopener\">Eventick Pass<\/a><br \/>\n\u2013\u00a0<a href=\"https:\/\/eventick.com.ar\/micuenta\/Eventick_aptomedico.pdf\" target=\"_blank\" rel=\"noopener\">Apto m\u00e9dico<\/a>\u00a0en tu\u00a0<a href=\"https:\/\/eventick.com.ar\/micuenta\/\" target=\"_blank\" rel=\"noopener\">Cuenta Eventick<\/a><br \/>\n\u2013 DNI del titular copia impresa<br \/>\n\u2013 DNI de quien retira copia impresa[\/vc_column_text][\/vc_column_inner][\/vc_row_inner]<div class=\"wbc-heading clearfix\"><h3 class=\"special-heading-2\" style=\"font-size:18px;line-height:40px;margin-top:0px;\">APTO M\u00c9DICO Y FIRMA DIGITAL<\/h3><\/div>[vc_column_text css=\u00bb.vc_custom_1713552046220{padding-bottom: -20px !important;}\u00bb]El apto m\u00e9dico tiene una vigencia de 1 a\u00f1o a partir de la fecha en que te realizas el estudio. <strong>Es obligatorio.<\/strong><\/p>\n<p>Si no lo hiciste anteriormente, pod\u00e9s cargar el apto ingresando en tu\u00a0<strong><a href=\"https:\/\/eventick.com.ar\/micuenta\/\" target=\"_blank\" rel=\"noopener\">Cuenta Eventick<\/a>\u00a0<\/strong>&gt; secci\u00f3n\u00a0<strong>Documentaci\u00f3n<\/strong><\/p>\n<hr \/>\n<p><strong>FIRMA DIGITAL<\/strong>: Para descargar tu Eventick Pass, deber\u00e1s realizar tu firma digital. La misma debe coincidir con la del DNI\/Pasaporte declarado. Validaremos tu firma cuando te acredites en el evento.[\/vc_column_text][\/vc_column][vc_column width=\u00bb1\/2&#8243;][vc_row_inner css=\u00bb.vc_custom_1728930041179{padding-top: 40px !important;padding-bottom: 40px !important;}\u00bb][vc_column_inner width=\u00bb1\/2&#8243; css=\u00bb.vc_custom_1701107666340{padding-top: 30px !important;}\u00bb]<div style=\"text-align:center\"><a style=\"font-size:15px;width:230px;margin-bottom:10px;margin-right:7.5px;padding-bottom:15px;padding-top:15px;\" class=\"wbc-button button btn-primary scrollable no-hover\" href=\"https:\/\/eventick.com.ar\/micuenta\/Eventick_aptomedico.pdf\" target=\"_blank\"  >MODELO DE APTO M\u00c9DICO<\/a><\/div>[\/vc_column_inner][vc_column_inner width=\u00bb1\/2&#8243; css=\u00bb.vc_custom_1701107671995{padding-top: 30px !important;}\u00bb]<div style=\"text-align:center\"><a style=\"font-size:15px;width:230px;margin-bottom:10px;margin-right:7.5px;padding-bottom:15px;padding-top:15px;\" class=\"wbc-button button btn-primary scrollable no-hover\" href=\"https:\/\/eventick.com.ar\/micuenta\/\" target=\"_blank\"  >EVENTICK PASS<\/a><\/div>[\/vc_column_inner][\/vc_row_inner][vc_gmaps link=\u00bb#E-8_JTNDaWZyYW1lJTIwc3JjJTNEJTIyaHR0cHMlM0ElMkYlMkZ3d3cuZ29vZ2xlLmNvbSUyRm1hcHMlMkZlbWJlZCUzRnBiJTNEJTIxMW0xOCUyMTFtMTIlMjExbTMlMjExZDI2ODA2LjAxMDMxMjc4MzEyNCUyMTJkLTY4Ljg2MjAyMjQ0MzMyMzY1JTIxM2QtMzIuODc4Mjk5MyUyMTJtMyUyMTFmMCUyMTJmMCUyMTNmMCUyMTNtMiUyMTFpMTAyNCUyMTJpNzY4JTIxNGYxMy4xJTIxM20zJTIxMW0yJTIxMXMweDk2N2UwOGUxNjc3Y2ZiN2YlMjUzQTB4Nzg1N2NlZWU1MjExMzFmOCUyMTJzTmF2ZSUyNTIwQ3VsdHVyYWwlMjE1ZTAlMjEzbTIlMjExc2VzLTQxOSUyMTJzYXIlMjE0djE3MDExMjMzODY4NjIlMjE1bTIlMjExc2VzLTQxOSUyMTJzYXIlMjIlMjB3aWR0aCUzRCUyMjYwMCUyMiUyMGhlaWdodCUzRCUyMjQ1MCUyMiUyMHN0eWxlJTNEJTIyYm9yZGVyJTNBMCUzQiUyMiUyMGFsbG93ZnVsbHNjcmVlbiUzRCUyMiUyMiUyMGxvYWRpbmclM0QlMjJsYXp5JTIyJTIwcmVmZXJyZXJwb2xpY3klM0QlMjJuby1yZWZlcnJlci13aGVuLWRvd25ncmFkZSUyMiUzRSUzQyUyRmlmcmFtZSUzRQ==\u00bb css=\u00bb\u00bb][\/vc_column][\/vc_row][vc_row row_type=\u00bbfull_width\u00bb type=\u00bbfull_screen\u00bb bg_select=\u00bbbg_parallax\u00bb parallax_speed=\u00bb0&#8243; bg_image_postions=\u00bbcenter center\u00bb parallax_img=\u00bb2715&#8243; font_color=\u00bb#ffffff\u00bb p_top=\u00bb150&#8243; p_bottom=\u00bb150&#8243; parallax_overlay=\u00bbrgba(21,50,68,0.79)\u00bb][vc_column content_align=\u00bbtext-center\u00bb][vc_single_image image=\u00bb2798&#8243; img_size=\u00bbfull\u00bb alignment=\u00bbcenter\u00bb css=\u00bb\u00bb]<div class=\"wbc-heading clearfix\"><h3 class=\"special-heading-2\" style=\"font-size:40px;line-height:40px;color:#ffffff;margin-top:20px;\">MARAT\u00d3N INTERNACIONAL DE MENDOZA<\/h3><\/div><div class=\"wbc-heading clearfix\"><h3 class=\"special-heading-2\" style=\"font-size:40px;line-height:40px;color:#ffffff;margin-bottom:50px;\">1999 - 2026<\/h3><\/div>[\/vc_column][\/vc_row][vc_row row_type=\u00bbfull_width\u00bb type=\u00bbcontainer\u00bb bg_select=\u00bbbg_parallax\u00bb parallax_speed=\u00bb0&#8243; p_top=\u00bb30&#8243; bg_color=\u00bb#ffffff\u00bb anchor=\u00bbkit\u00bb][vc_column width=\u00bb1\/2&#8243; offset=\u00bbvc_hidden-sm vc_hidden-xs\u00bb][vc_empty_space height=\u00bb30&#8243;][vc_row_inner][vc_column_inner width=\u00bb2\/3&#8243;][vc_single_image image=\u00bb1998&#8243; img_size=\u00bblarge\u00bb]<div class=\"wbc-heading clearfix\"><h3 class=\"special-heading-2\" style=\"font-size:50px;line-height:40px;margin-bottom:15px;\">KIT MIM <span class=\"wbc-color\" >2026<\/span><\/h3><\/div>[\/vc_column_inner][vc_column_inner width=\u00bb1\/3&#8243;][\/vc_column_inner][\/vc_row_inner]<div class=\"wbc-heading clearfix\"><div class=\"default-heading\" style=\"font-size:16px;margin-bottom:10px;margin-right:auto;margin-top:10px;margin-left:auto;max-width:740px;\">La remera oficial ASICS de la MIM2026 llega en un vibrante color rojo, evocando la energ\u00eda y la pasi\u00f3n que caracteriza a cada corredor. Este tono tambi\u00e9n refleja los intensos colores del oto\u00f1o mendocino, cuando los vi\u00f1edos y las arboledas se ti\u00f1en de matices c\u00e1lidos bajo la presencia majestuosa de la cordillera de los Andes.<\/div><\/div><div class=\"wbc-heading clearfix\"><div class=\"default-heading\" style=\"font-size:16px;margin-bottom:20px;margin-right:auto;margin-top:10px;margin-left:auto;max-width:740px;\">El kit ofrece una amplia variedad de talles unisex, pensados para que cada participante pueda disfrutar de la comodidad y el estilo en una prenda dise\u00f1ada especialmente para acompa\u00f1ar la experiencia de la Marat\u00f3n Internacional de Mendoza.<\/div><\/div>[vc_single_image image=\u00bb2863&#8243; img_size=\u00bbfull\u00bb alignment=\u00bbright\u00bb css_animation=\u00bbfadeIn\u00bb css=\u00bb.vc_custom_1770124901481{padding-top: 20px !important;}\u00bb][\/vc_column][vc_column width=\u00bb1\/2&#8243; content_align=\u00bbtext-center\u00bb offset=\u00bbvc_hidden-sm vc_hidden-xs\u00bb][vc_empty_space height=\u00bb100&#8243;][vc_single_image image=\u00bb2812&#8243; img_size=\u00bbfull\u00bb alignment=\u00bbright\u00bb css_animation=\u00bbfadeIn\u00bb css=\u00bb.vc_custom_1764171723787{padding-top: 20px !important;}\u00bb][vc_tta_accordion active_section=\u00bb2&#8243; collapsible_all=\u00bbtrue\u00bb][vc_tta_section title=\u00bbGU\u00cdA DE TALLES\u00bb tab_id=\u00bb1701111027037-5e46adc9-6ef6&#8243;][vc_single_image image=\u00bb2162&#8243; img_size=\u00bbfull\u00bb][\/vc_tta_section][\/vc_tta_accordion][\/vc_column][vc_column width=\u00bb1\/2&#8243; offset=\u00bbvc_hidden-sm vc_hidden-xs\u00bb][vc_cta h2=\u00bbGrab\u00e1 tu medalla\u00bb txt_align=\u00bbjustify\u00bb add_button=\u00bbright\u00bb btn_title=\u00bbVer m\u00e1s\u00bb btn_i_icon_fontawesome=\u00bbfas fa-medal\u00bb css=\u00bb\u00bb btn_add_icon=\u00bbtrue\u00bb btn_link=\u00bburl:%231727376894837-6c540866-3782&#8243;]Sum\u00e1 a tu inscripci\u00f3n el grabado de tu medalla de la Marat\u00f3n Internacional de Mendoza 2026 con tu tiempo.[\/vc_cta][\/vc_column][vc_column width=\u00bb1\/2&#8243; offset=\u00bbvc_hidden-sm vc_hidden-xs\u00bb][vc_cta h2=\u00bbEstamp\u00e1 tu remera\u00bb txt_align=\u00bbjustify\u00bb add_button=\u00bbright\u00bb btn_title=\u00bbVer m\u00e1s\u00bb btn_i_type=\u00bblinecons\u00bb btn_i_icon_linecons=\u00bbvc_li vc_li-t-shirt\u00bb css=\u00bb\u00bb btn_add_icon=\u00bbtrue\u00bb btn_link=\u00bburl:%231727377066587-1bc4aa45-a174&#8243;]<span style=\"font-size: 14px;\">\u00a1Ahora pod\u00e9s estampar el dorso de tu remera MIM26 con tu nombre o apodo! Sumalo a tu inscripci\u00f3n y podr\u00e1s estamparlo en la Expo MIM los d\u00edas 1 y 2 de Mayo 2026<\/span>[\/vc_cta][\/vc_column][\/vc_row][vc_row row_type=\u00bbfull_width\u00bb type=\u00bbcontainer\u00bb bg_select=\u00bbbg_color_section\u00bb p_top=\u00bb30&#8243; bg_color=\u00bb#ffffff\u00bb anchor=\u00bbkit\u00bb][vc_column offset=\u00bbvc_hidden-lg vc_hidden-md\u00bb][vc_empty_space height=\u00bb30&#8243;][vc_single_image image=\u00bb1998&#8243; img_size=\u00bblarge\u00bb alignment=\u00bbcenter\u00bb css=\u00bb\u00bb]<div class=\"wbc-heading clearfix\"><h3 class=\"special-heading-2\" style=\"font-size:50px;line-height:40px;text-align:center;margin-bottom:15px;\">KIT MIM <span class=\"wbc-color\" >2026<\/span><\/h3><\/div><div class=\"wbc-heading clearfix\"><div class=\"default-heading\" style=\"font-size:16px;margin-bottom:10px;margin-right:auto;margin-top:10px;margin-left:auto;max-width:740px;\">La remera oficial ASICS de la MIM2026 llega en un vibrante color rojo, evocando la energ\u00eda y la pasi\u00f3n que caracteriza a cada corredor. Este tono tambi\u00e9n refleja los intensos colores del oto\u00f1o mendocino, cuando los vi\u00f1edos y las arboledas se ti\u00f1en de matices c\u00e1lidos bajo la presencia majestuosa de la cordillera de los Andes.<\/div><\/div><div class=\"wbc-heading clearfix\"><div class=\"default-heading\" style=\"font-size:16px;margin-bottom:20px;margin-right:auto;margin-top:10px;margin-left:auto;max-width:740px;\">El kit ofrece una amplia variedad de talles unisex, pensados para que cada participante pueda disfrutar de la comodidad y el estilo en una prenda dise\u00f1ada especialmente para acompa\u00f1ar la experiencia de la Marat\u00f3n Internacional de Mendoza.<\/div><\/div>[vc_single_image image=\u00bb2812&#8243; img_size=\u00bbfull\u00bb alignment=\u00bbcenter\u00bb css_animation=\u00bbfadeIn\u00bb css=\u00bb.vc_custom_1764171785695{padding-top: 20px !important;}\u00bb][vc_tta_accordion active_section=\u00bb2&#8243; collapsible_all=\u00bbtrue\u00bb][vc_tta_section title=\u00bbGU\u00cdA DE TALLES\u00bb tab_id=\u00bb1701287192762-7a4f2ce5-adf3&#8243;][vc_single_image image=\u00bb2053&#8243; img_size=\u00bbfull\u00bb][\/vc_tta_section][\/vc_tta_accordion][vc_cta h2=\u00bbEstamp\u00e1 tu remera\u00bb txt_align=\u00bbjustify\u00bb add_button=\u00bbright\u00bb btn_title=\u00bbVer m\u00e1s\u00bb btn_i_type=\u00bblinecons\u00bb btn_i_icon_linecons=\u00bbvc_li vc_li-t-shirt\u00bb css=\u00bb\u00bb btn_add_icon=\u00bbtrue\u00bb btn_link=\u00bburl:%231727377066587-1bc4aa45-a174&#8243;]<span style=\"font-size: 14px;\">\u00a1Ahora pod\u00e9s estampar el dorso de tu remera MIM25 con tu nombre o apodo! Sumalo a tu inscripci\u00f3n y podr\u00e1s estamparlo en la Expo MIM los d\u00edas 1 y 2 de Mayo 2026<\/span>[\/vc_cta][vc_single_image image=\u00bb2863&#8243; img_size=\u00bbfull\u00bb alignment=\u00bbcenter\u00bb css_animation=\u00bbfadeIn\u00bb css=\u00bb.vc_custom_1770124914267{padding-top: 20px !important;}\u00bb][vc_cta h2=\u00bbGrab\u00e1 tu medalla\u00bb txt_align=\u00bbjustify\u00bb add_button=\u00bbright\u00bb btn_title=\u00bbVer m\u00e1s\u00bb btn_i_icon_fontawesome=\u00bbfas fa-medal\u00bb css=\u00bb\u00bb btn_add_icon=\u00bbtrue\u00bb btn_link=\u00bburl:%231727376894837-6c540866-3782&#8243;]Sum\u00e1 a tu inscripci\u00f3n el grabado de tu medalla de la Marat\u00f3n Internacional de Mendoza 2026 con tu tiempo.[\/vc_cta][vc_empty_space height=\u00bb50&#8243;][\/vc_column][\/vc_row][vc_row row_type=\u00bbfull_width\u00bb type=\u00bbfull_screen\u00bb bg_select=\u00bbbg_parallax\u00bb parallax_speed=\u00bb0&#8243; parallax_img=\u00bb2717&#8243; font_color=\u00bb#ffffff\u00bb anchor=\u00bbopcionales\u00bb parallax_overlay=\u00bbrgba(21,50,68,0.91)\u00bb][vc_column p_top=\u00bb100&#8243; p_bottom=\u00bb100&#8243; p_left=\u00bb4%\u00bb p_right=\u00bb4%\u00bb]<div class=\"wbc-heading clearfix\"><div class=\"special-heading-2\" style=\"font-size:25px;color:#ffffff;text-align:center;margin-bottom:-5px;\">MIM 2026<\/div><\/div><div class=\"wbc-heading clearfix\"><h3 class=\"special-heading-2\" style=\"font-size:40px;line-height:40px;color:#ffffff;text-align:center;margin-bottom:15px;\">OPCIONALES<\/h3><\/div><div class=\"wbc-heading clearfix\"><div class=\"default-heading\" style=\"font-size:16px;text-align:center;margin-bottom:35px;margin-right:auto;margin-top:10px;margin-left:auto;max-width:740px;\">Al adquirir tu inscripci\u00f3n pod\u00e9s agregar manera opcional y adicional alguno de los siguientes servicios pensados exclusivamente para vos<\/div><\/div>[vc_tta_tour style=\u00bboutline\u00bb color=\u00bbwhite\u00bb spacing=\u00bb\u00bb active_section=\u00bb1&#8243; pagination_style=\u00bboutline-round\u00bb css=\u00bb.vc_custom_1727378358997{padding-right: 10% !important;padding-left: 10% !important;}\u00bb][vc_tta_section i_icon_fontawesome=\u00bbfas fa-tshirt\u00bb add_icon=\u00bbtrue\u00bb title=\u00bbREMERA FINISHER\u00bb tab_id=\u00bb1701955637745-ef29a14c-af8d\u00bb][vc_row_inner css=\u00bb.vc_custom_1701956100134{margin-top: 0px !important;border-top-width: 0px !important;padding-top: 0px !important;}\u00bb][vc_column_inner width=\u00bb1\/2&#8243; css=\u00bb.vc_custom_1701956092129{margin-top: 0px !important;border-top-width: 0px !important;padding-top: 0px !important;}\u00bb]<div class=\"wbc-heading clearfix\"><h3 class=\"special-heading-2\" style=\"font-size:30px;line-height:40px;color:#ffffff;text-align:left;margin-bottom:15px;\">REMERA FINISHER<\/h3><\/div>[vc_column_text css=\u00bb\u00bb]<\/p>\n<p style=\"text-align: justify;\">Adquir\u00ed a tarifa exclusiva la Remera Finisher <strong>edici\u00f3n limitada MIM2026<\/strong>, para que tengas el recuerdo de tu experiencia de la Marat\u00f3n Internacional de Mendoza. La remera es manga corta y con embolsado ecol\u00f3gico.<\/p>\n<p style=\"text-align: justify;\">\u00a1Stock limitado!<\/p>\n<p style=\"text-align: justify;\">Adquirilo al inscribirte o luego desde tu Cuenta Eventick &gt; Modificaciones &gt; Agregar productos y servicios<\/p>\n<p>[\/vc_column_text][\/vc_column_inner][vc_column_inner width=\u00bb1\/2&#8243;][vc_single_image image=\u00bb2814&#8243; img_size=\u00bbfull\u00bb css=\u00bb\u00bb][\/vc_column_inner][\/vc_row_inner][vc_column_text css=\u00bb\u00bb]<\/p>\n<p style=\"text-align: justify;\"><span style=\"font-size: 10px;\">Los valores se muestran en la ticketera y son expresados en pesos argentinos disponible hasta cambio de fecha o agotar lote sin previo aviso + Costo de servicio de ticketera. Extranjeros se cobra en pesos argentinos, consulte con su banco o tarjeta la tasa de conversi\u00f3n a su moneda local. Todas las im\u00e1genes son ilustrativas y est\u00e1n sujetas a cambios, modificaciones de colores y dise\u00f1os sin previo aviso. Cambios y modificaciones en la compra, posterior al pago podr\u00edan tener costos adicionales por parte de la ticketera. Consulte el reglamento del evento para m\u00e1s informaci\u00f3n en maratondemendoza.com<\/span><\/p>\n<p><span style=\"font-size: 10px;\">Este sitio traduce autom\u00e1ticamente los textos al idioma detectado seg\u00fan el navegador del usuario, y podr\u00eda tener inexactitudes respecto al texto original en espa\u00f1ol.<\/span>[\/vc_column_text][\/vc_tta_section][vc_tta_section i_icon_fontawesome=\u00bbfas fa-wine-glass-alt\u00bb add_icon=\u00bbtrue\u00bb title=\u00bbCENA MIM Wine &amp; Dinner\u00bb tab_id=\u00bb1727377251114-e0198d90-1584&#8243;][vc_row_inner][vc_column_inner width=\u00bb2\/3&#8243;]<div class=\"wbc-heading clearfix\"><h3 class=\"special-heading-2\" style=\"font-size:30px;line-height:40px;color:#ffffff;text-align:left;margin-bottom:15px;\">Cena MIM Wine &amp; Dinner<\/h3><\/div>[vc_column_text css=\u00bb\u00bb]La Cena Wine &amp; Dinner MIM 2026 ser\u00e1 una noche \u00fanica e inolvidable, donde los asistentes podr\u00e1n disfrutar del video oficial en pantalla gigante, acompa\u00f1ados de exquisitos vinos y una propuesta gastron\u00f3mica de primer nivel, con m\u00fasica y baile para celebrar juntos.<\/p>\n<p>El encuentro tendr\u00e1 lugar en la Nave Cultural el 3 de mayo de 2026, de 19:00 a 23:00 hs. <strong>\u00a1No te pierdas el inicio, te esperamos desde las 19:00 hs!<\/strong><\/p>\n<ul>\n<li>Vino Tinto<\/li>\n<li>Vino Blanco,<\/li>\n<li>Champagne y\/o espumantes<\/li>\n<li>Jugos y gaseosas<\/li>\n<li>Variedad de tapeos y degustaciones<\/li>\n<\/ul>\n<p>&nbsp;<\/p>\n<p>Adquirilo al inscribirte o luego desde tu Cuenta Eventick &gt; Modificaciones &gt; Agregar productos y servicios[\/vc_column_text][\/vc_column_inner][vc_column_inner width=\u00bb1\/3&#8243;][vc_single_image image=\u00bb2832&#8243; img_size=\u00bblarge\u00bb alignment=\u00bbcenter\u00bb style=\u00bbvc_box_shadow_3d\u00bb css=\u00bb\u00bb][\/vc_column_inner][\/vc_row_inner][vc_column_text css=\u00bb\u00bb]<\/p>\n<p style=\"text-align: justify;\"><span style=\"font-size: 10px;\">Los valores se muestran en la ticketera y son expresados en pesos argentinos disponible hasta cambio de fecha o agotar lote sin previo aviso + Costo de servicio de ticketera. Extranjeros se cobra en pesos argentinos, consulte con su banco o tarjeta la tasa de conversi\u00f3n a su moneda local. Todas las im\u00e1genes son ilustrativas y est\u00e1n sujetas a cambios, modificaciones de colores y dise\u00f1os sin previo aviso. Cambios y modificaciones en la compra, posterior al pago podr\u00edan tener costos adicionales por parte de la ticketera. Consulte el reglamento del evento para m\u00e1s informaci\u00f3n en maratondemendoza.com<\/span><\/p>\n<p><span style=\"font-size: 10px;\">Este sitio traduce autom\u00e1ticamente los textos al idioma detectado seg\u00fan el navegador del usuario, y podr\u00eda tener inexactitudes respecto al texto original en espa\u00f1ol.<\/span>[\/vc_column_text][\/vc_tta_section][vc_tta_section i_icon_fontawesome=\u00bbfas fa-medal\u00bb add_icon=\u00bbtrue\u00bb title=\u00bbGRABADO DE MEDALLA\u00bb tab_id=\u00bb1727376894837-6c540866-3782&#8243;][vc_row_inner][vc_column_inner width=\u00bb2\/3&#8243;]<div class=\"wbc-heading clearfix\"><h3 class=\"special-heading-2\" style=\"font-size:30px;line-height:40px;color:#ffffff;text-align:left;margin-bottom:15px;\">GRABADO DE MEDALLA<\/h3><\/div>[vc_column_text css=\u00bb\u00bb]<\/p>\n<p style=\"text-align: justify;\">Sum\u00e1 a tu inscripci\u00f3n el grabado de tu medalla de la Marat\u00f3n Internacional de Mendoza 2026 con tu tiempo.<\/p>\n<p style=\"text-align: justify;\">Al adquirir el servicio podr\u00e1s grabarlo en la llegada, en una carpa ubicada en el sector exclusivo MIM, en inmediaciones Caballitos de Marly<\/p>\n<p>Adquirilo al inscribirte o luego desde tu Cuenta Eventick &gt; Modificaciones &gt; Agregar productos y servicios[\/vc_column_text][\/vc_column_inner][vc_column_inner width=\u00bb1\/3&#8243;][vc_single_image image=\u00bb2864&#8243; img_size=\u00bbfull\u00bb alignment=\u00bbcenter\u00bb css=\u00bb\u00bb][\/vc_column_inner][\/vc_row_inner][vc_column_text css=\u00bb\u00bb]<\/p>\n<p style=\"text-align: justify;\"><span style=\"font-size: 10px;\">Los valores se muestran en la ticketera y son expresados en pesos argentinos disponible hasta cambio de fecha o agotar lote sin previo aviso + Costo de servicio de ticketera. Extranjeros se cobra en pesos argentinos, consulte con su banco o tarjeta la tasa de conversi\u00f3n a su moneda local. Todas las im\u00e1genes son ilustrativas y est\u00e1n sujetas a cambios, modificaciones de colores y dise\u00f1os sin previo aviso. Cambios y modificaciones en la compra, posterior al pago podr\u00edan tener costos adicionales por parte de la ticketera. Consulte el reglamento del evento para m\u00e1s informaci\u00f3n en maratondemendoza.com<\/span><\/p>\n<p><span style=\"font-size: 10px;\">Este sitio traduce autom\u00e1ticamente los textos al idioma detectado seg\u00fan el navegador del usuario, y podr\u00eda tener inexactitudes respecto al texto original en espa\u00f1ol.<\/span>[\/vc_column_text][\/vc_tta_section][vc_tta_section i_icon_fontawesome=\u00bbfas fa-paint-brush\u00bb add_icon=\u00bbtrue\u00bb title=\u00bbESTAMPADO DE REMERA\u00bb tab_id=\u00bb1727377066587-1bc4aa45-a174&#8243;][vc_row_inner][vc_column_inner width=\u00bb1\/2&#8243;]<div class=\"wbc-heading clearfix\"><h3 class=\"special-heading-2\" style=\"font-size:30px;line-height:40px;color:#ffffff;text-align:left;margin-bottom:15px;\">ESTAMPADO DE REMERA<\/h3><\/div>[vc_column_text css=\u00bb\u00bb]<\/p>\n<p style=\"text-align: justify;\">\u00a1Ahora pod\u00e9s estampar el dorso de tu remera MIM26 con tu nombre o apodo! Sumalo a tu inscripci\u00f3n y podr\u00e1s estamparlo \u00fanicamente en la Expo MIM los d\u00edas 1 y 2 de Mayo 2026<\/p>\n<p style=\"text-align: justify;\">Adquirilo al inscribirte o luego desde tu Cuenta Eventick &gt; Modificaciones &gt; Agregar productos y servicios<\/p>\n<p>[\/vc_column_text][\/vc_column_inner][vc_column_inner width=\u00bb1\/2&#8243;][vc_single_image image=\u00bb2895&#8243; img_size=\u00bbfull\u00bb alignment=\u00bbcenter\u00bb css=\u00bb\u00bb][\/vc_column_inner][\/vc_row_inner][vc_column_text css=\u00bb\u00bb]<\/p>\n<p style=\"text-align: justify;\"><span style=\"font-size: 10px;\">Los valores se muestran en la ticketera y son expresados en pesos argentinos disponible hasta cambio de fecha o agotar lote sin previo aviso + Costo de servicio de ticketera. Extranjeros se cobra en pesos argentinos, consulte con su banco o tarjeta la tasa de conversi\u00f3n a su moneda local. Todas las im\u00e1genes son ilustrativas y est\u00e1n sujetas a cambios, modificaciones de colores y dise\u00f1os sin previo aviso. Cambios y modificaciones en la compra, posterior al pago podr\u00edan tener costos adicionales por parte de la ticketera. Consulte el reglamento del evento para m\u00e1s informaci\u00f3n en maratondemendoza.com<\/span><\/p>\n<p><span style=\"font-size: 10px;\">Este sitio traduce autom\u00e1ticamente los textos al idioma detectado seg\u00fan el navegador del usuario, y podr\u00eda tener inexactitudes respecto al texto original en espa\u00f1ol.<\/span>[\/vc_column_text][\/vc_tta_section][vc_tta_section i_icon_fontawesome=\u00bbfas fa-bus\u00bb add_icon=\u00bbtrue\u00bb title=\u00bbBUS OFICIAL\u00bb tab_id=\u00bb1701112004017-92adf824-5162&#8243;][vc_row_inner][vc_column_inner width=\u00bb2\/3&#8243;]<div class=\"wbc-heading clearfix\"><h3 class=\"special-heading-2\" style=\"font-size:30px;line-height:40px;color:#ffffff;text-align:left;margin-bottom:15px;\">BUS OFICIAL<\/h3><\/div>[vc_column_text css=\u00bb\u00bb]<\/p>\n<p style=\"text-align: justify;\">El servicio de Bus oficial de MIM traslada al participante a cada zona de largada previo a la carrera. Los cupos son limitados.<\/p>\n<p style=\"text-align: justify;\">Cada bus estar\u00e1 se\u00f1alizado con carteler\u00eda seg\u00fan la distancia. El bus oficial no hace paradas intermedias ni regresa nuevamente a la largada.<\/p>\n<p style=\"text-align: justify;\">IMPORTANTE: Una vez contratado el servicio, no es trasladable a otras distancias y es v\u00e1lido \u00fanicamente para la adquirida y no es posible modificarlo. Asegurate de adquirir el bus correspondiente a tu distancia o tu compra podr\u00e1 ser anulada.<\/p>\n<p style=\"text-align: justify;\"><strong>Este servicio es adicional y opcional. Pod\u00e9s adquirirlo al inscribirte o luego desde tu Cuenta Eventick &gt; Modificaciones &gt; Agregar productos y servicios<\/strong><\/p>\n<p>[\/vc_column_text][vc_column_text]<strong>Lugar de Salida:<\/strong> Caballitos de Marly (Parque General San Martin)<\/p>\n<p><strong>Horario <span style=\"font-size: 18px;\">LIMITE<\/span> de Salida:<\/strong><\/p>\n<ul>\n<li>Distancia 42km: 5:30 am<\/li>\n<li>Distancia 21km: 5:30 am<\/li>\n<li>Distancia 10km: 6:30 am<\/li>\n<\/ul>\n<blockquote>\n<p>Considere presentarse con anticipaci\u00f3n. El horario indicado es el \u00faltimo bus que parte para dicha largada. La organizaci\u00f3n no se hace responsable por no presentarse antes de dicho horario.<\/p>\n<\/blockquote>\n<p>[\/vc_column_text][\/vc_column_inner][vc_column_inner width=\u00bb1\/3&#8243;][vc_single_image image=\u00bb2833&#8243; img_size=\u00bblarge\u00bb alignment=\u00bbcenter\u00bb style=\u00bbvc_box_shadow_3d\u00bb css=\u00bb\u00bb][\/vc_column_inner][\/vc_row_inner][vc_column_text css=\u00bb\u00bb]<\/p>\n<p style=\"text-align: justify;\"><span style=\"font-size: 10px;\">Los valores se muestran en la ticketera y son expresados en pesos argentinos disponible hasta cambio de fecha o agotar lote sin previo aviso + Costo de servicio de ticketera. Extranjeros se cobra en pesos argentinos, consulte con su banco o tarjeta la tasa de conversi\u00f3n a su moneda local. Todas las im\u00e1genes son ilustrativas y est\u00e1n sujetas a cambios, modificaciones de colores y dise\u00f1os sin previo aviso. Cambios y modificaciones en la compra, posterior al pago podr\u00edan tener costos adicionales por parte de la ticketera. Consulte el reglamento del evento para m\u00e1s informaci\u00f3n en maratondemendoza.com<\/span><\/p>\n<p><span style=\"font-size: 10px;\">Este sitio traduce autom\u00e1ticamente los textos al idioma detectado seg\u00fan el navegador del usuario, y podr\u00eda tener inexactitudes respecto al texto original en espa\u00f1ol.<\/span>[\/vc_column_text][\/vc_tta_section][vc_tta_section i_icon_fontawesome=\u00bbfas fa-tag\u00bb add_icon=\u00bbtrue\u00bb title=\u00bbVIP PASS\u00bb tab_id=\u00bb1701112004017-a91658f0-f77c\u00bb][vc_row_inner][vc_column_inner width=\u00bb2\/3&#8243;]<div class=\"wbc-heading clearfix\"><h3 class=\"special-heading-2\" style=\"font-size:30px;line-height:40px;color:#ffffff;text-align:left;margin-bottom:15px;\">VIP PASS<\/h3><\/div>[vc_column_text css=\u00bb\u00bb]Sum\u00e1 a tu inscripci\u00f3n el VIP PASS de la Marat\u00f3n Internacional de Mendoza 2026 que te permite acceder a <strong>servicios exclusivos para vos en la llegada<\/strong>:<\/p>\n<ul>\n<li>Acceso a carpa exclusiva en llegada<\/li>\n<li>Desayuno y break<\/li>\n<li>Asistentes personales<\/li>\n<li>Sanitarios exclusivos<\/li>\n<\/ul>\n<p>\u00a1Tambi\u00e9n pod\u00e9s adquirir pases para tus acompa\u00f1antes!<\/p>\n<p>Adquirilo al inscribirte o luego desde tu Cuenta Eventick &gt; Modificaciones &gt; Agregar productos y servicios[\/vc_column_text][\/vc_column_inner][vc_column_inner width=\u00bb1\/3&#8243;][vc_single_image image=\u00bb2834&#8243; img_size=\u00bblarge\u00bb alignment=\u00bbcenter\u00bb style=\u00bbvc_box_shadow_3d\u00bb css=\u00bb\u00bb][\/vc_column_inner][\/vc_row_inner][vc_column_text css=\u00bb\u00bb]<\/p>\n<p style=\"text-align: justify;\"><span style=\"font-size: 10px;\">Los valores se muestran en la ticketera y son expresados en pesos argentinos disponible hasta cambio de fecha o agotar lote sin previo aviso + Costo de servicio de ticketera. Extranjeros se cobra en pesos argentinos, consulte con su banco o tarjeta la tasa de conversi\u00f3n a su moneda local. Todas las im\u00e1genes son ilustrativas y est\u00e1n sujetas a cambios, modificaciones de colores y dise\u00f1os sin previo aviso. Cambios y modificaciones en la compra, posterior al pago podr\u00edan tener costos adicionales por parte de la ticketera. Consulte el reglamento del evento para m\u00e1s informaci\u00f3n en maratondemendoza.com<\/span><\/p>\n<p><span style=\"font-size: 10px;\">Este sitio traduce autom\u00e1ticamente los textos al idioma detectado seg\u00fan el navegador del usuario, y podr\u00eda tener inexactitudes respecto al texto original en espa\u00f1ol.<\/span>[\/vc_column_text][\/vc_tta_section][vc_tta_section i_icon_fontawesome=\u00bbfas fa-shield-alt\u00bb add_icon=\u00bbtrue\u00bb title=\u00bbPROTECCI\u00d3N DE COMPRA\u00bb tab_id=\u00bb1701112117216-3d2ed69d-90e9&#8243;][vc_row_inner][vc_column_inner width=\u00bb2\/3&#8243;]<div class=\"wbc-heading clearfix\"><h3 class=\"special-heading-2\" style=\"font-size:30px;line-height:40px;color:#ffffff;text-align:left;margin-bottom:15px;\">PROTECCI\u00d3N DE COMPRA<\/h3><\/div>[vc_column_text css=\u00bb\u00bb]<\/p>\n<p style=\"text-align: justify;\">\u00a1Protege tu compra ante una eventualidad! Adquir\u00ed de manera adicional y opcional el servicio que te ofrece la posibilidad de cancelar tu compra. Servicio Dorado: Cual sea el motivo, tanto del organizador o por motivos personal tuyos y que no puedas participar en el evento, podr\u00e1s cancelar la compra hasta 72hs antes del evento. El reintegro no incluye el costo de protecci\u00f3n de compra y gastos de ticketera del total de la operaci\u00f3n.<\/p>\n<p style=\"text-align: justify;\">Adquirilo al inscribirte.<\/p>\n<p>[\/vc_column_text][\/vc_column_inner][vc_column_inner width=\u00bb1\/3&#8243;][vc_single_image image=\u00bb2836&#8243; img_size=\u00bblarge\u00bb alignment=\u00bbcenter\u00bb style=\u00bbvc_box_shadow_3d\u00bb css=\u00bb\u00bb][\/vc_column_inner][\/vc_row_inner][vc_column_text css=\u00bb\u00bb]<\/p>\n<p style=\"text-align: justify;\"><span style=\"font-size: 10px;\">Los valores se muestran en la ticketera y son expresados en pesos argentinos disponible hasta cambio de fecha o agotar lote sin previo aviso + Costo de servicio de ticketera. Extranjeros se cobra en pesos argentinos, consulte con su banco o tarjeta la tasa de conversi\u00f3n a su moneda local. Todas las im\u00e1genes son ilustrativas y est\u00e1n sujetas a cambios, modificaciones de colores y dise\u00f1os sin previo aviso. Cambios y modificaciones en la compra, posterior al pago podr\u00edan tener costos adicionales por parte de la ticketera. Consulte el reglamento del evento para m\u00e1s informaci\u00f3n en maratondemendoza.com<\/span><\/p>\n<p><span style=\"font-size: 10px;\">Este sitio traduce autom\u00e1ticamente los textos al idioma detectado seg\u00fan el navegador del usuario, y podr\u00eda tener inexactitudes respecto al texto original en espa\u00f1ol.<\/span>[\/vc_column_text][\/vc_tta_section][vc_tta_section i_icon_fontawesome=\u00bbfas fa-camera\u00bb add_icon=\u00bbtrue\u00bb title=\u00bbPREVENTA DE FOTOS\u00bb tab_id=\u00bb1701112092534-5d948a02-12e7&#8243;][vc_row_inner][vc_column_inner width=\u00bb2\/3&#8243;]<div class=\"wbc-heading clearfix\"><h3 class=\"special-heading-2\" style=\"font-size:30px;line-height:40px;color:#ffffff;text-align:left;margin-bottom:15px;\">PREVENTA DE FOTOS by fotorun.com.ar<\/h3><\/div>[vc_column_text]<\/p>\n<div class=\"wbc-icon-box clearfix\">\n<div class=\"wbc-box-content\">\n<div class=\"elementor-element elementor-element-5939bda elementor-position-left elementor-vertical-align-top elementor-widget elementor-widget-image-box\" data-id=\"5939bda\" data-element_type=\"widget\" data-widget_type=\"image-box.default\">\n<div class=\"elementor-widget-container\">\n<div class=\"elementor-image-box-wrapper\">\n<div class=\"elementor-image-box-content\">\n<p class=\"elementor-image-box-description\">Este servicio podr\u00e1 ser adquirido al momento de la inscripci\u00f3n abonando el valor del mismo, acceder\u00e1s via la web www.fotorun.com.ar a descargar y compartir TODAS tus fotos en alta calidad y sin marcas de agua, identificadas por n\u00famero de participante, por reconocimiento facial y de Inteligencia Artificial. A las pocas horas de terminado el evento, simplemente ingresas a www.fotorun.com.ar y te lleva a tu perfil en donde encontraras todas tus fotos identificadas.<\/p>\n<p>&nbsp;<\/p>\n<p>Adquirilo al inscribirte o luego desde tu Cuenta Eventick &gt; Modificaciones &gt; Agregar productos y servicios<\/p><\/div>\n<\/div>\n<\/div>\n<\/div>\n<div class=\"elementor-element elementor-element-5939bda elementor-position-left elementor-vertical-align-top elementor-widget elementor-widget-image-box\" data-id=\"5939bda\" data-element_type=\"widget\" data-widget_type=\"image-box.default\">\n<div class=\"elementor-widget-container\">\n<div class=\"elementor-image-box-wrapper\"><\/div>\n<\/div>\n<\/div>\n<\/div>\n<\/div>\n<p>[\/vc_column_text][\/vc_column_inner][vc_column_inner width=\u00bb1\/3&#8243;][vc_single_image image=\u00bb2835&#8243; img_size=\u00bblarge\u00bb alignment=\u00bbcenter\u00bb style=\u00bbvc_box_shadow_3d\u00bb css=\u00bb\u00bb][\/vc_column_inner][\/vc_row_inner][vc_column_text css=\u00bb\u00bb]<\/p>\n<p style=\"text-align: justify;\"><span style=\"font-size: 10px;\">Los valores se muestran en la ticketera y son expresados en pesos argentinos disponible hasta cambio de fecha o agotar lote sin previo aviso + Costo de servicio de ticketera. Extranjeros se cobra en pesos argentinos, consulte con su banco o tarjeta la tasa de conversi\u00f3n a su moneda local. Todas las im\u00e1genes son ilustrativas y est\u00e1n sujetas a cambios, modificaciones de colores y dise\u00f1os sin previo aviso. Cambios y modificaciones en la compra, posterior al pago podr\u00edan tener costos adicionales por parte de la ticketera. Consulte el reglamento del evento para m\u00e1s informaci\u00f3n en maratondemendoza.com<\/span><\/p>\n<p><span style=\"font-size: 10px;\">Este sitio traduce autom\u00e1ticamente los textos al idioma detectado seg\u00fan el navegador del usuario, y podr\u00eda tener inexactitudes respecto al texto original en espa\u00f1ol.<\/span>[\/vc_column_text][\/vc_tta_section][\/vc_tta_tour][\/vc_column][\/vc_row][vc_row row_type=\u00bbfull_width\u00bb type=\u00bbcontainer\u00bb bg_select=\u00bbbg_color_section\u00bb p_top=\u00bb60&#8243; border_color=\u00bb#ebebeb\u00bb anchor=\u00bbinscripciones\u00bb bg_color=\u00bb#fbfbfb\u00bb p_bottom=\u00bb35&#8243;][vc_column]<div class=\"wbc-heading clearfix\"><div class=\"special-heading-2\" style=\"font-size:25px;color:#1267e6;text-align:center;margin-bottom:-5px;\"><span class=\"wbc-color\" >MIM 2026<\/span><\/div><\/div><div class=\"wbc-heading clearfix\"><h3 class=\"special-heading-2\" style=\"font-size:40px;line-height:40px;text-align:center;margin-bottom:15px;\">INSCRIPCIONES<\/h3><\/div><div class=\"wbc-heading clearfix\"><div class=\"default-heading\" style=\"font-size:16px;text-align:center;margin-bottom:35px;margin-right:auto;margin-top:10px;margin-left:auto;max-width:740px;\">Desde la largada en el Puente Colgante de la precordillerana Cacheuta, contin\u00faa por t\u00edpico paisaje \u00e1rido de la monta\u00f1a, pasando por las zonas de vi\u00f1edos y finaliza en los majestuosos portones del Parque General San Mart\u00edn.<\/div><\/div>[\/vc_column][vc_column width=\u00bb1\/4&#8243;]<div class=\"wbc-color-box clearfix\" style=\"background-color:#ffffff;padding-bottom:2px;padding-right:2px;padding-top:2px;padding-left:2px;\"><div class=\"wbc-color-box-content\">[vc_pricing_table heading=\u00bbMIM\u00bb heading_font_container=\u00bbtag:h2|text_align:center\u00bb heading_google_fonts=\u00bbfont_family:Roboto%3A100%2C100italic%2C300%2C300italic%2Cregular%2Citalic%2C500%2C500italic%2C700%2C700italic%2C900%2C900italic|font_style:700%20bold%20regular%3A700%3Anormal\u00bb subheading=\u00bb2026&#8243; currency=\u00bb\u00bb price=\u00bb42K\u00bb period=\u00bb\u00bb markers_color=\u00bb#5188f1&#8243; btn_title=\u00bbINSCRIBIRME\u00bb css=\u00bb.vc_custom_1764102538908{background-color: #ececec !important;}\u00bb use_custom_fonts_heading=\u00bbtrue\u00bb btn_link=\u00bburl:https%3A%2F%2Feventick.com.ar%2Fevento%2F369&#8243;]<\/p>\n<ul class=\"wpb-plan-features\">\n<li>Remera oficial ASICS unisex<\/li>\n<li>N\u00famero \/ BIB con chip<\/li>\n<li>Guardarropas<\/li>\n<li>Hidrataci\u00f3n<\/li>\n<li>Seguro de corredor<\/li>\n<li>Servicios m\u00e9dicos<\/li>\n<li>Medalla finisher en llegada<\/li>\n<\/ul>\n<p>&nbsp;<\/p>\n<p style=\"text-align: left;\"><strong>Opcionales<\/strong><\/p>\n<ul>\n<li>Bus oficial<\/li>\n<li>VIP PASS<\/li>\n<li>Cena MIM 26 Wine &amp; Dinner<\/li>\n<li>Estampado de remera<\/li>\n<li>Grabado de medalla<\/li>\n<li>Remera Finisher<\/li>\n<li>Preventa FotoRun<\/li>\n<li>Protecci\u00f3n de compra<\/li>\n<\/ul>\n<p>[\/vc_pricing_table]<\/div><\/div>[vc_empty_space height=\u00bb30&#8243;][\/vc_column][vc_column width=\u00bb1\/4&#8243;][vc_pricing_table heading=\u00bbMIM\u00bb heading_font_container=\u00bbtag:h2|text_align:center\u00bb heading_google_fonts=\u00bbfont_family:Roboto%3A100%2C100italic%2C300%2C300italic%2Cregular%2Citalic%2C500%2C500italic%2C700%2C700italic%2C900%2C900italic|font_style:700%20bold%20regular%3A700%3Anormal\u00bb subheading=\u00bb2026&#8243; currency=\u00bb\u00bb price=\u00bb21K\u00bb period=\u00bb\u00bb markers_color=\u00bb#5188f1&#8243; btn_title=\u00bbINSCRIBIRME\u00bb css=\u00bb.vc_custom_1764102546926{background-color: #ececec !important;}\u00bb use_custom_fonts_heading=\u00bbtrue\u00bb btn_link=\u00bburl:https%3A%2F%2Feventick.com.ar%2Fevento%2F369&#8243;]<\/p>\n<ul class=\"wpb-plan-features\">\n<li>Remera oficial ASICS unisex<\/li>\n<li>N\u00famero \/ BIB con chip<\/li>\n<li>Guardarropas<\/li>\n<li>Hidrataci\u00f3n<\/li>\n<li>Seguro de corredor<\/li>\n<li>Servicios m\u00e9dicos<\/li>\n<li>Medalla finisher en llegada<\/li>\n<\/ul>\n<p>&nbsp;<\/p>\n<p style=\"text-align: left;\"><strong>Opcionales<\/strong><\/p>\n<ul>\n<li>Bus oficial<\/li>\n<li>VIP PASS<\/li>\n<li>Cena MIM 26 Wine &amp; Dinner<\/li>\n<li>Estampado de remera<\/li>\n<li>Grabado de medalla<\/li>\n<li>Remera Finisher<\/li>\n<li>Preventa FotoRun<\/li>\n<li>Protecci\u00f3n de compra<\/li>\n<\/ul>\n<p>[\/vc_pricing_table][vc_empty_space height=\u00bb30&#8243;][\/vc_column][vc_column width=\u00bb1\/4&#8243;][vc_pricing_table heading=\u00bbMIM\u00bb heading_font_container=\u00bbtag:h2|text_align:center\u00bb heading_google_fonts=\u00bbfont_family:Roboto%3A100%2C100italic%2C300%2C300italic%2Cregular%2Citalic%2C500%2C500italic%2C700%2C700italic%2C900%2C900italic|font_style:700%20bold%20regular%3A700%3Anormal\u00bb subheading=\u00bb2026&#8243; currency=\u00bb\u00bb price=\u00bb10K\u00bb period=\u00bb\u00bb markers_color=\u00bb#5188f1&#8243; btn_title=\u00bbINSCRIBIRME\u00bb css=\u00bb.vc_custom_1764102555177{background-color: #ececec !important;}\u00bb use_custom_fonts_heading=\u00bbtrue\u00bb btn_link=\u00bburl:https%3A%2F%2Feventick.com.ar%2Fevento%2F369&#8243;]<\/p>\n<ul class=\"wpb-plan-features\">\n<li>Remera oficial ASICS unisex<\/li>\n<li>N\u00famero \/ BIB con chip<\/li>\n<li>Guardarropas<\/li>\n<li>Hidrataci\u00f3n<\/li>\n<li>Seguro de corredor<\/li>\n<li>Servicios m\u00e9dicos<\/li>\n<li>Medalla finisher en llegada<\/li>\n<\/ul>\n<p>&nbsp;<\/p>\n<p style=\"text-align: left;\"><strong>Opcionales<\/strong><\/p>\n<ul>\n<li>Bus oficial<\/li>\n<li>VIP PASS<\/li>\n<li>Cena MIM 26 Wine &amp; Dinner<\/li>\n<li>Estampado de remera<\/li>\n<li>Grabado de medalla<\/li>\n<li>Remera Finisher<\/li>\n<li>Preventa FotoRun<\/li>\n<li>Protecci\u00f3n de compra<\/li>\n<\/ul>\n<p>[\/vc_pricing_table][vc_empty_space height=\u00bb30&#8243;][\/vc_column][vc_column width=\u00bb1\/4&#8243;][vc_pricing_table heading=\u00bbMIM\u00bb heading_font_container=\u00bbtag:h2|text_align:center\u00bb heading_google_fonts=\u00bbfont_family:Roboto%3A100%2C100italic%2C300%2C300italic%2Cregular%2Citalic%2C500%2C500italic%2C700%2C700italic%2C900%2C900italic|font_style:700%20bold%20regular%3A700%3Anormal\u00bb subheading=\u00bb2026&#8243; currency=\u00bb\u00bb price=\u00bb4K\u00bb period=\u00bb\u00bb markers_color=\u00bb#5188f1&#8243; btn_title=\u00bbINSCRIBIRME\u00bb css=\u00bb.vc_custom_1764102562954{background-color: #ececec !important;}\u00bb use_custom_fonts_heading=\u00bbtrue\u00bb btn_link=\u00bburl:https%3A%2F%2Feventick.com.ar%2Fevento%2F369&#8243;]<\/p>\n<ul class=\"wpb-plan-features\">\n<li>Remera oficial ASICS unisex<\/li>\n<li>N\u00famero \/ BIB<\/li>\n<li>Guardarropas<\/li>\n<li>Hidrataci\u00f3n<\/li>\n<li>Seguro de corredor<\/li>\n<li>Servicios m\u00e9dicos<\/li>\n<li>Medalla finisher en llegada<\/li>\n<\/ul>\n<p>&nbsp;<\/p>\n<p style=\"text-align: left;\"><strong>Opcionales<\/strong><\/p>\n<ul>\n<li><del>Bus oficial<\/del><\/li>\n<li>VIP PASS<\/li>\n<li>Cena MIM 26 Wine &amp; Dinner<\/li>\n<li>Estampado de remera<\/li>\n<li>Grabado de medalla<\/li>\n<li>Remera Finisher<\/li>\n<li>Preventa FotoRun<\/li>\n<li>Protecci\u00f3n de compra<\/li>\n<\/ul>\n<p>[\/vc_pricing_table][vc_empty_space height=\u00bb30&#8243;][\/vc_column][vc_column]<div class=\"wbc-heading clearfix\"><div class=\"default-heading\" style=\"font-size:10px;text-align:center;margin-bottom:35px;margin-right:auto;margin-top:10px;margin-left:auto;\">Los valores se muestran en la ticketera y son expresados en pesos argentinos disponible hasta cambio de fecha o agotar lote sin previo aviso + Costo de servicio de ticketera. Extranjeros se cobra en pesos argentinos, consulte con su banco o tarjeta la tasa de conversi\u00f3n a su moneda local. Todas las im\u00e1genes son ilustrativas y est\u00e1n sujetas a cambios, modificaciones de colores y dise\u00f1os sin previo aviso. Cambios y modificaciones en la compra, posterior al pago podr\u00edan tener costos adicionales por parte de la ticketera. Consulte el reglamento del evento para m\u00e1s informaci\u00f3n en maratondemendoza.com<\/div><\/div><div class=\"wbc-heading clearfix\"><div class=\"default-heading\" style=\"font-size:10px;text-align:center;margin-bottom:35px;margin-right:auto;margin-top:10px;margin-left:auto;\">Este sitio traduce autom\u00e1ticamente los textos al idioma detectado seg\u00fan el navegador del usuario, y podr\u00eda tener inexactitudes respecto al texto original en espa\u00f1ol.<\/div><\/div>[\/vc_column][\/vc_row][vc_row row_type=\u00bbstandard\u00bb bg_select=\u00bbbg_color_section\u00bb p_top=\u00bb60&#8243; p_bottom=\u00bb60&#8243; border_color=\u00bb#ebebeb\u00bb anchor=\u00bbhotel\u00bb m_bottom=\u00bb0&#8243;][vc_column]<div class=\"wbc-heading clearfix\"><div class=\"special-heading-2\" style=\"font-size:25px;color:#1267e6;text-align:center;margin-bottom:-5px;margin-top:30px;\"><span class=\"wbc-color\" >MIM 2026<\/span><\/div><\/div><div class=\"wbc-heading clearfix\"><h3 class=\"special-heading-2\" style=\"font-size:40px;line-height:40px;text-align:center;margin-bottom:15px;\">HOTELER\u00cdA Y BENEFICIOS<\/h3><\/div><div class=\"wbc-heading clearfix\"><div class=\"default-heading\" style=\"font-size:16px;text-align:center;margin-bottom:35px;margin-right:auto;margin-top:10px;margin-left:auto;max-width:740px;\">\u00a1Descubr\u00ed la magia de Mendoza, el coraz\u00f3n del vino y la aventura en Argentina! &#x1f347;&#x1f3d4;&#xfe0f;<\/p>\n<p>Mendoza te espera con sus impresionantes paisajes, desde los majestuosos Andes hasta los extensos vi\u00f1edos que producen algunos de los mejores vinos del mundo. Sum\u00e9rgete en la cultura del vino con visitas a bodegas de renombre, donde podr\u00e1s degustar exquisitos Malbecs y aprender sobre el arte de la vinificaci\u00f3n.<\/div><\/div>[vc_row_inner css=\u00bb.vc_custom_1737568257644{padding-right: 10% !important;padding-bottom: 30px !important;padding-left: 10% !important;}\u00bb][vc_column_inner width=\u00bb1\/3&#8243;][vc_single_image image=\u00bb2443&#8243; img_size=\u00bbfull\u00bb alignment=\u00bbcenter\u00bb css=\u00bb.vc_custom_1728931497867{margin-bottom: 25px !important;}\u00bb][\/vc_column_inner][vc_column_inner width=\u00bb1\/3&#8243;][vc_single_image image=\u00bb2445&#8243; img_size=\u00bbfull\u00bb alignment=\u00bbcenter\u00bb css=\u00bb.vc_custom_1728931503452{margin-bottom: 25px !important;}\u00bb][\/vc_column_inner][vc_column_inner width=\u00bb1\/3&#8243;][vc_single_image image=\u00bb2444&#8243; img_size=\u00bbfull\u00bb alignment=\u00bbcenter\u00bb css=\u00bb.vc_custom_1728931509060{margin-bottom: 25px !important;}\u00bb][\/vc_column_inner][vc_column_inner width=\u00bb1\/3&#8243;][vc_single_image image=\u00bb2891&#8243; img_size=\u00bbfull\u00bb alignment=\u00bbcenter\u00bb onclick=\u00bbcustom_link\u00bb img_link_target=\u00bb_blank\u00bb css=\u00bb.vc_custom_1772029496397{margin-bottom: 25px !important;}\u00bb link=\u00bbhttps:\/\/api.whatsapp.com\/send\/?phone=5492613362877&#8243;][\/vc_column_inner][vc_column_inner width=\u00bb1\/3&#8243;][vc_single_image image=\u00bb2892&#8243; img_size=\u00bbfull\u00bb alignment=\u00bbcenter\u00bb onclick=\u00bbcustom_link\u00bb img_link_target=\u00bb_blank\u00bb css=\u00bb.vc_custom_1772029514725{margin-bottom: 25px !important;}\u00bb link=\u00bbhttps:\/\/api.whatsapp.com\/send\/?phone=5492613362877&#8243;][\/vc_column_inner][vc_column_inner width=\u00bb1\/3&#8243;][vc_single_image image=\u00bb2890&#8243; img_size=\u00bbfull\u00bb alignment=\u00bbcenter\u00bb onclick=\u00bbcustom_link\u00bb img_link_target=\u00bb_blank\u00bb css=\u00bb.vc_custom_1772029528704{margin-bottom: 25px !important;}\u00bb link=\u00bbhttps:\/\/api.whatsapp.com\/send\/?phone=5492613362877&#8243;][\/vc_column_inner][vc_column_inner width=\u00bb1\/3&#8243;][vc_single_image image=\u00bb2898&#8243; img_size=\u00bbfull\u00bb alignment=\u00bbcenter\u00bb onclick=\u00bbcustom_link\u00bb img_link_target=\u00bb_blank\u00bb css=\u00bb.vc_custom_1773856733409{margin-bottom: 25px !important;}\u00bb link=\u00bbhttps:\/\/www.vittal.com.ar\/planes\/plan-bienestar?utm_source=webSport&#038;utm_medium=banner&#038;utm_campaign=PlanBienestarSportfacilities&#038;utm_id=PlanBienestarSportfacilities\u00bb][\/vc_column_inner][vc_column_inner width=\u00bb1\/3&#8243;][vc_single_image image=\u00bb2912&#8243; img_size=\u00bbfull\u00bb alignment=\u00bbcenter\u00bb onclick=\u00bbcustom_link\u00bb img_link_target=\u00bb_blank\u00bb css=\u00bb.vc_custom_1773945053328{margin-bottom: 25px !important;}\u00bb link=\u00bbhttps:\/\/www.hertz.com.ar\/sport-facilities?promotional_code=HERTZRUN\u00bb][\/vc_column_inner][vc_column_inner width=\u00bb1\/3&#8243;][\/vc_column_inner][vc_column_inner][vc_cta h2=\u00bbCena MIM Wine &amp; Dinner\u00bb txt_align=\u00bbjustify\u00bb add_button=\u00bbright\u00bb btn_title=\u00bbVer m\u00e1s\u00bb btn_i_icon_fontawesome=\u00bbfas fa-wine-glass-alt\u00bb css=\u00bb.vc_custom_1764097804616{margin-top: 50px !important;}\u00bb btn_add_icon=\u00bbtrue\u00bb btn_link=\u00bburl:%231727377251114-e0198d90-1584&#8243;]La Cena Wine &amp; Dinner MIM 2026 ser\u00e1 una noche \u00fanica e inolvidable, donde los asistentes podr\u00e1n disfrutar del video oficial en pantalla gigante, acompa\u00f1ados de exquisitos vinos y una propuesta gastron\u00f3mica de primer nivel, con m\u00fasica y baile para celebrar juntos.<\/p>\n<p>Adquirilo al inscribirte o luego desde tu Cuenta Eventick[\/vc_cta][\/vc_column_inner][\/vc_row_inner][\/vc_column][\/vc_row][vc_row row_type=\u00bbfull_width\u00bb type=\u00bbcontainer\u00bb bg_select=\u00bbbg_color_section\u00bb p_bottom=\u00bb60&#8243; border_color=\u00bb#ebebeb\u00bb anchor=\u00bbcircuitos\u00bb bg_color=\u00bb#f9f9f9&#8243; p_top=\u00bb60&#8243;][vc_column content_align=\u00bbtext-center\u00bb]<div class=\"wbc-heading clearfix\"><div class=\"special-heading-2\" style=\"font-size:25px;color:#1267e6;text-align:center;margin-bottom:-5px;\"><span class=\"wbc-color\" >MIM 2026<\/span><\/div><\/div><div class=\"wbc-heading clearfix\"><h3 class=\"special-heading-2\" style=\"font-size:40px;line-height:40px;text-align:center;margin-bottom:15px;\">CIRCUITOS<\/h3><\/div><div class=\"wbc-heading clearfix\"><div class=\"default-heading\" style=\"font-size:16px;text-align:center;margin-bottom:35px;margin-right:auto;margin-top:10px;margin-left:auto;max-width:740px;\">Desde la precordillera de la Republica Argentina hasta los majestuosos portones del Parque General San Martin, Ciudad de Mendoza<\/div><\/div>[vc_tta_tabs alignment=\u00bbcenter\u00bb active_section=\u00bb1&#8243; css=\u00bb.vc_custom_1727117259095{padding-bottom: 30px !important;}\u00bb][vc_tta_section i_icon_fontawesome=\u00bbfas fa-map-marker-alt\u00bb add_icon=\u00bbtrue\u00bb title=\u00bbCircuito 42K\u00bb tab_id=\u00bb1712330428036-153e4809-c262&#8243;][vc_single_image image=\u00bb2817&#8243; img_size=\u00bbfull\u00bb alignment=\u00bbcenter\u00bb css=\u00bb\u00bb][\/vc_tta_section][vc_tta_section i_icon_fontawesome=\u00bbfas fa-map-marker-alt\u00bb add_icon=\u00bbtrue\u00bb title=\u00bbCircuito 21K\u00bb tab_id=\u00bb1712330428036-dfa4cef7-6afd\u00bb][vc_single_image image=\u00bb2818&#8243; img_size=\u00bbfull\u00bb alignment=\u00bbcenter\u00bb css=\u00bb\u00bb][\/vc_tta_section][vc_tta_section i_icon_fontawesome=\u00bbfas fa-map-marker-alt\u00bb add_icon=\u00bbtrue\u00bb title=\u00bbCircuito 10K\u00bb tab_id=\u00bb1712330428037-904e1234-9786&#8243;][vc_single_image image=\u00bb2819&#8243; img_size=\u00bbfull\u00bb alignment=\u00bbcenter\u00bb css=\u00bb\u00bb][\/vc_tta_section][\/vc_tta_tabs][\/vc_column][vc_column width=\u00bb1\/4&#8243; content_align=\u00bbtext-center\u00bb p_top=\u00bb0&#8243; m_top=\u00bb30&#8243;]<div class=\"wbc-icon-wrapper\" ><span class=\"wbc-icon\" style=\"font-size:40px;color:#002e73;\"><i class=\"wbc-font-icon fa fa-solid fa-map-location-dot\"><\/i><\/span><\/div>[vc_single_image image=\u00bb2803&#8243; img_size=\u00bb\u00bb alignment=\u00bbcenter\u00bb css=\u00bb\u00bb]<div class=\"wbc-heading clearfix\"><h3 class=\"special-heading-2\" style=\"font-size:20px;text-align:center;margin-bottom:15px;margin-top:15px;\">COORDENADAS DE LARGADAS<\/h3><\/div>[\/vc_column][vc_column width=\u00bb3\/4&#8243;][vc_row_inner][vc_column_inner width=\u00bb1\/6&#8243;][vc_column_text]<\/p>\n<p style=\"text-align: center;\"><strong>42K<\/strong><\/p>\n<p>[\/vc_column_text][\/vc_column_inner][vc_column_inner width=\u00bb1\/2&#8243;][vc_column_text]<\/p>\n<p style=\"text-align: center;\">S33\u00b000.886&#8217;W069\u00b007.099&#8242;<\/p>\n<p>[\/vc_column_text][\/vc_column_inner][vc_column_inner width=\u00bb1\/3&#8243;][vc_column_text]<\/p>\n<p style=\"text-align: center;\">Ver en <a href=\"https:\/\/maps.app.goo.gl\/7vW1ZyWPvTyfUz6x9\" target=\"_blank\" rel=\"noopener\">Google Maps<\/a><\/p>\n<p>[\/vc_column_text][\/vc_column_inner][vc_column_inner]<hr class=\"wbc-hr\" style=\"background-color:#002e73;height:1px;margin-top:-18px;\" \/>[\/vc_column_inner][vc_column_inner width=\u00bb1\/6&#8243;][vc_column_text]<\/p>\n<p style=\"text-align: center;\"><strong>21K<\/strong><\/p>\n<p>[\/vc_column_text][\/vc_column_inner][vc_column_inner width=\u00bb1\/2&#8243;][vc_column_text]<\/p>\n<p style=\"text-align: center;\">S33\u00b001.980&#8217;W068\u00b056.038&#8242;<\/p>\n<p>[\/vc_column_text][\/vc_column_inner][vc_column_inner width=\u00bb1\/3&#8243;][vc_column_text]<\/p>\n<p style=\"text-align: center;\">Ver en <a href=\"https:\/\/maps.app.goo.gl\/hbinBgaQ6xMmGYz78\" target=\"_blank\" rel=\"noopener\">Google Maps<\/a><\/p>\n<p>[\/vc_column_text][\/vc_column_inner][vc_column_inner]<hr class=\"wbc-hr\" style=\"background-color:#002e73;height:1px;margin-top:-18px;\" \/>[\/vc_column_inner][vc_column_inner width=\u00bb1\/6&#8243;][vc_column_text]<\/p>\n<p style=\"text-align: center;\"><strong>10K<\/strong><\/p>\n<p>[\/vc_column_text][\/vc_column_inner][vc_column_inner width=\u00bb1\/2&#8243;][vc_column_text]<\/p>\n<p style=\"text-align: center;\">S32\u00b057.330W68\u00b052.013&#8242;<\/p>\n<p>[\/vc_column_text][\/vc_column_inner][vc_column_inner width=\u00bb1\/3&#8243;][vc_column_text]<\/p>\n<p style=\"text-align: center;\">Ver en <a href=\"https:\/\/maps.app.goo.gl\/6gPt4frrMzMAor9S8\" target=\"_blank\" rel=\"noopener\">Google Maps<\/a><\/p>\n<p>[\/vc_column_text][\/vc_column_inner][vc_column_inner]<hr class=\"wbc-hr\" style=\"background-color:#002e73;height:1px;margin-top:-18px;\" \/>[\/vc_column_inner][vc_column_inner width=\u00bb1\/6&#8243;][vc_column_text]<\/p>\n<p style=\"text-align: center;\"><strong>4K<\/strong><\/p>\n<p>[\/vc_column_text][\/vc_column_inner][vc_column_inner width=\u00bb1\/2&#8243;][vc_column_text]<\/p>\n<p style=\"text-align: center;\">S32\u00b053.185&#8217;W068\u00b051.724&#8242;<\/p>\n<p>[\/vc_column_text][\/vc_column_inner][vc_column_inner width=\u00bb1\/3&#8243;][vc_column_text]<\/p>\n<p style=\"text-align: center;\">Ver en <a href=\"https:\/\/maps.app.goo.gl\/t1vr7duX3t5BYTn49\" target=\"_blank\" rel=\"noopener\">Google Maps<\/a><\/p>\n<p>[\/vc_column_text][\/vc_column_inner][vc_column_inner]<hr class=\"wbc-hr\" style=\"background-color:#002e73;height:1px;margin-top:-18px;\" \/>[\/vc_column_inner][\/vc_row_inner]<div class=\"wbc-list-wrap\"><ul class=\"wbc-list\"><\/ul><\/div>[\/vc_column][vc_column][vc_cta h2=\u00bbBUS OFICIAL\u00bb txt_align=\u00bbjustify\u00bb add_button=\u00bbright\u00bb btn_title=\u00bbVer m\u00e1s\u00bb btn_i_icon_fontawesome=\u00bbfas fa-bus\u00bb css=\u00bb.vc_custom_1764096796241{padding-bottom: 20px !important;background-color: #FFFFFF !important;}\u00bb btn_add_icon=\u00bbtrue\u00bb btn_link=\u00bburl:%231701112004017-92adf824-5162&#8243;]<\/p>\n<div class=\"wpb_text_column wpb_content_element\">\n<div class=\"wpb_wrapper\">\n<p>El servicio de Bus oficial de MIM traslada al participante a cada zona de largada previo a la carrera. Los cupos son limitados.<\/p>\n<p>Cada bus estar\u00e1 se\u00f1alizado con carteler\u00eda seg\u00fan la distancia. El bus oficial no hace paradas intermedias ni regresa nuevamente a la largada.<\/p>\n<p>IMPORTANTE: Una vez contratado el servicio, no es trasladable a otras distancias y es v\u00e1lido \u00fanicamente para la adquirida y no es posible modificarlo. Asegurate de adquirir el bus correspondiente a tu distancia o tu compra podr\u00e1 ser anulada.<\/p>\n<p><strong>Este servicio es adicional y opcional. Pod\u00e9s adquirirlo al inscribirte o luego desde tu Cuenta Eventick &gt; Modificaciones &gt; Agregar productos y servicios<\/strong><\/p>\n<p><strong>Lugar de Salida:<\/strong> Caballitos de Marly (Parque General San Martin)<\/p>\n<p><strong>Horario LIMITE de Salida:<\/strong><\/p>\n<ul>\n<li>Distancia 42km: 5:30 am<\/li>\n<li>Distancia 21km: 5:30 am<\/li>\n<li>Distancia 10km: 6:30 am<\/li>\n<\/ul>\n<\/div>\n<\/div>\n<p>[\/vc_cta][\/vc_column][\/vc_row][vc_row row_type=\u00bbfull_width\u00bb type=\u00bbcontainer\u00bb bg_select=\u00bbbg_color_section\u00bb p_top=\u00bb60&#8243; p_bottom=\u00bb60&#8243; border_color=\u00bb#ebebeb\u00bb anchor=\u00bbpalmares\u00bb][vc_column]<div class=\"wbc-heading clearfix\"><div class=\"special-heading-2\" style=\"font-size:25px;color:#1267e6;text-align:center;margin-bottom:-5px;\"><span class=\"wbc-color\" >MIM 2026<\/span><\/div><\/div><div class=\"wbc-heading clearfix\"><h3 class=\"special-heading-2\" style=\"font-size:40px;line-height:40px;text-align:center;margin-bottom:15px;\">PALMAR\u00c9S HIST\u00d3RICO<\/h3><\/div><div class=\"wbc-heading clearfix\"><div class=\"default-heading\" style=\"font-size:16px;text-align:center;margin-bottom:35px;margin-right:auto;margin-top:10px;margin-left:auto;max-width:800px;\">Organizada por primera vez en 1999 la carrera se realizaba recorriendo las calles de la ciudad con puntos de inicio y llegada en el parque San Mart\u00edn. Posteriormente modific\u00f3 su circuito, partiendo desde Cacheuta y recorriendo la ruta 82, el Corredor Oeste y la avenida Boulogne Sur Mer hasta llegar a los portones del mencionado parque. Desde la edici\u00f3n 2018 su circuito se encuentra homologado por la IAAF y la AIMS.<\/div><\/div>[\/vc_column][vc_column width=\u00bb2\/3&#8243;][vc_column_text css=\u00bb\u00bb]<\/p>\n<table class=\"wikitable sortable jquery-tablesorter\">\n<thead>\n<tr>\n<th class=\"headerSort\" tabindex=\"0\" title=\"Orden ascendente\" role=\"columnheader button\"><span style=\"font-weight: 400;\">Edici\u00f3n<\/span><\/th>\n<th class=\"headerSort\" tabindex=\"0\" title=\"Orden ascendente\" role=\"columnheader button\"><span style=\"font-weight: 400;\">A\u00f1o<\/span><\/th>\n<th class=\"headerSort\" tabindex=\"0\" title=\"Orden ascendente\" role=\"columnheader button\"><span style=\"font-weight: 400;\">Vencedor masculino<\/span><\/th>\n<th class=\"headerSort\" tabindex=\"0\" title=\"Orden ascendente\" role=\"columnheader button\"><span style=\"font-weight: 400;\">Tiempo (h:m:s)<\/span><\/th>\n<th class=\"headerSort\" tabindex=\"0\" title=\"Orden ascendente\" role=\"columnheader button\"><span style=\"font-weight: 400;\">Vencedora femenina<\/span><\/th>\n<th class=\"headerSort\" tabindex=\"0\" title=\"Orden ascendente\" role=\"columnheader button\"><span style=\"font-weight: 400;\">Tiempo (h:m:s)<\/span><\/th>\n<\/tr>\n<\/thead>\n<tbody>\n<tr>\n<td>25\u00b0<\/td>\n<td>2025<sup id=\"cite_ref-:mim2024_4-0\" class=\"reference separada\"><\/sup>\u200b<\/td>\n<td align=\"left\"><span class=\"flagicon\"><span class=\"mw-image-border\"><a class=\"mw-file-description\" title=\"Bandera de Argentina\" href=\"https:\/\/es.wikipedia.org\/wiki\/Archivo:Flag_of_Argentina.svg\"><img decoding=\"async\" class=\"mw-file-element\" src=\"https:\/\/upload.wikimedia.org\/wikipedia\/commons\/thumb\/1\/1a\/Flag_of_Argentina.svg\/20px-Flag_of_Argentina.svg.png\" srcset=\"\/\/upload.wikimedia.org\/wikipedia\/commons\/thumb\/1\/1a\/Flag_of_Argentina.svg\/30px-Flag_of_Argentina.svg.png 1.5x, \/\/upload.wikimedia.org\/wikipedia\/commons\/thumb\/1\/1a\/Flag_of_Argentina.svg\/40px-Flag_of_Argentina.svg.png 2x\" alt=\"Bandera de Argentina\" width=\"20\" height=\"13\" data-file-width=\"800\" data-file-height=\"500\" \/><\/a><\/span><\/span>\u00a0Bruno Barsotti<\/td>\n<td>2:27:22<\/td>\n<td align=\"left\"><span class=\"flagicon\"><span class=\"mw-image-border\"><a class=\"mw-file-description\" title=\"Bandera de Argentina\" href=\"https:\/\/es.wikipedia.org\/wiki\/Archivo:Flag_of_Argentina.svg\"><img decoding=\"async\" class=\"mw-file-element\" src=\"https:\/\/upload.wikimedia.org\/wikipedia\/commons\/thumb\/1\/1a\/Flag_of_Argentina.svg\/20px-Flag_of_Argentina.svg.png\" srcset=\"\/\/upload.wikimedia.org\/wikipedia\/commons\/thumb\/1\/1a\/Flag_of_Argentina.svg\/30px-Flag_of_Argentina.svg.png 1.5x, \/\/upload.wikimedia.org\/wikipedia\/commons\/thumb\/1\/1a\/Flag_of_Argentina.svg\/40px-Flag_of_Argentina.svg.png 2x\" alt=\"Bandera de Argentina\" width=\"20\" height=\"13\" data-file-width=\"800\" data-file-height=\"500\" \/><\/a><\/span><\/span>\u00a0Adela Barrios<\/td>\n<td>2:48:32<\/td>\n<\/tr>\n<tr>\n<td>24\u00b0<\/td>\n<td>2024<sup id=\"cite_ref-:mim2024_4-0\" class=\"reference separada\"><\/sup>\u200b<\/td>\n<td align=\"left\"><span class=\"flagicon\"><span class=\"mw-image-border\"><a class=\"mw-file-description\" title=\"Bandera de Argentina\" href=\"https:\/\/es.wikipedia.org\/wiki\/Archivo:Flag_of_Argentina.svg\"><img decoding=\"async\" class=\"mw-file-element\" src=\"https:\/\/upload.wikimedia.org\/wikipedia\/commons\/thumb\/1\/1a\/Flag_of_Argentina.svg\/20px-Flag_of_Argentina.svg.png\" srcset=\"\/\/upload.wikimedia.org\/wikipedia\/commons\/thumb\/1\/1a\/Flag_of_Argentina.svg\/30px-Flag_of_Argentina.svg.png 1.5x, \/\/upload.wikimedia.org\/wikipedia\/commons\/thumb\/1\/1a\/Flag_of_Argentina.svg\/40px-Flag_of_Argentina.svg.png 2x\" alt=\"Bandera de Argentina\" width=\"20\" height=\"13\" data-file-width=\"800\" data-file-height=\"500\" \/><\/a><\/span><\/span>\u00a0Carlos Becerra<\/td>\n<td>2:21:32<\/td>\n<td align=\"left\"><span class=\"flagicon\"><span class=\"mw-image-border\"><a class=\"mw-file-description\" title=\"Bandera de Argentina\" href=\"https:\/\/es.wikipedia.org\/wiki\/Archivo:Flag_of_Argentina.svg\"><img decoding=\"async\" class=\"mw-file-element\" src=\"https:\/\/upload.wikimedia.org\/wikipedia\/commons\/thumb\/1\/1a\/Flag_of_Argentina.svg\/20px-Flag_of_Argentina.svg.png\" srcset=\"\/\/upload.wikimedia.org\/wikipedia\/commons\/thumb\/1\/1a\/Flag_of_Argentina.svg\/30px-Flag_of_Argentina.svg.png 1.5x, \/\/upload.wikimedia.org\/wikipedia\/commons\/thumb\/1\/1a\/Flag_of_Argentina.svg\/40px-Flag_of_Argentina.svg.png 2x\" alt=\"Bandera de Argentina\" width=\"20\" height=\"13\" data-file-width=\"800\" data-file-height=\"500\" \/><\/a><\/span><\/span>\u00a0Luciana Lucero<\/td>\n<td>2:55:33<\/td>\n<\/tr>\n<tr>\n<td>23\u00b0<\/td>\n<td>2023<sup id=\"cite_ref-:mim2023_5-0\" class=\"reference separada\"><\/sup>\u200b<\/td>\n<td align=\"left\"><span class=\"flagicon\"><span class=\"mw-image-border\"><a class=\"mw-file-description\" title=\"Bandera de Argentina\" href=\"https:\/\/es.wikipedia.org\/wiki\/Archivo:Flag_of_Argentina.svg\"><img decoding=\"async\" class=\"mw-file-element\" src=\"https:\/\/upload.wikimedia.org\/wikipedia\/commons\/thumb\/1\/1a\/Flag_of_Argentina.svg\/20px-Flag_of_Argentina.svg.png\" srcset=\"\/\/upload.wikimedia.org\/wikipedia\/commons\/thumb\/1\/1a\/Flag_of_Argentina.svg\/30px-Flag_of_Argentina.svg.png 1.5x, \/\/upload.wikimedia.org\/wikipedia\/commons\/thumb\/1\/1a\/Flag_of_Argentina.svg\/40px-Flag_of_Argentina.svg.png 2x\" alt=\"Bandera de Argentina\" width=\"20\" height=\"13\" data-file-width=\"800\" data-file-height=\"500\" \/><\/a><\/span><\/span>\u00a0Carlos Becerra<\/td>\n<td>2:24:27<\/td>\n<td align=\"left\"><span class=\"flagicon\"><span class=\"mw-image-border\"><a class=\"mw-file-description\" title=\"Bandera de Argentina\" href=\"https:\/\/es.wikipedia.org\/wiki\/Archivo:Flag_of_Argentina.svg\"><img decoding=\"async\" class=\"mw-file-element\" src=\"https:\/\/upload.wikimedia.org\/wikipedia\/commons\/thumb\/1\/1a\/Flag_of_Argentina.svg\/20px-Flag_of_Argentina.svg.png\" srcset=\"\/\/upload.wikimedia.org\/wikipedia\/commons\/thumb\/1\/1a\/Flag_of_Argentina.svg\/30px-Flag_of_Argentina.svg.png 1.5x, \/\/upload.wikimedia.org\/wikipedia\/commons\/thumb\/1\/1a\/Flag_of_Argentina.svg\/40px-Flag_of_Argentina.svg.png 2x\" alt=\"Bandera de Argentina\" width=\"20\" height=\"13\" data-file-width=\"800\" data-file-height=\"500\" \/><\/a><\/span><\/span>\u00a0Sarah Garthe<\/td>\n<td>2:57:51<\/td>\n<\/tr>\n<tr>\n<td>22\u00b0<\/td>\n<td>2022<sup id=\"cite_ref-:mim2022_6-0\" class=\"reference separada\"><\/sup>\u200b<\/td>\n<td align=\"left\"><span class=\"flagicon\"><span class=\"mw-image-border\"><a class=\"mw-file-description\" title=\"Bandera de Argentina\" href=\"https:\/\/es.wikipedia.org\/wiki\/Archivo:Flag_of_Argentina.svg\"><img decoding=\"async\" class=\"mw-file-element\" src=\"https:\/\/upload.wikimedia.org\/wikipedia\/commons\/thumb\/1\/1a\/Flag_of_Argentina.svg\/20px-Flag_of_Argentina.svg.png\" srcset=\"\/\/upload.wikimedia.org\/wikipedia\/commons\/thumb\/1\/1a\/Flag_of_Argentina.svg\/30px-Flag_of_Argentina.svg.png 1.5x, \/\/upload.wikimedia.org\/wikipedia\/commons\/thumb\/1\/1a\/Flag_of_Argentina.svg\/40px-Flag_of_Argentina.svg.png 2x\" alt=\"Bandera de Argentina\" width=\"20\" height=\"13\" data-file-width=\"800\" data-file-height=\"500\" \/><\/a><\/span><\/span>\u00a0Luis Molina<\/td>\n<td>2:20:54<\/td>\n<td align=\"left\"><span class=\"flagicon\"><span class=\"mw-image-border\"><a class=\"mw-file-description\" title=\"Bandera de Argentina\" href=\"https:\/\/es.wikipedia.org\/wiki\/Archivo:Flag_of_Argentina.svg\"><img decoding=\"async\" class=\"mw-file-element\" src=\"https:\/\/upload.wikimedia.org\/wikipedia\/commons\/thumb\/1\/1a\/Flag_of_Argentina.svg\/20px-Flag_of_Argentina.svg.png\" srcset=\"\/\/upload.wikimedia.org\/wikipedia\/commons\/thumb\/1\/1a\/Flag_of_Argentina.svg\/30px-Flag_of_Argentina.svg.png 1.5x, \/\/upload.wikimedia.org\/wikipedia\/commons\/thumb\/1\/1a\/Flag_of_Argentina.svg\/40px-Flag_of_Argentina.svg.png 2x\" alt=\"Bandera de Argentina\" width=\"20\" height=\"13\" data-file-width=\"800\" data-file-height=\"500\" \/><\/a><\/span><\/span>\u00a0Adela Barrios<\/td>\n<td>2:48:46<\/td>\n<\/tr>\n<tr>\n<td>21\u00b0<\/td>\n<td>2021<sup id=\"cite_ref-:mim2021_7-0\" class=\"reference separada\"><\/sup>\u200b<\/td>\n<td align=\"left\"><span class=\"flagicon\"><span class=\"mw-image-border\"><a class=\"mw-file-description\" title=\"Bandera de Argentina\" href=\"https:\/\/es.wikipedia.org\/wiki\/Archivo:Flag_of_Argentina.svg\"><img decoding=\"async\" class=\"mw-file-element\" src=\"https:\/\/upload.wikimedia.org\/wikipedia\/commons\/thumb\/1\/1a\/Flag_of_Argentina.svg\/20px-Flag_of_Argentina.svg.png\" srcset=\"\/\/upload.wikimedia.org\/wikipedia\/commons\/thumb\/1\/1a\/Flag_of_Argentina.svg\/30px-Flag_of_Argentina.svg.png 1.5x, \/\/upload.wikimedia.org\/wikipedia\/commons\/thumb\/1\/1a\/Flag_of_Argentina.svg\/40px-Flag_of_Argentina.svg.png 2x\" alt=\"Bandera de Argentina\" width=\"20\" height=\"13\" data-file-width=\"800\" data-file-height=\"500\" \/><\/a><\/span><\/span>\u00a0Antonio Poblete<\/td>\n<td>2:21:12<\/td>\n<td align=\"left\"><span class=\"flagicon\"><span class=\"mw-image-border\"><a class=\"mw-file-description\" title=\"Bandera de Argentina\" href=\"https:\/\/es.wikipedia.org\/wiki\/Archivo:Flag_of_Argentina.svg\"><img decoding=\"async\" class=\"mw-file-element\" src=\"https:\/\/upload.wikimedia.org\/wikipedia\/commons\/thumb\/1\/1a\/Flag_of_Argentina.svg\/20px-Flag_of_Argentina.svg.png\" srcset=\"\/\/upload.wikimedia.org\/wikipedia\/commons\/thumb\/1\/1a\/Flag_of_Argentina.svg\/30px-Flag_of_Argentina.svg.png 1.5x, \/\/upload.wikimedia.org\/wikipedia\/commons\/thumb\/1\/1a\/Flag_of_Argentina.svg\/40px-Flag_of_Argentina.svg.png 2x\" alt=\"Bandera de Argentina\" width=\"20\" height=\"13\" data-file-width=\"800\" data-file-height=\"500\" \/><\/a><\/span><\/span>\u00a0Adela Barrios<\/td>\n<td>2:54:34<\/td>\n<\/tr>\n<tr>\n<td>20\u00b0<\/td>\n<td>2019<sup id=\"cite_ref-:mim2019_8-0\" class=\"reference separada\"><\/sup>\u200b<\/td>\n<td align=\"left\"><span class=\"flagicon\"><span class=\"mw-image-border\"><a class=\"mw-file-description\" title=\"Bandera de Argentina\" href=\"https:\/\/es.wikipedia.org\/wiki\/Archivo:Flag_of_Argentina.svg\"><img decoding=\"async\" class=\"mw-file-element\" src=\"https:\/\/upload.wikimedia.org\/wikipedia\/commons\/thumb\/1\/1a\/Flag_of_Argentina.svg\/20px-Flag_of_Argentina.svg.png\" srcset=\"\/\/upload.wikimedia.org\/wikipedia\/commons\/thumb\/1\/1a\/Flag_of_Argentina.svg\/30px-Flag_of_Argentina.svg.png 1.5x, \/\/upload.wikimedia.org\/wikipedia\/commons\/thumb\/1\/1a\/Flag_of_Argentina.svg\/40px-Flag_of_Argentina.svg.png 2x\" alt=\"Bandera de Argentina\" width=\"20\" height=\"13\" data-file-width=\"800\" data-file-height=\"500\" \/><\/a><\/span><\/span>\u00a0Cristian Mohamed<\/td>\n<td>2:30:37<\/td>\n<td align=\"left\"><span class=\"flagicon\"><span class=\"mw-image-border\"><a class=\"mw-file-description\" title=\"Bandera de Argentina\" href=\"https:\/\/es.wikipedia.org\/wiki\/Archivo:Flag_of_Argentina.svg\"><img decoding=\"async\" class=\"mw-file-element\" src=\"https:\/\/upload.wikimedia.org\/wikipedia\/commons\/thumb\/1\/1a\/Flag_of_Argentina.svg\/20px-Flag_of_Argentina.svg.png\" srcset=\"\/\/upload.wikimedia.org\/wikipedia\/commons\/thumb\/1\/1a\/Flag_of_Argentina.svg\/30px-Flag_of_Argentina.svg.png 1.5x, \/\/upload.wikimedia.org\/wikipedia\/commons\/thumb\/1\/1a\/Flag_of_Argentina.svg\/40px-Flag_of_Argentina.svg.png 2x\" alt=\"Bandera de Argentina\" width=\"20\" height=\"13\" data-file-width=\"800\" data-file-height=\"500\" \/><\/a><\/span><\/span>\u00a0Adela Barrios<\/td>\n<td bgcolor=\"#E5DC19\">2:47:44 (*)<\/td>\n<\/tr>\n<tr>\n<td>19\u00b0<\/td>\n<td>2018<sup id=\"cite_ref-:mim2018_9-0\" class=\"reference separada\"><\/sup>\u200b<\/td>\n<td align=\"left\"><span class=\"flagicon\"><span class=\"mw-image-border\"><a class=\"mw-file-description\" title=\"Bandera de Argentina\" href=\"https:\/\/es.wikipedia.org\/wiki\/Archivo:Flag_of_Argentina.svg\"><img decoding=\"async\" class=\"mw-file-element\" src=\"https:\/\/upload.wikimedia.org\/wikipedia\/commons\/thumb\/1\/1a\/Flag_of_Argentina.svg\/20px-Flag_of_Argentina.svg.png\" srcset=\"\/\/upload.wikimedia.org\/wikipedia\/commons\/thumb\/1\/1a\/Flag_of_Argentina.svg\/30px-Flag_of_Argentina.svg.png 1.5x, \/\/upload.wikimedia.org\/wikipedia\/commons\/thumb\/1\/1a\/Flag_of_Argentina.svg\/40px-Flag_of_Argentina.svg.png 2x\" alt=\"Bandera de Argentina\" width=\"20\" height=\"13\" data-file-width=\"800\" data-file-height=\"500\" \/><\/a><\/span><\/span>\u00a0Nicol\u00e1s Ternavasio<\/td>\n<td>2:28:04<\/td>\n<td align=\"left\"><span class=\"flagicon\"><span class=\"mw-image-border\"><a class=\"mw-file-description\" title=\"Bandera de Argentina\" href=\"https:\/\/es.wikipedia.org\/wiki\/Archivo:Flag_of_Argentina.svg\"><img decoding=\"async\" class=\"mw-file-element\" src=\"https:\/\/upload.wikimedia.org\/wikipedia\/commons\/thumb\/1\/1a\/Flag_of_Argentina.svg\/20px-Flag_of_Argentina.svg.png\" srcset=\"\/\/upload.wikimedia.org\/wikipedia\/commons\/thumb\/1\/1a\/Flag_of_Argentina.svg\/30px-Flag_of_Argentina.svg.png 1.5x, \/\/upload.wikimedia.org\/wikipedia\/commons\/thumb\/1\/1a\/Flag_of_Argentina.svg\/40px-Flag_of_Argentina.svg.png 2x\" alt=\"Bandera de Argentina\" width=\"20\" height=\"13\" data-file-width=\"800\" data-file-height=\"500\" \/><\/a><\/span><\/span>\u00a0Johana Emmert<\/td>\n<td>2:54:49<\/td>\n<\/tr>\n<tr>\n<td>18\u00b0<\/td>\n<td>2017<sup id=\"cite_ref-:mim2017_10-0\" class=\"reference separada\"><\/sup>\u200b<\/td>\n<td align=\"left\"><span class=\"flagicon\"><span class=\"mw-image-border\"><a class=\"mw-file-description\" title=\"Bandera de Argentina\" href=\"https:\/\/es.wikipedia.org\/wiki\/Archivo:Flag_of_Argentina.svg\"><img decoding=\"async\" class=\"mw-file-element\" src=\"https:\/\/upload.wikimedia.org\/wikipedia\/commons\/thumb\/1\/1a\/Flag_of_Argentina.svg\/20px-Flag_of_Argentina.svg.png\" srcset=\"\/\/upload.wikimedia.org\/wikipedia\/commons\/thumb\/1\/1a\/Flag_of_Argentina.svg\/30px-Flag_of_Argentina.svg.png 1.5x, \/\/upload.wikimedia.org\/wikipedia\/commons\/thumb\/1\/1a\/Flag_of_Argentina.svg\/40px-Flag_of_Argentina.svg.png 2x\" alt=\"Bandera de Argentina\" width=\"20\" height=\"13\" data-file-width=\"800\" data-file-height=\"500\" \/><\/a><\/span><\/span>\u00a0Cristian Mohamed<\/td>\n<td>2:31:16<\/td>\n<td align=\"left\"><span class=\"flagicon\"><span class=\"mw-image-border\"><a class=\"mw-file-description\" title=\"Bandera de Argentina\" href=\"https:\/\/es.wikipedia.org\/wiki\/Archivo:Flag_of_Argentina.svg\"><img decoding=\"async\" class=\"mw-file-element\" src=\"https:\/\/upload.wikimedia.org\/wikipedia\/commons\/thumb\/1\/1a\/Flag_of_Argentina.svg\/20px-Flag_of_Argentina.svg.png\" srcset=\"\/\/upload.wikimedia.org\/wikipedia\/commons\/thumb\/1\/1a\/Flag_of_Argentina.svg\/30px-Flag_of_Argentina.svg.png 1.5x, \/\/upload.wikimedia.org\/wikipedia\/commons\/thumb\/1\/1a\/Flag_of_Argentina.svg\/40px-Flag_of_Argentina.svg.png 2x\" alt=\"Bandera de Argentina\" width=\"20\" height=\"13\" data-file-width=\"800\" data-file-height=\"500\" \/><\/a><\/span><\/span>\u00a0Johana Emmert<\/td>\n<td>3:01:50<\/td>\n<\/tr>\n<tr>\n<td>17\u00b0<\/td>\n<td>2016<sup id=\"cite_ref-:mim2016_11-0\" class=\"reference separada\"><\/sup>\u200b<\/td>\n<td align=\"left\"><span class=\"flagicon\"><span class=\"mw-image-border\"><a class=\"mw-file-description\" title=\"Bandera de Argentina\" href=\"https:\/\/es.wikipedia.org\/wiki\/Archivo:Flag_of_Argentina.svg\"><img decoding=\"async\" class=\"mw-file-element\" src=\"https:\/\/upload.wikimedia.org\/wikipedia\/commons\/thumb\/1\/1a\/Flag_of_Argentina.svg\/20px-Flag_of_Argentina.svg.png\" srcset=\"\/\/upload.wikimedia.org\/wikipedia\/commons\/thumb\/1\/1a\/Flag_of_Argentina.svg\/30px-Flag_of_Argentina.svg.png 1.5x, \/\/upload.wikimedia.org\/wikipedia\/commons\/thumb\/1\/1a\/Flag_of_Argentina.svg\/40px-Flag_of_Argentina.svg.png 2x\" alt=\"Bandera de Argentina\" width=\"20\" height=\"13\" data-file-width=\"800\" data-file-height=\"500\" \/><\/a><\/span><\/span>\u00a0Dar\u00edo Burgos<\/td>\n<td>2:42:54<\/td>\n<td align=\"left\"><span class=\"flagicon\"><span class=\"mw-image-border\"><a class=\"mw-file-description\" title=\"Bandera de Argentina\" href=\"https:\/\/es.wikipedia.org\/wiki\/Archivo:Flag_of_Argentina.svg\"><img decoding=\"async\" class=\"mw-file-element\" src=\"https:\/\/upload.wikimedia.org\/wikipedia\/commons\/thumb\/1\/1a\/Flag_of_Argentina.svg\/20px-Flag_of_Argentina.svg.png\" srcset=\"\/\/upload.wikimedia.org\/wikipedia\/commons\/thumb\/1\/1a\/Flag_of_Argentina.svg\/30px-Flag_of_Argentina.svg.png 1.5x, \/\/upload.wikimedia.org\/wikipedia\/commons\/thumb\/1\/1a\/Flag_of_Argentina.svg\/40px-Flag_of_Argentina.svg.png 2x\" alt=\"Bandera de Argentina\" width=\"20\" height=\"13\" data-file-width=\"800\" data-file-height=\"500\" \/><\/a><\/span><\/span> Bel\u00e9n Cabrera<\/td>\n<td>3:13:23<\/td>\n<\/tr>\n<tr>\n<td>16\u00b0<\/td>\n<td>2015<\/td>\n<td align=\"left\"><span class=\"flagicon\"><span class=\"mw-image-border\"><a class=\"mw-file-description\" title=\"Bandera de Argentina\" href=\"https:\/\/es.wikipedia.org\/wiki\/Archivo:Flag_of_Argentina.svg\"><img decoding=\"async\" class=\"mw-file-element\" src=\"https:\/\/upload.wikimedia.org\/wikipedia\/commons\/thumb\/1\/1a\/Flag_of_Argentina.svg\/20px-Flag_of_Argentina.svg.png\" srcset=\"\/\/upload.wikimedia.org\/wikipedia\/commons\/thumb\/1\/1a\/Flag_of_Argentina.svg\/30px-Flag_of_Argentina.svg.png 1.5x, \/\/upload.wikimedia.org\/wikipedia\/commons\/thumb\/1\/1a\/Flag_of_Argentina.svg\/40px-Flag_of_Argentina.svg.png 2x\" alt=\"Bandera de Argentina\" width=\"20\" height=\"13\" data-file-width=\"800\" data-file-height=\"500\" \/><\/a><\/span><\/span>\u00a0Dario Burgos<\/td>\n<td>2:34:34<\/td>\n<td align=\"left\"><span class=\"flagicon\"><span class=\"mw-image-border\"><a class=\"mw-file-description\" title=\"Bandera de Argentina\" href=\"https:\/\/es.wikipedia.org\/wiki\/Archivo:Flag_of_Argentina.svg\"><img decoding=\"async\" class=\"mw-file-element\" src=\"https:\/\/upload.wikimedia.org\/wikipedia\/commons\/thumb\/1\/1a\/Flag_of_Argentina.svg\/20px-Flag_of_Argentina.svg.png\" srcset=\"\/\/upload.wikimedia.org\/wikipedia\/commons\/thumb\/1\/1a\/Flag_of_Argentina.svg\/30px-Flag_of_Argentina.svg.png 1.5x, \/\/upload.wikimedia.org\/wikipedia\/commons\/thumb\/1\/1a\/Flag_of_Argentina.svg\/40px-Flag_of_Argentina.svg.png 2x\" alt=\"Bandera de Argentina\" width=\"20\" height=\"13\" data-file-width=\"800\" data-file-height=\"500\" \/><\/a><\/span><\/span>\u00a0Mar\u00eda Civelli<\/td>\n<td>2:55:23<\/td>\n<\/tr>\n<tr>\n<td>15\u00b0<\/td>\n<td>2014<sup id=\"cite_ref-:mim2014_12-0\" class=\"reference separada\"><\/sup>\u200b<\/td>\n<td align=\"left\"><span class=\"flagicon\"><span class=\"mw-image-border\"><a class=\"mw-file-description\" title=\"Bandera de Argentina\" href=\"https:\/\/es.wikipedia.org\/wiki\/Archivo:Flag_of_Argentina.svg\"><img decoding=\"async\" class=\"mw-file-element\" src=\"https:\/\/upload.wikimedia.org\/wikipedia\/commons\/thumb\/1\/1a\/Flag_of_Argentina.svg\/20px-Flag_of_Argentina.svg.png\" srcset=\"\/\/upload.wikimedia.org\/wikipedia\/commons\/thumb\/1\/1a\/Flag_of_Argentina.svg\/30px-Flag_of_Argentina.svg.png 1.5x, \/\/upload.wikimedia.org\/wikipedia\/commons\/thumb\/1\/1a\/Flag_of_Argentina.svg\/40px-Flag_of_Argentina.svg.png 2x\" alt=\"Bandera de Argentina\" width=\"20\" height=\"13\" data-file-width=\"800\" data-file-height=\"500\" \/><\/a><\/span><\/span>\u00a0Dar\u00edo Burgos<\/td>\n<td>2:38:19<\/td>\n<td align=\"left\"><span class=\"flagicon\"><span class=\"mw-image-border\"><a class=\"mw-file-description\" title=\"Bandera de Argentina\" href=\"https:\/\/es.wikipedia.org\/wiki\/Archivo:Flag_of_Argentina.svg\"><img decoding=\"async\" class=\"mw-file-element\" src=\"https:\/\/upload.wikimedia.org\/wikipedia\/commons\/thumb\/1\/1a\/Flag_of_Argentina.svg\/20px-Flag_of_Argentina.svg.png\" srcset=\"\/\/upload.wikimedia.org\/wikipedia\/commons\/thumb\/1\/1a\/Flag_of_Argentina.svg\/30px-Flag_of_Argentina.svg.png 1.5x, \/\/upload.wikimedia.org\/wikipedia\/commons\/thumb\/1\/1a\/Flag_of_Argentina.svg\/40px-Flag_of_Argentina.svg.png 2x\" alt=\"Bandera de Argentina\" width=\"20\" height=\"13\" data-file-width=\"800\" data-file-height=\"500\" \/><\/a><\/span><\/span>\u00a0Adriana Blesa<\/td>\n<td>3:28:42<\/td>\n<\/tr>\n<tr>\n<td>14\u00b0<\/td>\n<td>2013<sup id=\"cite_ref-:mim2013_13-0\" class=\"reference separada\"><\/sup>\u200b<\/td>\n<td align=\"left\"><span class=\"flagicon\"><span class=\"mw-image-border\"><a class=\"mw-file-description\" title=\"Bandera de Chile\" href=\"https:\/\/es.wikipedia.org\/wiki\/Archivo:Flag_of_Chile.svg\"><img decoding=\"async\" class=\"mw-file-element\" src=\"https:\/\/upload.wikimedia.org\/wikipedia\/commons\/thumb\/7\/78\/Flag_of_Chile.svg\/20px-Flag_of_Chile.svg.png\" srcset=\"\/\/upload.wikimedia.org\/wikipedia\/commons\/thumb\/7\/78\/Flag_of_Chile.svg\/30px-Flag_of_Chile.svg.png 1.5x, \/\/upload.wikimedia.org\/wikipedia\/commons\/thumb\/7\/78\/Flag_of_Chile.svg\/40px-Flag_of_Chile.svg.png 2x\" alt=\"Bandera de Chile\" width=\"20\" height=\"13\" data-file-width=\"900\" data-file-height=\"600\" \/><\/a><\/span><\/span>\u00a0Jorge Vald\u00e9s<\/td>\n<td>2:31:50<\/td>\n<td align=\"left\"><span class=\"flagicon\"><span class=\"mw-image-border\"><a class=\"mw-file-description\" title=\"Bandera de Argentina\" href=\"https:\/\/es.wikipedia.org\/wiki\/Archivo:Flag_of_Argentina.svg\"><img decoding=\"async\" class=\"mw-file-element\" src=\"https:\/\/upload.wikimedia.org\/wikipedia\/commons\/thumb\/1\/1a\/Flag_of_Argentina.svg\/20px-Flag_of_Argentina.svg.png\" srcset=\"\/\/upload.wikimedia.org\/wikipedia\/commons\/thumb\/1\/1a\/Flag_of_Argentina.svg\/30px-Flag_of_Argentina.svg.png 1.5x, \/\/upload.wikimedia.org\/wikipedia\/commons\/thumb\/1\/1a\/Flag_of_Argentina.svg\/40px-Flag_of_Argentina.svg.png 2x\" alt=\"Bandera de Argentina\" width=\"20\" height=\"13\" data-file-width=\"800\" data-file-height=\"500\" \/><\/a><\/span><\/span>\u00a0Veronica Donoso<\/td>\n<td>3:15:07<\/td>\n<\/tr>\n<tr>\n<td>13\u00b0<\/td>\n<td>2012<sup id=\"cite_ref-:mim2012_14-0\" class=\"reference separada\"><\/sup>\u200b<\/td>\n<td align=\"left\"><span class=\"flagicon\"><span class=\"mw-image-border\"><a class=\"mw-file-description\" title=\"Bandera de Chile\" href=\"https:\/\/es.wikipedia.org\/wiki\/Archivo:Flag_of_Chile.svg\"><img decoding=\"async\" class=\"mw-file-element\" src=\"https:\/\/upload.wikimedia.org\/wikipedia\/commons\/thumb\/7\/78\/Flag_of_Chile.svg\/20px-Flag_of_Chile.svg.png\" srcset=\"\/\/upload.wikimedia.org\/wikipedia\/commons\/thumb\/7\/78\/Flag_of_Chile.svg\/30px-Flag_of_Chile.svg.png 1.5x, \/\/upload.wikimedia.org\/wikipedia\/commons\/thumb\/7\/78\/Flag_of_Chile.svg\/40px-Flag_of_Chile.svg.png 2x\" alt=\"Bandera de Chile\" width=\"20\" height=\"13\" data-file-width=\"900\" data-file-height=\"600\" \/><\/a><\/span><\/span>\u00a0Francisco Sanzana<\/td>\n<td>2:29:25<\/td>\n<td align=\"left\"><span class=\"flagicon\"><span class=\"mw-image-border\"><a class=\"mw-file-description\" title=\"Bandera de Argentina\" href=\"https:\/\/es.wikipedia.org\/wiki\/Archivo:Flag_of_Argentina.svg\"><img decoding=\"async\" class=\"mw-file-element\" src=\"https:\/\/upload.wikimedia.org\/wikipedia\/commons\/thumb\/1\/1a\/Flag_of_Argentina.svg\/20px-Flag_of_Argentina.svg.png\" srcset=\"\/\/upload.wikimedia.org\/wikipedia\/commons\/thumb\/1\/1a\/Flag_of_Argentina.svg\/30px-Flag_of_Argentina.svg.png 1.5x, \/\/upload.wikimedia.org\/wikipedia\/commons\/thumb\/1\/1a\/Flag_of_Argentina.svg\/40px-Flag_of_Argentina.svg.png 2x\" alt=\"Bandera de Argentina\" width=\"20\" height=\"13\" data-file-width=\"800\" data-file-height=\"500\" \/><\/a><\/span><\/span> Betiana Guzzetta<\/td>\n<td>2:51:08<\/td>\n<\/tr>\n<tr>\n<td>12\u00b0<\/td>\n<td>2011<sup id=\"cite_ref-:mim2011_15-0\" class=\"reference separada\"><\/sup>\u200b<\/td>\n<td align=\"left\"><span class=\"flagicon\"><span class=\"mw-image-border\"><a class=\"mw-file-description\" title=\"Bandera de Argentina\" href=\"https:\/\/es.wikipedia.org\/wiki\/Archivo:Flag_of_Argentina.svg\"><img decoding=\"async\" class=\"mw-file-element\" src=\"https:\/\/upload.wikimedia.org\/wikipedia\/commons\/thumb\/1\/1a\/Flag_of_Argentina.svg\/20px-Flag_of_Argentina.svg.png\" srcset=\"\/\/upload.wikimedia.org\/wikipedia\/commons\/thumb\/1\/1a\/Flag_of_Argentina.svg\/30px-Flag_of_Argentina.svg.png 1.5x, \/\/upload.wikimedia.org\/wikipedia\/commons\/thumb\/1\/1a\/Flag_of_Argentina.svg\/40px-Flag_of_Argentina.svg.png 2x\" alt=\"Bandera de Argentina\" width=\"20\" height=\"13\" data-file-width=\"800\" data-file-height=\"500\" \/><\/a><\/span><\/span>\u00a0Cristian Mohamed<\/td>\n<td>2:29:31<\/td>\n<td align=\"left\"><span class=\"flagicon\"><span class=\"mw-image-border\"><a class=\"mw-file-description\" title=\"Bandera de Argentina\" href=\"https:\/\/es.wikipedia.org\/wiki\/Archivo:Flag_of_Argentina.svg\"><img decoding=\"async\" class=\"mw-file-element\" src=\"https:\/\/upload.wikimedia.org\/wikipedia\/commons\/thumb\/1\/1a\/Flag_of_Argentina.svg\/20px-Flag_of_Argentina.svg.png\" srcset=\"\/\/upload.wikimedia.org\/wikipedia\/commons\/thumb\/1\/1a\/Flag_of_Argentina.svg\/30px-Flag_of_Argentina.svg.png 1.5x, \/\/upload.wikimedia.org\/wikipedia\/commons\/thumb\/1\/1a\/Flag_of_Argentina.svg\/40px-Flag_of_Argentina.svg.png 2x\" alt=\"Bandera de Argentina\" width=\"20\" height=\"13\" data-file-width=\"800\" data-file-height=\"500\" \/><\/a><\/span><\/span> Betiana Guzzetta<\/td>\n<td>3:01:24<\/td>\n<\/tr>\n<tr>\n<td>11\u00b0<\/td>\n<td>2010<sup id=\"cite_ref-:mim2010_16-0\" class=\"reference separada\"><\/sup>\u200b<\/td>\n<td align=\"left\"><span class=\"flagicon\"><span class=\"mw-image-border\"><a class=\"mw-file-description\" title=\"Bandera de Argentina\" href=\"https:\/\/es.wikipedia.org\/wiki\/Archivo:Flag_of_Argentina.svg\"><img decoding=\"async\" class=\"mw-file-element\" src=\"https:\/\/upload.wikimedia.org\/wikipedia\/commons\/thumb\/1\/1a\/Flag_of_Argentina.svg\/20px-Flag_of_Argentina.svg.png\" srcset=\"\/\/upload.wikimedia.org\/wikipedia\/commons\/thumb\/1\/1a\/Flag_of_Argentina.svg\/30px-Flag_of_Argentina.svg.png 1.5x, \/\/upload.wikimedia.org\/wikipedia\/commons\/thumb\/1\/1a\/Flag_of_Argentina.svg\/40px-Flag_of_Argentina.svg.png 2x\" alt=\"Bandera de Argentina\" width=\"20\" height=\"13\" data-file-width=\"800\" data-file-height=\"500\" \/><\/a><\/span><\/span>\u00a0Miguel Gauna<\/td>\n<td>2:38:05<\/td>\n<td align=\"left\"><span class=\"flagicon\"><span class=\"mw-image-border\"><a class=\"mw-file-description\" title=\"Bandera de Argentina\" href=\"https:\/\/es.wikipedia.org\/wiki\/Archivo:Flag_of_Argentina.svg\"><img decoding=\"async\" class=\"mw-file-element\" src=\"https:\/\/upload.wikimedia.org\/wikipedia\/commons\/thumb\/1\/1a\/Flag_of_Argentina.svg\/20px-Flag_of_Argentina.svg.png\" srcset=\"\/\/upload.wikimedia.org\/wikipedia\/commons\/thumb\/1\/1a\/Flag_of_Argentina.svg\/30px-Flag_of_Argentina.svg.png 1.5x, \/\/upload.wikimedia.org\/wikipedia\/commons\/thumb\/1\/1a\/Flag_of_Argentina.svg\/40px-Flag_of_Argentina.svg.png 2x\" alt=\"Bandera de Argentina\" width=\"20\" height=\"13\" data-file-width=\"800\" data-file-height=\"500\" \/><\/a><\/span><\/span>\u00a0Desiree Amores<\/td>\n<td>3:21:02<\/td>\n<\/tr>\n<tr>\n<td>10\u00b0<\/td>\n<td>2009<sup id=\"cite_ref-:mim2009_17-0\" class=\"reference separada\"><\/sup>\u200b<\/td>\n<td align=\"left\"><span class=\"flagicon\"><span class=\"mw-image-border\"><a class=\"mw-file-description\" title=\"Bandera de Argentina\" href=\"https:\/\/es.wikipedia.org\/wiki\/Archivo:Flag_of_Argentina.svg\"><img decoding=\"async\" class=\"mw-file-element\" src=\"https:\/\/upload.wikimedia.org\/wikipedia\/commons\/thumb\/1\/1a\/Flag_of_Argentina.svg\/20px-Flag_of_Argentina.svg.png\" srcset=\"\/\/upload.wikimedia.org\/wikipedia\/commons\/thumb\/1\/1a\/Flag_of_Argentina.svg\/30px-Flag_of_Argentina.svg.png 1.5x, \/\/upload.wikimedia.org\/wikipedia\/commons\/thumb\/1\/1a\/Flag_of_Argentina.svg\/40px-Flag_of_Argentina.svg.png 2x\" alt=\"Bandera de Argentina\" width=\"20\" height=\"13\" data-file-width=\"800\" data-file-height=\"500\" \/><\/a><\/span><\/span>\u00a0Cristian Mohamed<\/td>\n<td>2:31:04<\/td>\n<td align=\"left\"><span class=\"flagicon\"><span class=\"mw-image-border\"><a class=\"mw-file-description\" title=\"Bandera de Argentina\" href=\"https:\/\/es.wikipedia.org\/wiki\/Archivo:Flag_of_Argentina.svg\"><img decoding=\"async\" class=\"mw-file-element\" src=\"https:\/\/upload.wikimedia.org\/wikipedia\/commons\/thumb\/1\/1a\/Flag_of_Argentina.svg\/20px-Flag_of_Argentina.svg.png\" srcset=\"\/\/upload.wikimedia.org\/wikipedia\/commons\/thumb\/1\/1a\/Flag_of_Argentina.svg\/30px-Flag_of_Argentina.svg.png 1.5x, \/\/upload.wikimedia.org\/wikipedia\/commons\/thumb\/1\/1a\/Flag_of_Argentina.svg\/40px-Flag_of_Argentina.svg.png 2x\" alt=\"Bandera de Argentina\" width=\"20\" height=\"13\" data-file-width=\"800\" data-file-height=\"500\" \/><\/a><\/span><\/span> Betiana Guzzetta<\/td>\n<td>2:57:07<\/td>\n<\/tr>\n<tr>\n<td>9\u00b0<\/td>\n<td>2008<sup id=\"cite_ref-:mim2008_18-0\" class=\"reference separada\"><\/sup>\u200b<\/td>\n<td align=\"left\"><span class=\"flagicon\"><span class=\"mw-image-border\"><a class=\"mw-file-description\" title=\"Bandera de Argentina\" href=\"https:\/\/es.wikipedia.org\/wiki\/Archivo:Flag_of_Argentina.svg\"><img decoding=\"async\" class=\"mw-file-element\" src=\"https:\/\/upload.wikimedia.org\/wikipedia\/commons\/thumb\/1\/1a\/Flag_of_Argentina.svg\/20px-Flag_of_Argentina.svg.png\" srcset=\"\/\/upload.wikimedia.org\/wikipedia\/commons\/thumb\/1\/1a\/Flag_of_Argentina.svg\/30px-Flag_of_Argentina.svg.png 1.5x, \/\/upload.wikimedia.org\/wikipedia\/commons\/thumb\/1\/1a\/Flag_of_Argentina.svg\/40px-Flag_of_Argentina.svg.png 2x\" alt=\"Bandera de Argentina\" width=\"20\" height=\"13\" data-file-width=\"800\" data-file-height=\"500\" \/><\/a><\/span><\/span>\u00a0Cristian Malgioglio<\/td>\n<td>2:26:38<\/td>\n<td align=\"left\"><span class=\"flagicon\"><span class=\"mw-image-border\"><a class=\"mw-file-description\" title=\"Bandera de Argentina\" href=\"https:\/\/es.wikipedia.org\/wiki\/Archivo:Flag_of_Argentina.svg\"><img decoding=\"async\" class=\"mw-file-element\" src=\"https:\/\/upload.wikimedia.org\/wikipedia\/commons\/thumb\/1\/1a\/Flag_of_Argentina.svg\/20px-Flag_of_Argentina.svg.png\" srcset=\"\/\/upload.wikimedia.org\/wikipedia\/commons\/thumb\/1\/1a\/Flag_of_Argentina.svg\/30px-Flag_of_Argentina.svg.png 1.5x, \/\/upload.wikimedia.org\/wikipedia\/commons\/thumb\/1\/1a\/Flag_of_Argentina.svg\/40px-Flag_of_Argentina.svg.png 2x\" alt=\"Bandera de Argentina\" width=\"20\" height=\"13\" data-file-width=\"800\" data-file-height=\"500\" \/><\/a><\/span><\/span> Marisa Prado<\/td>\n<td>3:08:40<\/td>\n<\/tr>\n<tr>\n<td>8\u00b0<\/td>\n<td>2007<sup id=\"cite_ref-:mim2007_19-0\" class=\"reference separada\"><\/sup>\u200b<\/td>\n<td align=\"left\"><span class=\"flagicon\"><span class=\"mw-image-border\"><a class=\"mw-file-description\" title=\"Bandera de Argentina\" href=\"https:\/\/es.wikipedia.org\/wiki\/Archivo:Flag_of_Argentina.svg\"><img decoding=\"async\" class=\"mw-file-element\" src=\"https:\/\/upload.wikimedia.org\/wikipedia\/commons\/thumb\/1\/1a\/Flag_of_Argentina.svg\/20px-Flag_of_Argentina.svg.png\" srcset=\"\/\/upload.wikimedia.org\/wikipedia\/commons\/thumb\/1\/1a\/Flag_of_Argentina.svg\/30px-Flag_of_Argentina.svg.png 1.5x, \/\/upload.wikimedia.org\/wikipedia\/commons\/thumb\/1\/1a\/Flag_of_Argentina.svg\/40px-Flag_of_Argentina.svg.png 2x\" alt=\"Bandera de Argentina\" width=\"20\" height=\"13\" data-file-width=\"800\" data-file-height=\"500\" \/><\/a><\/span><\/span>\u00a0Cristian Mohamed<\/td>\n<td>2:32:46<\/td>\n<td align=\"left\"><span class=\"flagicon\"><span class=\"mw-image-border\"><a class=\"mw-file-description\" title=\"Bandera de Argentina\" href=\"https:\/\/es.wikipedia.org\/wiki\/Archivo:Flag_of_Argentina.svg\"><img decoding=\"async\" class=\"mw-file-element\" src=\"https:\/\/upload.wikimedia.org\/wikipedia\/commons\/thumb\/1\/1a\/Flag_of_Argentina.svg\/20px-Flag_of_Argentina.svg.png\" srcset=\"\/\/upload.wikimedia.org\/wikipedia\/commons\/thumb\/1\/1a\/Flag_of_Argentina.svg\/30px-Flag_of_Argentina.svg.png 1.5x, \/\/upload.wikimedia.org\/wikipedia\/commons\/thumb\/1\/1a\/Flag_of_Argentina.svg\/40px-Flag_of_Argentina.svg.png 2x\" alt=\"Bandera de Argentina\" width=\"20\" height=\"13\" data-file-width=\"800\" data-file-height=\"500\" \/><\/a><\/span><\/span> Betiana Guzzetta<\/td>\n<td>3:04:23<\/td>\n<\/tr>\n<tr>\n<td>7\u00b0<\/td>\n<td>2006<sup id=\"cite_ref-:mim2006_20-0\" class=\"reference separada\"><\/sup>\u200b<\/td>\n<td align=\"left\"><span class=\"flagicon\"><span class=\"mw-image-border\"><a class=\"mw-file-description\" title=\"Bandera de Argentina\" href=\"https:\/\/es.wikipedia.org\/wiki\/Archivo:Flag_of_Argentina.svg\"><img decoding=\"async\" class=\"mw-file-element\" src=\"https:\/\/upload.wikimedia.org\/wikipedia\/commons\/thumb\/1\/1a\/Flag_of_Argentina.svg\/20px-Flag_of_Argentina.svg.png\" srcset=\"\/\/upload.wikimedia.org\/wikipedia\/commons\/thumb\/1\/1a\/Flag_of_Argentina.svg\/30px-Flag_of_Argentina.svg.png 1.5x, \/\/upload.wikimedia.org\/wikipedia\/commons\/thumb\/1\/1a\/Flag_of_Argentina.svg\/40px-Flag_of_Argentina.svg.png 2x\" alt=\"Bandera de Argentina\" width=\"20\" height=\"13\" data-file-width=\"800\" data-file-height=\"500\" \/><\/a><\/span><\/span>\u00a0Jos\u00e9 Luis Luna<\/td>\n<td bgcolor=\"#E5DC19\">2:19:01 (*)<\/td>\n<td align=\"left\"><span class=\"flagicon\"><span class=\"mw-image-border\"><a class=\"mw-file-description\" title=\"Bandera de Argentina\" href=\"https:\/\/es.wikipedia.org\/wiki\/Archivo:Flag_of_Argentina.svg\"><img decoding=\"async\" class=\"mw-file-element\" src=\"https:\/\/upload.wikimedia.org\/wikipedia\/commons\/thumb\/1\/1a\/Flag_of_Argentina.svg\/20px-Flag_of_Argentina.svg.png\" srcset=\"\/\/upload.wikimedia.org\/wikipedia\/commons\/thumb\/1\/1a\/Flag_of_Argentina.svg\/30px-Flag_of_Argentina.svg.png 1.5x, \/\/upload.wikimedia.org\/wikipedia\/commons\/thumb\/1\/1a\/Flag_of_Argentina.svg\/40px-Flag_of_Argentina.svg.png 2x\" alt=\"Bandera de Argentina\" width=\"20\" height=\"13\" data-file-width=\"800\" data-file-height=\"500\" \/><\/a><\/span><\/span> Ver\u00f3nica P\u00e1ez<\/td>\n<td>2:48:10<\/td>\n<\/tr>\n<tr>\n<td>6\u00b0<\/td>\n<td>2005<sup id=\"cite_ref-:mim2005_21-0\" class=\"reference separada\"><\/sup>\u200b<\/td>\n<td align=\"left\"><span class=\"flagicon\"><span class=\"mw-image-border\"><a class=\"mw-file-description\" title=\"Bandera de Argentina\" href=\"https:\/\/es.wikipedia.org\/wiki\/Archivo:Flag_of_Argentina.svg\"><img decoding=\"async\" class=\"mw-file-element\" src=\"https:\/\/upload.wikimedia.org\/wikipedia\/commons\/thumb\/1\/1a\/Flag_of_Argentina.svg\/20px-Flag_of_Argentina.svg.png\" srcset=\"\/\/upload.wikimedia.org\/wikipedia\/commons\/thumb\/1\/1a\/Flag_of_Argentina.svg\/30px-Flag_of_Argentina.svg.png 1.5x, \/\/upload.wikimedia.org\/wikipedia\/commons\/thumb\/1\/1a\/Flag_of_Argentina.svg\/40px-Flag_of_Argentina.svg.png 2x\" alt=\"Bandera de Argentina\" width=\"20\" height=\"13\" data-file-width=\"800\" data-file-height=\"500\" \/><\/a><\/span><\/span>\u00a0Jos\u00e9 Luis Luna<\/td>\n<td>2:28:02<\/td>\n<td align=\"left\"><span class=\"flagicon\"><span class=\"mw-image-border\"><a class=\"mw-file-description\" title=\"Bandera de Argentina\" href=\"https:\/\/es.wikipedia.org\/wiki\/Archivo:Flag_of_Argentina.svg\"><img decoding=\"async\" class=\"mw-file-element\" src=\"https:\/\/upload.wikimedia.org\/wikipedia\/commons\/thumb\/1\/1a\/Flag_of_Argentina.svg\/20px-Flag_of_Argentina.svg.png\" srcset=\"\/\/upload.wikimedia.org\/wikipedia\/commons\/thumb\/1\/1a\/Flag_of_Argentina.svg\/30px-Flag_of_Argentina.svg.png 1.5x, \/\/upload.wikimedia.org\/wikipedia\/commons\/thumb\/1\/1a\/Flag_of_Argentina.svg\/40px-Flag_of_Argentina.svg.png 2x\" alt=\"Bandera de Argentina\" width=\"20\" height=\"13\" data-file-width=\"800\" data-file-height=\"500\" \/><\/a><\/span><\/span> Ver\u00f3nica P\u00e1ez<\/td>\n<td>3:06:39<\/td>\n<\/tr>\n<tr>\n<td>5\u00b0<\/td>\n<td>2004<sup id=\"cite_ref-:mim2004_22-0\" class=\"reference separada\"><\/sup>\u200b<\/td>\n<td align=\"left\"><span class=\"flagicon\"><span class=\"mw-image-border\"><a class=\"mw-file-description\" title=\"Bandera de Argentina\" href=\"https:\/\/es.wikipedia.org\/wiki\/Archivo:Flag_of_Argentina.svg\"><img decoding=\"async\" class=\"mw-file-element\" src=\"https:\/\/upload.wikimedia.org\/wikipedia\/commons\/thumb\/1\/1a\/Flag_of_Argentina.svg\/20px-Flag_of_Argentina.svg.png\" srcset=\"\/\/upload.wikimedia.org\/wikipedia\/commons\/thumb\/1\/1a\/Flag_of_Argentina.svg\/30px-Flag_of_Argentina.svg.png 1.5x, \/\/upload.wikimedia.org\/wikipedia\/commons\/thumb\/1\/1a\/Flag_of_Argentina.svg\/40px-Flag_of_Argentina.svg.png 2x\" alt=\"Bandera de Argentina\" width=\"20\" height=\"13\" data-file-width=\"800\" data-file-height=\"500\" \/><\/a><\/span><\/span>\u00a0Jos\u00e9 Luis Luna<\/td>\n<td>2:22:16<\/td>\n<td align=\"left\"><span class=\"flagicon\"><span class=\"mw-image-border\"><a class=\"mw-file-description\" title=\"Bandera de Argentina\" href=\"https:\/\/es.wikipedia.org\/wiki\/Archivo:Flag_of_Argentina.svg\"><img decoding=\"async\" class=\"mw-file-element\" src=\"https:\/\/upload.wikimedia.org\/wikipedia\/commons\/thumb\/1\/1a\/Flag_of_Argentina.svg\/20px-Flag_of_Argentina.svg.png\" srcset=\"\/\/upload.wikimedia.org\/wikipedia\/commons\/thumb\/1\/1a\/Flag_of_Argentina.svg\/30px-Flag_of_Argentina.svg.png 1.5x, \/\/upload.wikimedia.org\/wikipedia\/commons\/thumb\/1\/1a\/Flag_of_Argentina.svg\/40px-Flag_of_Argentina.svg.png 2x\" alt=\"Bandera de Argentina\" width=\"20\" height=\"13\" data-file-width=\"800\" data-file-height=\"500\" \/><\/a><\/span><\/span> Ver\u00f3nica P\u00e1ez<\/td>\n<td>2:47:59<\/td>\n<\/tr>\n<tr>\n<td>4\u00b0<\/td>\n<td>2003<sup id=\"cite_ref-:mim2003_23-0\" class=\"reference separada\"><\/sup>\u200b<\/td>\n<td align=\"left\"><span class=\"flagicon\"><span class=\"mw-image-border\"><a class=\"mw-file-description\" title=\"Bandera de Chile\" href=\"https:\/\/es.wikipedia.org\/wiki\/Archivo:Flag_of_Chile.svg\"><img decoding=\"async\" class=\"mw-file-element\" src=\"https:\/\/upload.wikimedia.org\/wikipedia\/commons\/thumb\/7\/78\/Flag_of_Chile.svg\/20px-Flag_of_Chile.svg.png\" srcset=\"\/\/upload.wikimedia.org\/wikipedia\/commons\/thumb\/7\/78\/Flag_of_Chile.svg\/30px-Flag_of_Chile.svg.png 1.5x, \/\/upload.wikimedia.org\/wikipedia\/commons\/thumb\/7\/78\/Flag_of_Chile.svg\/40px-Flag_of_Chile.svg.png 2x\" alt=\"Bandera de Chile\" width=\"20\" height=\"13\" data-file-width=\"900\" data-file-height=\"600\" \/><\/a><\/span><\/span>\u00a0Juan Enrique Encina<\/td>\n<td>2:34:06<\/td>\n<td align=\"left\"><span class=\"flagicon\"><span class=\"mw-image-border\"><a class=\"mw-file-description\" title=\"Bandera de Argentina\" href=\"https:\/\/es.wikipedia.org\/wiki\/Archivo:Flag_of_Argentina.svg\"><img decoding=\"async\" class=\"mw-file-element\" src=\"https:\/\/upload.wikimedia.org\/wikipedia\/commons\/thumb\/1\/1a\/Flag_of_Argentina.svg\/20px-Flag_of_Argentina.svg.png\" srcset=\"\/\/upload.wikimedia.org\/wikipedia\/commons\/thumb\/1\/1a\/Flag_of_Argentina.svg\/30px-Flag_of_Argentina.svg.png 1.5x, \/\/upload.wikimedia.org\/wikipedia\/commons\/thumb\/1\/1a\/Flag_of_Argentina.svg\/40px-Flag_of_Argentina.svg.png 2x\" alt=\"Bandera de Argentina\" width=\"20\" height=\"13\" data-file-width=\"800\" data-file-height=\"500\" \/><\/a><\/span><\/span>\u00a0Ramona Campos<\/td>\n<td>3:35:42<\/td>\n<\/tr>\n<tr>\n<td>3\u00b0<\/td>\n<td>2002<\/td>\n<td align=\"left\"><span class=\"flagicon\"><span class=\"mw-image-border\"><a class=\"mw-file-description\" title=\"Bandera de Chile\" href=\"https:\/\/es.wikipedia.org\/wiki\/Archivo:Flag_of_Chile.svg\"><img decoding=\"async\" class=\"mw-file-element\" src=\"https:\/\/upload.wikimedia.org\/wikipedia\/commons\/thumb\/7\/78\/Flag_of_Chile.svg\/20px-Flag_of_Chile.svg.png\" srcset=\"\/\/upload.wikimedia.org\/wikipedia\/commons\/thumb\/7\/78\/Flag_of_Chile.svg\/30px-Flag_of_Chile.svg.png 1.5x, \/\/upload.wikimedia.org\/wikipedia\/commons\/thumb\/7\/78\/Flag_of_Chile.svg\/40px-Flag_of_Chile.svg.png 2x\" alt=\"Bandera de Chile\" width=\"20\" height=\"13\" data-file-width=\"900\" data-file-height=\"600\" \/><\/a><\/span><\/span>\u00a0Eduardo Machuca<\/td>\n<td>2:28:59<\/td>\n<td align=\"left\"><span class=\"flagicon\"><span class=\"mw-image-border\"><a class=\"mw-file-description\" title=\"Bandera de Argentina\" href=\"https:\/\/es.wikipedia.org\/wiki\/Archivo:Flag_of_Argentina.svg\"><img decoding=\"async\" class=\"mw-file-element\" src=\"https:\/\/upload.wikimedia.org\/wikipedia\/commons\/thumb\/1\/1a\/Flag_of_Argentina.svg\/20px-Flag_of_Argentina.svg.png\" srcset=\"\/\/upload.wikimedia.org\/wikipedia\/commons\/thumb\/1\/1a\/Flag_of_Argentina.svg\/30px-Flag_of_Argentina.svg.png 1.5x, \/\/upload.wikimedia.org\/wikipedia\/commons\/thumb\/1\/1a\/Flag_of_Argentina.svg\/40px-Flag_of_Argentina.svg.png 2x\" alt=\"Bandera de Argentina\" width=\"20\" height=\"13\" data-file-width=\"800\" data-file-height=\"500\" \/><\/a><\/span><\/span>\u00a0Carina Allay<\/td>\n<td>2:58:59<\/td>\n<\/tr>\n<tr>\n<td>2\u00b0<\/td>\n<td>2001<\/td>\n<td align=\"left\"><span class=\"flagicon\"><span class=\"mw-image-border\"><a class=\"mw-file-description\" title=\"Bandera de Argentina\" href=\"https:\/\/es.wikipedia.org\/wiki\/Archivo:Flag_of_Argentina.svg\"><img decoding=\"async\" class=\"mw-file-element\" src=\"https:\/\/upload.wikimedia.org\/wikipedia\/commons\/thumb\/1\/1a\/Flag_of_Argentina.svg\/20px-Flag_of_Argentina.svg.png\" srcset=\"\/\/upload.wikimedia.org\/wikipedia\/commons\/thumb\/1\/1a\/Flag_of_Argentina.svg\/30px-Flag_of_Argentina.svg.png 1.5x, \/\/upload.wikimedia.org\/wikipedia\/commons\/thumb\/1\/1a\/Flag_of_Argentina.svg\/40px-Flag_of_Argentina.svg.png 2x\" alt=\"Bandera de Argentina\" width=\"20\" height=\"13\" data-file-width=\"800\" data-file-height=\"500\" \/><\/a><\/span><\/span>\u00a0Cristian Malgioglio<\/td>\n<td>2:30:12<\/td>\n<td align=\"left\"><span class=\"flagicon\"><span class=\"mw-image-border\"><a class=\"mw-file-description\" title=\"Bandera de Argentina\" href=\"https:\/\/es.wikipedia.org\/wiki\/Archivo:Flag_of_Argentina.svg\"><img decoding=\"async\" class=\"mw-file-element\" src=\"https:\/\/upload.wikimedia.org\/wikipedia\/commons\/thumb\/1\/1a\/Flag_of_Argentina.svg\/20px-Flag_of_Argentina.svg.png\" srcset=\"\/\/upload.wikimedia.org\/wikipedia\/commons\/thumb\/1\/1a\/Flag_of_Argentina.svg\/30px-Flag_of_Argentina.svg.png 1.5x, \/\/upload.wikimedia.org\/wikipedia\/commons\/thumb\/1\/1a\/Flag_of_Argentina.svg\/40px-Flag_of_Argentina.svg.png 2x\" alt=\"Bandera de Argentina\" width=\"20\" height=\"13\" data-file-width=\"800\" data-file-height=\"500\" \/><\/a><\/span><\/span>\u00a0Ver\u00f3nica Paez<\/td>\n<td>3:05:03<\/td>\n<\/tr>\n<tr>\n<td>1\u00b0<\/td>\n<td>1999<\/td>\n<td align=\"left\"><span class=\"flagicon\"><span class=\"mw-image-border\"><a class=\"mw-file-description\" title=\"Bandera de Argentina\" href=\"https:\/\/es.wikipedia.org\/wiki\/Archivo:Flag_of_Argentina.svg\"><img decoding=\"async\" class=\"mw-file-element\" src=\"https:\/\/upload.wikimedia.org\/wikipedia\/commons\/thumb\/1\/1a\/Flag_of_Argentina.svg\/20px-Flag_of_Argentina.svg.png\" srcset=\"\/\/upload.wikimedia.org\/wikipedia\/commons\/thumb\/1\/1a\/Flag_of_Argentina.svg\/30px-Flag_of_Argentina.svg.png 1.5x, \/\/upload.wikimedia.org\/wikipedia\/commons\/thumb\/1\/1a\/Flag_of_Argentina.svg\/40px-Flag_of_Argentina.svg.png 2x\" alt=\"Bandera de Argentina\" width=\"20\" height=\"13\" data-file-width=\"800\" data-file-height=\"500\" \/><\/a><\/span><\/span>\u00a0Cristian Malgioglio<\/td>\n<td>2:31:21<\/td>\n<td align=\"left\"><span class=\"flagicon\"><span class=\"mw-image-border\"><a class=\"mw-file-description\" title=\"Bandera de Argentina\" href=\"https:\/\/es.wikipedia.org\/wiki\/Archivo:Flag_of_Argentina.svg\"><img decoding=\"async\" class=\"mw-file-element\" src=\"https:\/\/upload.wikimedia.org\/wikipedia\/commons\/thumb\/1\/1a\/Flag_of_Argentina.svg\/20px-Flag_of_Argentina.svg.png\" srcset=\"\/\/upload.wikimedia.org\/wikipedia\/commons\/thumb\/1\/1a\/Flag_of_Argentina.svg\/30px-Flag_of_Argentina.svg.png 1.5x, \/\/upload.wikimedia.org\/wikipedia\/commons\/thumb\/1\/1a\/Flag_of_Argentina.svg\/40px-Flag_of_Argentina.svg.png 2x\" alt=\"Bandera de Argentina\" width=\"20\" height=\"13\" data-file-width=\"800\" data-file-height=\"500\" \/><\/a><\/span><\/span> Patricia Correa<\/td>\n<td>2:38:16<\/td>\n<\/tr>\n<\/tbody>\n<\/table>\n<p>[\/vc_column_text][\/vc_column][vc_column width=\u00bb1\/3&#8243;][vc_raw_html css=\u00bb\u00bb]JTNDYmxvY2txdW90ZSUyMGNsYXNzJTNEJTIyaW5zdGFncmFtLW1lZGlhJTIyJTIwZGF0YS1pbnN0Z3JtLWNhcHRpb25lZCUyMGRhdGEtaW5zdGdybS1wZXJtYWxpbmslM0QlMjJodHRwcyUzQSUyRiUyRnd3dy5pbnN0YWdyYW0uY29tJTJGcmVlbCUyRkRKUUR0aWpNRk1VJTJGJTNGdXRtX3NvdXJjZSUzRGlnX2VtYmVkJTI2YW1wJTNCdXRtX2NhbXBhaWduJTNEbG9hZGluZyUyMiUyMGRhdGEtaW5zdGdybS12ZXJzaW9uJTNEJTIyMTQlMjIlMjBzdHlsZSUzRCUyMiUyMGJhY2tncm91bmQlM0ElMjNGRkYlM0IlMjBib3JkZXIlM0EwJTNCJTIwYm9yZGVyLXJhZGl1cyUzQTNweCUzQiUyMGJveC1zaGFkb3clM0EwJTIwMCUyMDFweCUyMDAlMjByZ2JhJTI4MCUyQzAlMkMwJTJDMC41JTI5JTJDMCUyMDFweCUyMDEwcHglMjAwJTIwcmdiYSUyODAlMkMwJTJDMCUyQzAuMTUlMjklM0IlMjBtYXJnaW4lM0ElMjAxcHglM0IlMjBtYXgtd2lkdGglM0E1NDBweCUzQiUyMG1pbi13aWR0aCUzQTMyNnB4JTNCJTIwcGFkZGluZyUzQTAlM0IlMjB3aWR0aCUzQTk5LjM3NSUyNSUzQiUyMHdpZHRoJTNBLXdlYmtpdC1jYWxjJTI4MTAwJTI1JTIwLSUyMDJweCUyOSUzQiUyMHdpZHRoJTNBY2FsYyUyODEwMCUyNSUyMC0lMjAycHglMjklM0IlMjIlM0UlM0NkaXYlMjBzdHlsZSUzRCUyMnBhZGRpbmclM0ExNnB4JTNCJTIyJTNFJTIwJTNDYSUyMGhyZWYlM0QlMjJodHRwcyUzQSUyRiUyRnd3dy5pbnN0YWdyYW0uY29tJTJGcmVlbCUyRkRKUUR0aWpNRk1VJTJGJTNGdXRtX3NvdXJjZSUzRGlnX2VtYmVkJTI2YW1wJTNCdXRtX2NhbXBhaWduJTNEbG9hZGluZyUyMiUyMHN0eWxlJTNEJTIyJTIwYmFja2dyb3VuZCUzQSUyM0ZGRkZGRiUzQiUyMGxpbmUtaGVpZ2h0JTNBMCUzQiUyMHBhZGRpbmclM0EwJTIwMCUzQiUyMHRleHQtYWxpZ24lM0FjZW50ZXIlM0IlMjB0ZXh0LWRlY29yYXRpb24lM0Fub25lJTNCJTIwd2lkdGglM0ExMDAlMjUlM0IlMjIlMjB0YXJnZXQlM0QlMjJfYmxhbmslMjIlM0UlMjAlM0NkaXYlMjBzdHlsZSUzRCUyMiUyMGRpc3BsYXklM0ElMjBmbGV4JTNCJTIwZmxleC1kaXJlY3Rpb24lM0ElMjByb3clM0IlMjBhbGlnbi1pdGVtcyUzQSUyMGNlbnRlciUzQiUyMiUzRSUyMCUzQ2RpdiUyMHN0eWxlJTNEJTIyYmFja2dyb3VuZC1jb2xvciUzQSUyMCUyM0Y0RjRGNCUzQiUyMGJvcmRlci1yYWRpdXMlM0ElMjA1MCUyNSUzQiUyMGZsZXgtZ3JvdyUzQSUyMDAlM0IlMjBoZWlnaHQlM0ElMjA0MHB4JTNCJTIwbWFyZ2luLXJpZ2h0JTNBJTIwMTRweCUzQiUyMHdpZHRoJTNBJTIwNDBweCUzQiUyMiUzRSUzQyUyRmRpdiUzRSUyMCUzQ2RpdiUyMHN0eWxlJTNEJTIyZGlzcGxheSUzQSUyMGZsZXglM0IlMjBmbGV4LWRpcmVjdGlvbiUzQSUyMGNvbHVtbiUzQiUyMGZsZXgtZ3JvdyUzQSUyMDElM0IlMjBqdXN0aWZ5LWNvbnRlbnQlM0ElMjBjZW50ZXIlM0IlMjIlM0UlMjAlM0NkaXYlMjBzdHlsZSUzRCUyMiUyMGJhY2tncm91bmQtY29sb3IlM0ElMjAlMjNGNEY0RjQlM0IlMjBib3JkZXItcmFkaXVzJTNBJTIwNHB4JTNCJTIwZmxleC1ncm93JTNBJTIwMCUzQiUyMGhlaWdodCUzQSUyMDE0cHglM0IlMjBtYXJnaW4tYm90dG9tJTNBJTIwNnB4JTNCJTIwd2lkdGglM0ElMjAxMDBweCUzQiUyMiUzRSUzQyUyRmRpdiUzRSUyMCUzQ2RpdiUyMHN0eWxlJTNEJTIyJTIwYmFja2dyb3VuZC1jb2xvciUzQSUyMCUyM0Y0RjRGNCUzQiUyMGJvcmRlci1yYWRpdXMlM0ElMjA0cHglM0IlMjBmbGV4LWdyb3clM0ElMjAwJTNCJTIwaGVpZ2h0JTNBJTIwMTRweCUzQiUyMHdpZHRoJTNBJTIwNjBweCUzQiUyMiUzRSUzQyUyRmRpdiUzRSUzQyUyRmRpdiUzRSUzQyUyRmRpdiUzRSUzQ2RpdiUyMHN0eWxlJTNEJTIycGFkZGluZyUzQSUyMDE5JTI1JTIwMCUzQiUyMiUzRSUzQyUyRmRpdiUzRSUyMCUzQ2RpdiUyMHN0eWxlJTNEJTIyZGlzcGxheSUzQWJsb2NrJTNCJTIwaGVpZ2h0JTNBNTBweCUzQiUyMG1hcmdpbiUzQTAlMjBhdXRvJTIwMTJweCUzQiUyMHdpZHRoJTNBNTBweCUzQiUyMiUzRSUzQ3N2ZyUyMHdpZHRoJTNEJTIyNTBweCUyMiUyMGhlaWdodCUzRCUyMjUwcHglMjIlMjB2aWV3Qm94JTNEJTIyMCUyMDAlMjA2MCUyMDYwJTIyJTIwdmVyc2lvbiUzRCUyMjEuMSUyMiUyMHhtbG5zJTNEJTIyaHR0cHMlM0ElMkYlMkZ3d3cudzMub3JnJTJGMjAwMCUyRnN2ZyUyMiUyMHhtbG5zJTNBeGxpbmslM0QlMjJodHRwcyUzQSUyRiUyRnd3dy53My5vcmclMkYxOTk5JTJGeGxpbmslMjIlM0UlM0NnJTIwc3Ryb2tlJTNEJTIybm9uZSUyMiUyMHN0cm9rZS13aWR0aCUzRCUyMjElMjIlMjBmaWxsJTNEJTIybm9uZSUyMiUyMGZpbGwtcnVsZSUzRCUyMmV2ZW5vZGQlMjIlM0UlM0NnJTIwdHJhbnNmb3JtJTNEJTIydHJhbnNsYXRlJTI4LTUxMS4wMDAwMDAlMkMlMjAtMjAuMDAwMDAwJTI5JTIyJTIwZmlsbCUzRCUyMiUyMzAwMDAwMCUyMiUzRSUzQ2clM0UlM0NwYXRoJTIwZCUzRCUyMk01NTYuODY5JTJDMzAuNDElMjBDNTU0LjgxNCUyQzMwLjQxJTIwNTUzLjE0OCUyQzMyLjA3NiUyMDU1My4xNDglMkMzNC4xMzElMjBDNTUzLjE0OCUyQzM2LjE4NiUyMDU1NC44MTQlMkMzNy44NTIlMjA1NTYuODY5JTJDMzcuODUyJTIwQzU1OC45MjQlMkMzNy44NTIlMjA1NjAuNTklMkMzNi4xODYlMjA1NjAuNTklMkMzNC4xMzElMjBDNTYwLjU5JTJDMzIuMDc2JTIwNTU4LjkyNCUyQzMwLjQxJTIwNTU2Ljg2OSUyQzMwLjQxJTIwTTU0MSUyQzYwLjY1NyUyMEM1MzUuMTE0JTJDNjAuNjU3JTIwNTMwLjM0MiUyQzU1Ljg4NyUyMDUzMC4zNDIlMkM1MCUyMEM1MzAuMzQyJTJDNDQuMTE0JTIwNTM1LjExNCUyQzM5LjM0MiUyMDU0MSUyQzM5LjM0MiUyMEM1NDYuODg3JTJDMzkuMzQyJTIwNTUxLjY1OCUyQzQ0LjExNCUyMDU1MS42NTglMkM1MCUyMEM1NTEuNjU4JTJDNTUuODg3JTIwNTQ2Ljg4NyUyQzYwLjY1NyUyMDU0MSUyQzYwLjY1NyUyME01NDElMkMzMy44ODYlMjBDNTMyLjElMkMzMy44ODYlMjA1MjQuODg2JTJDNDEuMSUyMDUyNC44ODYlMkM1MCUyMEM1MjQuODg2JTJDNTguODk5JTIwNTMyLjElMkM2Ni4xMTMlMjA1NDElMkM2Ni4xMTMlMjBDNTQ5LjklMkM2Ni4xMTMlMjA1NTcuMTE1JTJDNTguODk5JTIwNTU3LjExNSUyQzUwJTIwQzU1Ny4xMTUlMkM0MS4xJTIwNTQ5LjklMkMzMy44ODYlMjA1NDElMkMzMy44ODYlMjBNNTY1LjM3OCUyQzYyLjEwMSUyMEM1NjUuMjQ0JTJDNjUuMDIyJTIwNTY0Ljc1NiUyQzY2LjYwNiUyMDU2NC4zNDYlMkM2Ny42NjMlMjBDNTYzLjgwMyUyQzY5LjA2JTIwNTYzLjE1NCUyQzcwLjA1NyUyMDU2Mi4xMDYlMkM3MS4xMDYlMjBDNTYxLjA1OCUyQzcyLjE1NSUyMDU2MC4wNiUyQzcyLjgwMyUyMDU1OC42NjIlMkM3My4zNDclMjBDNTU3LjYwNyUyQzczLjc1NyUyMDU1Ni4wMjElMkM3NC4yNDQlMjA1NTMuMTAyJTJDNzQuMzc4JTIwQzU0OS45NDQlMkM3NC41MjElMjA1NDguOTk3JTJDNzQuNTUyJTIwNTQxJTJDNzQuNTUyJTIwQzUzMy4wMDMlMkM3NC41NTIlMjA1MzIuMDU2JTJDNzQuNTIxJTIwNTI4Ljg5OCUyQzc0LjM3OCUyMEM1MjUuOTc5JTJDNzQuMjQ0JTIwNTI0LjM5MyUyQzczLjc1NyUyMDUyMy4zMzglMkM3My4zNDclMjBDNTIxLjk0JTJDNzIuODAzJTIwNTIwLjk0MiUyQzcyLjE1NSUyMDUxOS44OTQlMkM3MS4xMDYlMjBDNTE4Ljg0NiUyQzcwLjA1NyUyMDUxOC4xOTclMkM2OS4wNiUyMDUxNy42NTQlMkM2Ny42NjMlMjBDNTE3LjI0NCUyQzY2LjYwNiUyMDUxNi43NTUlMkM2NS4wMjIlMjA1MTYuNjIzJTJDNjIuMTAxJTIwQzUxNi40NzklMkM1OC45NDMlMjA1MTYuNDQ4JTJDNTcuOTk2JTIwNTE2LjQ0OCUyQzUwJTIwQzUxNi40NDglMkM0Mi4wMDMlMjA1MTYuNDc5JTJDNDEuMDU2JTIwNTE2LjYyMyUyQzM3Ljg5OSUyMEM1MTYuNzU1JTJDMzQuOTc4JTIwNTE3LjI0NCUyQzMzLjM5MSUyMDUxNy42NTQlMkMzMi4zMzglMjBDNTE4LjE5NyUyQzMwLjkzOCUyMDUxOC44NDYlMkMyOS45NDIlMjA1MTkuODk0JTJDMjguODk0JTIwQzUyMC45NDIlMkMyNy44NDYlMjA1MjEuOTQlMkMyNy4xOTYlMjA1MjMuMzM4JTJDMjYuNjU0JTIwQzUyNC4zOTMlMkMyNi4yNDQlMjA1MjUuOTc5JTJDMjUuNzU2JTIwNTI4Ljg5OCUyQzI1LjYyMyUyMEM1MzIuMDU3JTJDMjUuNDc5JTIwNTMzLjAwNCUyQzI1LjQ0OCUyMDU0MSUyQzI1LjQ0OCUyMEM1NDguOTk3JTJDMjUuNDQ4JTIwNTQ5Ljk0MyUyQzI1LjQ3OSUyMDU1My4xMDIlMkMyNS42MjMlMjBDNTU2LjAyMSUyQzI1Ljc1NiUyMDU1Ny42MDclMkMyNi4yNDQlMjA1NTguNjYyJTJDMjYuNjU0JTIwQzU2MC4wNiUyQzI3LjE5NiUyMDU2MS4wNTglMkMyNy44NDYlMjA1NjIuMTA2JTJDMjguODk0JTIwQzU2My4xNTQlMkMyOS45NDIlMjA1NjMuODAzJTJDMzAuOTM4JTIwNTY0LjM0NiUyQzMyLjMzOCUyMEM1NjQuNzU2JTJDMzMuMzkxJTIwNTY1LjI0NCUyQzM0Ljk3OCUyMDU2NS4zNzglMkMzNy44OTklMjBDNTY1LjUyMiUyQzQxLjA1NiUyMDU2NS41NTIlMkM0Mi4wMDMlMjA1NjUuNTUyJTJDNTAlMjBDNTY1LjU1MiUyQzU3Ljk5NiUyMDU2NS41MjIlMkM1OC45NDMlMjA1NjUuMzc4JTJDNjIuMTAxJTIwTTU3MC44MiUyQzM3LjYzMSUyMEM1NzAuNjc0JTJDMzQuNDM4JTIwNTcwLjE2NyUyQzMyLjI1OCUyMDU2OS40MjUlMkMzMC4zNDklMjBDNTY4LjY1OSUyQzI4LjM3NyUyMDU2Ny42MzMlMkMyNi43MDIlMjA1NjUuOTY1JTJDMjUuMDM1JTIwQzU2NC4yOTclMkMyMy4zNjglMjA1NjIuNjIzJTJDMjIuMzQyJTIwNTYwLjY1MiUyQzIxLjU3NSUyMEM1NTguNzQzJTJDMjAuODM0JTIwNTU2LjU2MiUyQzIwLjMyNiUyMDU1My4zNjklMkMyMC4xOCUyMEM1NTAuMTY5JTJDMjAuMDMzJTIwNTQ5LjE0OCUyQzIwJTIwNTQxJTJDMjAlMjBDNTMyLjg1MyUyQzIwJTIwNTMxLjgzMSUyQzIwLjAzMyUyMDUyOC42MzElMkMyMC4xOCUyMEM1MjUuNDM4JTJDMjAuMzI2JTIwNTIzLjI1NyUyQzIwLjgzNCUyMDUyMS4zNDklMkMyMS41NzUlMjBDNTE5LjM3NiUyQzIyLjM0MiUyMDUxNy43MDMlMkMyMy4zNjglMjA1MTYuMDM1JTJDMjUuMDM1JTIwQzUxNC4zNjglMkMyNi43MDIlMjA1MTMuMzQyJTJDMjguMzc3JTIwNTEyLjU3NCUyQzMwLjM0OSUyMEM1MTEuODM0JTJDMzIuMjU4JTIwNTExLjMyNiUyQzM0LjQzOCUyMDUxMS4xODElMkMzNy42MzElMjBDNTExLjAzNSUyQzQwLjgzMSUyMDUxMSUyQzQxLjg1MSUyMDUxMSUyQzUwJTIwQzUxMSUyQzU4LjE0NyUyMDUxMS4wMzUlMkM1OS4xNyUyMDUxMS4xODElMkM2Mi4zNjklMjBDNTExLjMyNiUyQzY1LjU2MiUyMDUxMS44MzQlMkM2Ny43NDMlMjA1MTIuNTc0JTJDNjkuNjUxJTIwQzUxMy4zNDIlMkM3MS42MjUlMjA1MTQuMzY4JTJDNzMuMjk2JTIwNTE2LjAzNSUyQzc0Ljk2NSUyMEM1MTcuNzAzJTJDNzYuNjM0JTIwNTE5LjM3NiUyQzc3LjY1OCUyMDUyMS4zNDklMkM3OC40MjUlMjBDNTIzLjI1NyUyQzc5LjE2NyUyMDUyNS40MzglMkM3OS42NzMlMjA1MjguNjMxJTJDNzkuODIlMjBDNTMxLjgzMSUyQzc5Ljk2NSUyMDUzMi44NTMlMkM4MC4wMDElMjA1NDElMkM4MC4wMDElMjBDNTQ5LjE0OCUyQzgwLjAwMSUyMDU1MC4xNjklMkM3OS45NjUlMjA1NTMuMzY5JTJDNzkuODIlMjBDNTU2LjU2MiUyQzc5LjY3MyUyMDU1OC43NDMlMkM3OS4xNjclMjA1NjAuNjUyJTJDNzguNDI1JTIwQzU2Mi42MjMlMkM3Ny42NTglMjA1NjQuMjk3JTJDNzYuNjM0JTIwNTY1Ljk2NSUyQzc0Ljk2NSUyMEM1NjcuNjMzJTJDNzMuMjk2JTIwNTY4LjY1OSUyQzcxLjYyNSUyMDU2OS40MjUlMkM2OS42NTElMjBDNTcwLjE2NyUyQzY3Ljc0MyUyMDU3MC42NzQlMkM2NS41NjIlMjA1NzAuODIlMkM2Mi4zNjklMjBDNTcwLjk2NiUyQzU5LjE3JTIwNTcxJTJDNTguMTQ3JTIwNTcxJTJDNTAlMjBDNTcxJTJDNDEuODUxJTIwNTcwLjk2NiUyQzQwLjgzMSUyMDU3MC44MiUyQzM3LjYzMSUyMiUzRSUzQyUyRnBhdGglM0UlM0MlMkZnJTNFJTNDJTJGZyUzRSUzQyUyRmclM0UlM0MlMkZzdmclM0UlM0MlMkZkaXYlM0UlM0NkaXYlMjBzdHlsZSUzRCUyMnBhZGRpbmctdG9wJTNBJTIwOHB4JTNCJTIyJTNFJTIwJTNDZGl2JTIwc3R5bGUlM0QlMjIlMjBjb2xvciUzQSUyMzM4OTdmMCUzQiUyMGZvbnQtZmFtaWx5JTNBQXJpYWwlMkNzYW5zLXNlcmlmJTNCJTIwZm9udC1zaXplJTNBMTRweCUzQiUyMGZvbnQtc3R5bGUlM0Fub3JtYWwlM0IlMjBmb250LXdlaWdodCUzQTU1MCUzQiUyMGxpbmUtaGVpZ2h0JTNBMThweCUzQiUyMiUzRVZlciUyMGVzdGElMjBwdWJsaWNhY2klQzMlQjNuJTIwZW4lMjBJbnN0YWdyYW0lM0MlMkZkaXYlM0UlM0MlMkZkaXYlM0UlM0NkaXYlMjBzdHlsZSUzRCUyMnBhZGRpbmclM0ElMjAxMi41JTI1JTIwMCUzQiUyMiUzRSUzQyUyRmRpdiUzRSUyMCUzQ2RpdiUyMHN0eWxlJTNEJTIyZGlzcGxheSUzQSUyMGZsZXglM0IlMjBmbGV4LWRpcmVjdGlvbiUzQSUyMHJvdyUzQiUyMG1hcmdpbi1ib3R0b20lM0ElMjAxNHB4JTNCJTIwYWxpZ24taXRlbXMlM0ElMjBjZW50ZXIlM0IlMjIlM0UlM0NkaXYlM0UlMjAlM0NkaXYlMjBzdHlsZSUzRCUyMmJhY2tncm91bmQtY29sb3IlM0ElMjAlMjNGNEY0RjQlM0IlMjBib3JkZXItcmFkaXVzJTNBJTIwNTAlMjUlM0IlMjBoZWlnaHQlM0ElMjAxMi41cHglM0IlMjB3aWR0aCUzQSUyMDEyLjVweCUzQiUyMHRyYW5zZm9ybSUzQSUyMHRyYW5zbGF0ZVglMjgwcHglMjklMjB0cmFuc2xhdGVZJTI4N3B4JTI5JTNCJTIyJTNFJTNDJTJGZGl2JTNFJTIwJTNDZGl2JTIwc3R5bGUlM0QlMjJiYWNrZ3JvdW5kLWNvbG9yJTNBJTIwJTIzRjRGNEY0JTNCJTIwaGVpZ2h0JTNBJTIwMTIuNXB4JTNCJTIwdHJhbnNmb3JtJTNBJTIwcm90YXRlJTI4LTQ1ZGVnJTI5JTIwdHJhbnNsYXRlWCUyODNweCUyOSUyMHRyYW5zbGF0ZVklMjgxcHglMjklM0IlMjB3aWR0aCUzQSUyMDEyLjVweCUzQiUyMGZsZXgtZ3JvdyUzQSUyMDAlM0IlMjBtYXJnaW4tcmlnaHQlM0ElMjAxNHB4JTNCJTIwbWFyZ2luLWxlZnQlM0ElMjAycHglM0IlMjIlM0UlM0MlMkZkaXYlM0UlMjAlM0NkaXYlMjBzdHlsZSUzRCUyMmJhY2tncm91bmQtY29sb3IlM0ElMjAlMjNGNEY0RjQlM0IlMjBib3JkZXItcmFkaXVzJTNBJTIwNTAlMjUlM0IlMjBoZWlnaHQlM0ElMjAxMi41cHglM0IlMjB3aWR0aCUzQSUyMDEyLjVweCUzQiUyMHRyYW5zZm9ybSUzQSUyMHRyYW5zbGF0ZVglMjg5cHglMjklMjB0cmFuc2xhdGVZJTI4LTE4cHglMjklM0IlMjIlM0UlM0MlMkZkaXYlM0UlM0MlMkZkaXYlM0UlM0NkaXYlMjBzdHlsZSUzRCUyMm1hcmdpbi1sZWZ0JTNBJTIwOHB4JTNCJTIyJTNFJTIwJTNDZGl2JTIwc3R5bGUlM0QlMjIlMjBiYWNrZ3JvdW5kLWNvbG9yJTNBJTIwJTIzRjRGNEY0JTNCJTIwYm9yZGVyLXJhZGl1cyUzQSUyMDUwJTI1JTNCJTIwZmxleC1ncm93JTNBJTIwMCUzQiUyMGhlaWdodCUzQSUyMDIwcHglM0IlMjB3aWR0aCUzQSUyMDIwcHglM0IlMjIlM0UlM0MlMkZkaXYlM0UlMjAlM0NkaXYlMjBzdHlsZSUzRCUyMiUyMHdpZHRoJTNBJTIwMCUzQiUyMGhlaWdodCUzQSUyMDAlM0IlMjBib3JkZXItdG9wJTNBJTIwMnB4JTIwc29saWQlMjB0cmFuc3BhcmVudCUzQiUyMGJvcmRlci1sZWZ0JTNBJTIwNnB4JTIwc29saWQlMjAlMjNmNGY0ZjQlM0IlMjBib3JkZXItYm90dG9tJTNBJTIwMnB4JTIwc29saWQlMjB0cmFuc3BhcmVudCUzQiUyMHRyYW5zZm9ybSUzQSUyMHRyYW5zbGF0ZVglMjgxNnB4JTI5JTIwdHJhbnNsYXRlWSUyOC00cHglMjklMjByb3RhdGUlMjgzMGRlZyUyOSUyMiUzRSUzQyUyRmRpdiUzRSUzQyUyRmRpdiUzRSUzQ2RpdiUyMHN0eWxlJTNEJTIybWFyZ2luLWxlZnQlM0ElMjBhdXRvJTNCJTIyJTNFJTIwJTNDZGl2JTIwc3R5bGUlM0QlMjIlMjB3aWR0aCUzQSUyMDBweCUzQiUyMGJvcmRlci10b3AlM0ElMjA4cHglMjBzb2xpZCUyMCUyM0Y0RjRGNCUzQiUyMGJvcmRlci1yaWdodCUzQSUyMDhweCUyMHNvbGlkJTIwdHJhbnNwYXJlbnQlM0IlMjB0cmFuc2Zvcm0lM0ElMjB0cmFuc2xhdGVZJTI4MTZweCUyOSUzQiUyMiUzRSUzQyUyRmRpdiUzRSUyMCUzQ2RpdiUyMHN0eWxlJTNEJTIyJTIwYmFja2dyb3VuZC1jb2xvciUzQSUyMCUyM0Y0RjRGNCUzQiUyMGZsZXgtZ3JvdyUzQSUyMDAlM0IlMjBoZWlnaHQlM0ElMjAxMnB4JTNCJTIwd2lkdGglM0ElMjAxNnB4JTNCJTIwdHJhbnNmb3JtJTNBJTIwdHJhbnNsYXRlWSUyOC00cHglMjklM0IlMjIlM0UlM0MlMkZkaXYlM0UlMjAlM0NkaXYlMjBzdHlsZSUzRCUyMiUyMHdpZHRoJTNBJTIwMCUzQiUyMGhlaWdodCUzQSUyMDAlM0IlMjBib3JkZXItdG9wJTNBJTIwOHB4JTIwc29saWQlMjAlMjNGNEY0RjQlM0IlMjBib3JkZXItbGVmdCUzQSUyMDhweCUyMHNvbGlkJTIwdHJhbnNwYXJlbnQlM0IlMjB0cmFuc2Zvcm0lM0ElMjB0cmFuc2xhdGVZJTI4LTRweCUyOSUyMHRyYW5zbGF0ZVglMjg4cHglMjklM0IlMjIlM0UlM0MlMkZkaXYlM0UlM0MlMkZkaXYlM0UlM0MlMkZkaXYlM0UlMjAlM0NkaXYlMjBzdHlsZSUzRCUyMmRpc3BsYXklM0ElMjBmbGV4JTNCJTIwZmxleC1kaXJlY3Rpb24lM0ElMjBjb2x1bW4lM0IlMjBmbGV4LWdyb3clM0ElMjAxJTNCJTIwanVzdGlmeS1jb250ZW50JTNBJTIwY2VudGVyJTNCJTIwbWFyZ2luLWJvdHRvbSUzQSUyMDI0cHglM0IlMjIlM0UlMjAlM0NkaXYlMjBzdHlsZSUzRCUyMiUyMGJhY2tncm91bmQtY29sb3IlM0ElMjAlMjNGNEY0RjQlM0IlMjBib3JkZXItcmFkaXVzJTNBJTIwNHB4JTNCJTIwZmxleC1ncm93JTNBJTIwMCUzQiUyMGhlaWdodCUzQSUyMDE0cHglM0IlMjBtYXJnaW4tYm90dG9tJTNBJTIwNnB4JTNCJTIwd2lkdGglM0ElMjAyMjRweCUzQiUyMiUzRSUzQyUyRmRpdiUzRSUyMCUzQ2RpdiUyMHN0eWxlJTNEJTIyJTIwYmFja2dyb3VuZC1jb2xvciUzQSUyMCUyM0Y0RjRGNCUzQiUyMGJvcmRlci1yYWRpdXMlM0ElMjA0cHglM0IlMjBmbGV4LWdyb3clM0ElMjAwJTNCJTIwaGVpZ2h0JTNBJTIwMTRweCUzQiUyMHdpZHRoJTNBJTIwMTQ0cHglM0IlMjIlM0UlM0MlMkZkaXYlM0UlM0MlMkZkaXYlM0UlM0MlMkZhJTNFJTNDcCUyMHN0eWxlJTNEJTIyJTIwY29sb3IlM0ElMjNjOWM4Y2QlM0IlMjBmb250LWZhbWlseSUzQUFyaWFsJTJDc2Fucy1zZXJpZiUzQiUyMGZvbnQtc2l6ZSUzQTE0cHglM0IlMjBsaW5lLWhlaWdodCUzQTE3cHglM0IlMjBtYXJnaW4tYm90dG9tJTNBMCUzQiUyMG1hcmdpbi10b3AlM0E4cHglM0IlMjBvdmVyZmxvdyUzQWhpZGRlbiUzQiUyMHBhZGRpbmclM0E4cHglMjAwJTIwN3B4JTNCJTIwdGV4dC1hbGlnbiUzQWNlbnRlciUzQiUyMHRleHQtb3ZlcmZsb3clM0FlbGxpcHNpcyUzQiUyMHdoaXRlLXNwYWNlJTNBbm93cmFwJTNCJTIyJTNFJTNDYSUyMGhyZWYlM0QlMjJodHRwcyUzQSUyRiUyRnd3dy5pbnN0YWdyYW0uY29tJTJGcmVlbCUyRkRKUUR0aWpNRk1VJTJGJTNGdXRtX3NvdXJjZSUzRGlnX2VtYmVkJTI2YW1wJTNCdXRtX2NhbXBhaWduJTNEbG9hZGluZyUyMiUyMHN0eWxlJTNEJTIyJTIwY29sb3IlM0ElMjNjOWM4Y2QlM0IlMjBmb250LWZhbWlseSUzQUFyaWFsJTJDc2Fucy1zZXJpZiUzQiUyMGZvbnQtc2l6ZSUzQTE0cHglM0IlMjBmb250LXN0eWxlJTNBbm9ybWFsJTNCJTIwZm9udC13ZWlnaHQlM0Fub3JtYWwlM0IlMjBsaW5lLWhlaWdodCUzQTE3cHglM0IlMjB0ZXh0LWRlY29yYXRpb24lM0Fub25lJTNCJTIyJTIwdGFyZ2V0JTNEJTIyX2JsYW5rJTIyJTNFVW5hJTIwcHVibGljYWNpJUMzJUIzbiUyMGNvbXBhcnRpZGElMjBwb3IlMjBNYXJhdG8lQ0MlODFuJTIwZGUlMjBNZW5kb3phJTIwJTI4JTQwbWFyYXRvbl9kZV9tZW5kb3phJTI5JTNDJTJGYSUzRSUzQyUyRnAlM0UlM0MlMkZkaXYlM0UlM0MlMkZibG9ja3F1b3RlJTNFJTBEJTBBJTNDc2NyaXB0JTIwYXN5bmMlMjBzcmMlM0QlMjIlMkYlMkZ3d3cuaW5zdGFncmFtLmNvbSUyRmVtYmVkLmpzJTIyJTNFJTNDJTJGc2NyaXB0JTNF[\/vc_raw_html][vc_column_text css=\u00bb\u00bb]<\/p>\n<p style=\"text-align: justify;\">Entre los ganadores m\u00e1s notables se encuentran Jos\u00e9 Luis Luna, quien ostenta el r\u00e9cord masculino con un tiempo de 2:19:01 desde 2006, y Adela Barrios, quien posee el r\u00e9cord femenino con un tiempo de 2:47:44 desde 2019. En las ediciones m\u00e1s recientes, Carlos Becerra ha sido un competidor dominante, ganando en 2023 y 2024<\/p>\n<p>(*) <b>Record actual del circuito<\/b>[\/vc_column_text][\/vc_column][\/vc_row][vc_row row_type=\u00bbfull_width\u00bb type=\u00bbfull_screen\u00bb bg_select=\u00bbbg_parallax\u00bb parallax_speed=\u00bb0&#8243; parallax_img=\u00bb1954&#8243; font_color=\u00bb#ffffff\u00bb p_top=\u00bb100&#8243; p_bottom=\u00bb100&#8243; parallax_overlay=\u00bbrgba(21,50,68,0.89)\u00bb][vc_column content_align=\u00bbtext-center\u00bb][vc_row_inner][vc_column_inner css=\u00bb.vc_custom_1701285412617{padding-top: 0px !important;}\u00bb][vc_single_image image=\u00bb2006&#8243; img_size=\u00bbfull\u00bb alignment=\u00bbcenter\u00bb][\/vc_column_inner][\/vc_row_inner][vc_row_inner][vc_column_inner width=\u00bb1\/4&#8243; css=\u00bb.vc_custom_1701285412617{padding-top: 0px !important;}\u00bb]<div class=\"wbc-heading clearfix\"><h3 class=\"special-heading-2\" style=\"font-size:18px;line-height:40px;color:#ffffff;text-align:center;margin-bottom:-10px;\">BUS OFICIAL<\/h3><\/div>[vc_single_image image=\u00bb2512&#8243; img_size=\u00bbfull\u00bb alignment=\u00bbcenter\u00bb css=\u00bb\u00bb][\/vc_column_inner][vc_column_inner width=\u00bb1\/4&#8243;]<div class=\"wbc-heading clearfix\"><h3 class=\"special-heading-2\" style=\"font-size:18px;line-height:40px;color:#ffffff;text-align:center;margin-bottom:-10px;\">ORGANIZA<\/h3><\/div>[vc_single_image image=\u00bb2026&#8243; img_size=\u00bbfull\u00bb alignment=\u00bbcenter\u00bb css=\u00bb\u00bb][\/vc_column_inner][vc_column_inner width=\u00bb1\/4&#8243;][vc_single_image image=\u00bb2879&#8243; img_size=\u00bbfull\u00bb alignment=\u00bbcenter\u00bb css=\u00bb.vc_custom_1770814762783{padding-top: 30px !important;}\u00bb][\/vc_column_inner][vc_column_inner width=\u00bb1\/4&#8243;][vc_single_image image=\u00bb2880&#8243; img_size=\u00bbfull\u00bb alignment=\u00bbcenter\u00bb css=\u00bb.vc_custom_1770814780363{padding-top: 30px !important;}\u00bb][\/vc_column_inner][\/vc_row_inner][vc_row_inner][vc_column_inner width=\u00bb1\/4&#8243; css=\u00bb.vc_custom_1733927796773{padding-top: 0px !important;}\u00bb][vc_single_image image=\u00bb2139&#8243; img_size=\u00bbfull\u00bb alignment=\u00bbcenter\u00bb onclick=\u00bbcustom_link\u00bb img_link_target=\u00bb_blank\u00bb css=\u00bb.vc_custom_1766075577647{padding-top: 20px !important;}\u00bb link=\u00bbhttps:\/\/www.fondosfima.com.ar\/\u00bb][\/vc_column_inner][vc_column_inner width=\u00bb1\/4&#8243;][vc_single_image image=\u00bb2535&#8243; img_size=\u00bbfull\u00bb alignment=\u00bbcenter\u00bb css=\u00bb.vc_custom_1768838784293{padding-top: 20px !important;}\u00bb][\/vc_column_inner][vc_column_inner width=\u00bb1\/4&#8243;][vc_single_image image=\u00bb2861&#8243; img_size=\u00bbfull\u00bb alignment=\u00bbcenter\u00bb css=\u00bb.vc_custom_1769628204040{padding-top: 20px !important;}\u00bb][\/vc_column_inner][vc_column_inner width=\u00bb1\/4&#8243;][vc_single_image image=\u00bb2856&#8243; img_size=\u00bbfull\u00bb alignment=\u00bbcenter\u00bb css=\u00bb.vc_custom_1769008013811{padding-top: 20px !important;}\u00bb][\/vc_column_inner][\/vc_row_inner][vc_row_inner][vc_column_inner width=\u00bb1\/4&#8243; css=\u00bb.vc_custom_1733927725588{padding-top: 0px !important;}\u00bb][vc_single_image image=\u00bb2851&#8243; img_size=\u00bbfull\u00bb alignment=\u00bbcenter\u00bb css=\u00bb.vc_custom_1768515057621{padding-top: 20px !important;}\u00bb][\/vc_column_inner][vc_column_inner width=\u00bb1\/4&#8243;][vc_single_image image=\u00bb2888&#8243; img_size=\u00bbfull\u00bb alignment=\u00bbcenter\u00bb css=\u00bb.vc_custom_1771942832824{padding-top: 20px !important;}\u00bb][\/vc_column_inner][vc_column_inner width=\u00bb1\/4&#8243;][vc_single_image image=\u00bb2917&#8243; img_size=\u00bbfull\u00bb alignment=\u00bbcenter\u00bb css=\u00bb.vc_custom_1776262068296{padding-top: 20px !important;}\u00bb][\/vc_column_inner][vc_column_inner width=\u00bb1\/4&#8243;][vc_single_image image=\u00bb2915&#8243; img_size=\u00bbfull\u00bb alignment=\u00bbcenter\u00bb css=\u00bb.vc_custom_1776186626627{padding-top: 20px !important;}\u00bb][\/vc_column_inner][\/vc_row_inner][vc_row_inner][vc_column_inner width=\u00bb1\/4&#8243; css=\u00bb.vc_custom_1733927725588{padding-top: 0px !important;}\u00bb][vc_single_image image=\u00bb2919&#8243; img_size=\u00bbfull\u00bb alignment=\u00bbcenter\u00bb css=\u00bb.vc_custom_1776689584696{padding-top: 20px !important;}\u00bb][\/vc_column_inner][vc_column_inner width=\u00bb1\/4&#8243;][vc_single_image image=\u00bb2873&#8243; img_size=\u00bbfull\u00bb alignment=\u00bbcenter\u00bb css=\u00bb.vc_custom_1770641445860{padding-top: 20px !important;}\u00bb][\/vc_column_inner][vc_column_inner width=\u00bb1\/4&#8243;][vc_single_image image=\u00bb2871&#8243; img_size=\u00bbfull\u00bb alignment=\u00bbcenter\u00bb css=\u00bb.vc_custom_1770322081615{padding-top: 20px !important;}\u00bb][\/vc_column_inner][vc_column_inner width=\u00bb1\/4&#8243;][vc_single_image image=\u00bb2885&#8243; img_size=\u00bbfull\u00bb alignment=\u00bbcenter\u00bb css=\u00bb.vc_custom_1771516199915{padding-top: 20px !important;}\u00bb][\/vc_column_inner][\/vc_row_inner][vc_row_inner][vc_column_inner width=\u00bb1\/4&#8243; css=\u00bb.vc_custom_1733927725588{padding-top: 0px !important;}\u00bb][vc_single_image image=\u00bb2849&#8243; img_size=\u00bbfull\u00bb alignment=\u00bbcenter\u00bb css=\u00bb.vc_custom_1768515043004{padding-top: 20px !important;}\u00bb][\/vc_column_inner][vc_column_inner width=\u00bb1\/4&#8243;][vc_single_image image=\u00bb2850&#8243; img_size=\u00bbfull\u00bb alignment=\u00bbcenter\u00bb css=\u00bb.vc_custom_1768515028432{padding-top: 20px !important;}\u00bb][\/vc_column_inner][vc_column_inner width=\u00bb1\/4&#8243;][vc_single_image image=\u00bb2869&#8243; img_size=\u00bbfull\u00bb alignment=\u00bbcenter\u00bb css=\u00bb.vc_custom_1770296259762{padding-top: 20px !important;}\u00bb][\/vc_column_inner][vc_column_inner width=\u00bb1\/4&#8243;][vc_single_image image=\u00bb2883&#8243; img_size=\u00bbfull\u00bb alignment=\u00bbcenter\u00bb css=\u00bb.vc_custom_1770997639079{padding-top: 20px !important;}\u00bb][\/vc_column_inner][\/vc_row_inner][vc_row_inner][vc_column_inner width=\u00bb1\/4&#8243; css=\u00bb.vc_custom_1733927725588{padding-top: 0px !important;}\u00bb][\/vc_column_inner][vc_column_inner width=\u00bb1\/4&#8243;][vc_single_image image=\u00bb2866&#8243; img_size=\u00bbfull\u00bb alignment=\u00bbcenter\u00bb css=\u00bb.vc_custom_1770140163589{padding-top: 20px !important;}\u00bb][\/vc_column_inner][vc_column_inner width=\u00bb1\/4&#8243;][vc_single_image image=\u00bb2304&#8243; img_size=\u00bbfull\u00bb alignment=\u00bbcenter\u00bb css=\u00bb.vc_custom_1766075585080{padding-top: 20px !important;}\u00bb][\/vc_column_inner][vc_column_inner width=\u00bb1\/4&#8243;][\/vc_column_inner][\/vc_row_inner][vc_row_inner][vc_column_inner width=\u00bb1\/4&#8243; css=\u00bb.vc_custom_1733927725588{padding-top: 0px !important;}\u00bb][\/vc_column_inner][vc_column_inner width=\u00bb1\/4&#8243;][vc_single_image image=\u00bb2594&#8243; img_size=\u00bbfull\u00bb alignment=\u00bbcenter\u00bb css=\u00bb.vc_custom_1766075711459{padding-top: 15px !important;}\u00bb][\/vc_column_inner][vc_column_inner width=\u00bb1\/4&#8243;][vc_single_image image=\u00bb2595&#8243; img_size=\u00bbfull\u00bb alignment=\u00bbcenter\u00bb css=\u00bb.vc_custom_1766075716310{padding-top: 15px !important;}\u00bb][\/vc_column_inner][vc_column_inner width=\u00bb1\/4&#8243;][\/vc_column_inner][\/vc_row_inner][vc_row_inner][vc_column_inner width=\u00bb1\/6&#8243; css=\u00bb.vc_custom_1733927725588{padding-top: 0px !important;}\u00bb][\/vc_column_inner][vc_column_inner width=\u00bb1\/6&#8243;][vc_single_image image=\u00bb2508&#8243; img_size=\u00bbfull\u00bb alignment=\u00bbcenter\u00bb css=\u00bb.vc_custom_1766075721203{padding-top: 15px !important;}\u00bb][\/vc_column_inner][vc_column_inner width=\u00bb1\/6&#8243;][vc_single_image image=\u00bb2022&#8243; img_size=\u00bbfull\u00bb alignment=\u00bbcenter\u00bb css=\u00bb.vc_custom_1766075725807{padding-top: 15px !important;}\u00bb][\/vc_column_inner][vc_column_inner width=\u00bb1\/6&#8243;][vc_single_image image=\u00bb2023&#8243; img_size=\u00bbfull\u00bb alignment=\u00bbcenter\u00bb css=\u00bb.vc_custom_1766075730972{padding-top: 15px !important;}\u00bb][\/vc_column_inner][vc_column_inner width=\u00bb1\/6&#8243;][vc_single_image image=\u00bb2859&#8243; img_size=\u00bbfull\u00bb alignment=\u00bbcenter\u00bb css=\u00bb.vc_custom_1769527326229{padding-top: 15px !important;}\u00bb][\/vc_column_inner][vc_column_inner width=\u00bb1\/6&#8243;][\/vc_column_inner][\/vc_row_inner][vc_row_inner][vc_column_inner css=\u00bb.vc_custom_1701285404756{padding-top: 0px !important;}\u00bb][\/vc_column_inner][\/vc_row_inner][\/vc_column][\/vc_row]<\/p>\n<\/div>","protected":false},"excerpt":{"rendered":"<p>[vc_row full_height=\u00bbyes\u00bb row_type=\u00bbfull_width\u00bb type=\u00bbcontainer\u00bb bg_select=\u00bbbg_video\u00bb video_mute=\u00bb1&#8243; video_lazy_load=\u00bb1&#8243; video_play_mobile=\u00bb1&#8243; mp4_url=\u00bbhttps:\/\/maratondemendoza.com\/2026\/wp-content\/uploads\/2025\/12\/landing.mp4&#8243; anchor=\u00bbinicio\u00bb video_overlay=\u00bb#153244CC\u00bb video_lazy_offset=\u00bb500&#8243;][vc_column][vc_empty_space height=\u00bb240px\u00bb][\/vc_column][vc_column][\/vc_column][vc_column][vc_column_text css=\u00bb.vc_custom_1764172300983{margin-bottom: 15px !important;}\u00bb] \u00a1Bienvenidos a la experiencia de vivir la Marat\u00f3n Internacional de Mendoza! [\/vc_column_text][vc_column_text css=\u00bb.vc_custom_1764172309683{margin-bottom: 15px !important;}\u00bb] La Marat\u00f3n Internacional de Mendoza 2026 te invita a vivir una experiencia \u00fanica el pr\u00f3ximo 3 de mayo. [\/vc_column_text][vc_column_text css=\u00bb.vc_custom_1764172316447{margin-bottom: 15px !important;}\u00bb] Al igual [&hellip;]<\/p>\n","protected":false},"author":2,"featured_media":0,"parent":0,"menu_order":0,"comment_status":"closed","ping_status":"closed","template":"template-page-full.php","meta":{"footnotes":""},"class_list":["post-542","page","type-page","status-publish","hentry"],"_links":{"self":[{"href":"https:\/\/maratondemendoza.com\/2026\/wp-json\/wp\/v2\/pages\/542","targetHints":{"allow":["GET"]}}],"collection":[{"href":"https:\/\/maratondemendoza.com\/2026\/wp-json\/wp\/v2\/pages"}],"about":[{"href":"https:\/\/maratondemendoza.com\/2026\/wp-json\/wp\/v2\/types\/page"}],"author":[{"embeddable":true,"href":"https:\/\/maratondemendoza.com\/2026\/wp-json\/wp\/v2\/users\/2"}],"replies":[{"embeddable":true,"href":"https:\/\/maratondemendoza.com\/2026\/wp-json\/wp\/v2\/comments?post=542"}],"version-history":[{"count":280,"href":"https:\/\/maratondemendoza.com\/2026\/wp-json\/wp\/v2\/pages\/542\/revisions"}],"predecessor-version":[{"id":2923,"href":"https:\/\/maratondemendoza.com\/2026\/wp-json\/wp\/v2\/pages\/542\/revisions\/2923"}],"wp:attachment":[{"href":"https:\/\/maratondemendoza.com\/2026\/wp-json\/wp\/v2\/media?parent=542"}],"curies":[{"name":"wp","href":"https:\/\/api.w.org\/{rel}","templated":true}]}}